{"id":3297,"date":"2021-06-07T20:44:31","date_gmt":"2021-06-07T20:44:31","guid":{"rendered":"https:\/\/galeria-ipanema.com\/?page_id=3297"},"modified":"2021-06-07T21:04:29","modified_gmt":"2021-06-07T21:04:29","slug":"corpos-o-relicario-de-um-tempo","status":"publish","type":"page","link":"https:\/\/galeria-ipanema.com\/en\/corpos-o-relicario-de-um-tempo\/","title":{"rendered":"Corpos: o relic\u00e1rio de um tempo"},"content":{"rendered":"<p class=\"has-text-align-right wp-block-paragraph\"><em>\u201cMas ele falava do templo do seu corpo.\u201d<\/em> &#8211; <em>Jo\u00e3o 2:21<\/em><\/p>\n\n\n\n<p class=\"wp-block-paragraph\"><strong>Ano da exposi\u00e7\u00e3o: 2021<\/strong><\/p>\n\n\n\n<figure class=\"wp-block-video wp-block-embed is-type-video is-provider-videopress wp-embed-aspect-4-3 wp-has-aspect-ratio\"><div class=\"wp-block-embed__wrapper\">\n<iframe title=\"VideoPress Video Player\" aria-label='VideoPress Video Player' width='525' height='295' src='https:\/\/videopress.com\/embed\/jUGsmhyA?preloadContent=metadata&amp;hd=0&amp;cover=1' frameborder='0' allowfullscreen allow='clipboard-write'><\/iframe><script src='https:\/\/v0.wordpress.com\/js\/next\/videopress-iframe.js?m=1674852142'><\/script>\n<\/div><\/figure>\n\n\n\n<p class=\"wp-block-paragraph\">Um santu\u00e1rio pelo qual materializamos ideias, cren\u00e7as, lutas e movimentos. O corpo como templo, que se transforma, que teme o invis\u00edvel, que transcende barreiras para alcan\u00e7ar o sentido da vida. A materialidade desse corpo, seu significado e presen\u00e7a et\u00e9rea e f\u00edsica, nunca esteve t\u00e3o em voga. Na arte, no entanto, tal discuss\u00e3o sempre esteve presente, a partir das no\u00e7\u00f5es de corpo constru\u00eddo, mas tamb\u00e9m da destrui\u00e7\u00e3o do mesmo. Do ideal de perfei\u00e7\u00e3o e da constitui\u00e7\u00e3o de uma cultura humanista baseada na raz\u00e3o e na ci\u00eancia at\u00e9 a representa\u00e7\u00e3o do corpo divino, como cren\u00e7a e louvor. Tais cria\u00e7\u00f5es e suas dicotomias s\u00e3o o fio-condutor de \u201cCorpos: o relic\u00e1rio de um tempo\u201d, um recorte pelo vasto acervo da Galeria de Arte Ipanema, que celebra seus 55 anos de exist\u00eancia reunindo produ\u00e7\u00f5es que tratam de um tema t\u00e3o intr\u00ednseco da arte quanto atual.&nbsp;<\/p>\n\n\n\n<p class=\"wp-block-paragraph\">O modernismo, cora\u00e7\u00e3o da cole\u00e7\u00e3o, discute com pot\u00eancia tais preceitos. O movimento, que trata da experimenta\u00e7\u00e3o de formas e t\u00e9cnicas como caminho para a liberta\u00e7\u00e3o da cria\u00e7\u00e3o, norteia reflex\u00f5es sobre como retratar tal corpo e suas modifica\u00e7\u00f5es com a industrializa\u00e7\u00e3o e o advento de t\u00e9cnicas distintas de representa\u00e7\u00e3o do humano, como a fotografia. Como s\u00edmbolo da express\u00e3o das diversas camadas da realidade de um tempo est\u00e3o as pinturas de um dos mestres do movimento no Brasil, o carioca Di Cavalcanti. A fus\u00e3o de tra\u00e7os, cores e formas sinuosas exibem o cotidiano de tais corpos em seu mais puro <em>joie de vivre<\/em>, exaltando a cultura e a alegria do nosso povo. Em outra dire\u00e7\u00e3o, as figuras femininas e seus encantos, agora geometrizados, pontuam a exposi\u00e7\u00e3o pelos tra\u00e7os de seu conterr\u00e2neo e contempor\u00e2neo Milton Dacosta tamb\u00e9m produzidas nos anos 60, d\u00e9cada imersa na vis\u00e3o modernista.<\/p>\n\n\n\n<p class=\"wp-block-paragraph\">Caminhando pelo espa\u00e7o entramos em contato com a tridimensionalidade dos corpos conceituais de Waltercio Caldas, linhas, propor\u00e7\u00f5es e plasticidades que nos levam a outros embates art\u00edsticos, como o da linguagem como exerc\u00edcio da arte. A leveza da mat\u00e9ria e do pensamento contempor\u00e2neo sobre o corpo nos faz alcan\u00e7ar tamb\u00e9m outros g\u00eaneros, como as formas cin\u00e9ticas do venezuelano Jes\u00fas&nbsp;Rafael&nbsp;Soto, que brinca com o espa\u00e7o e com a ilus\u00e3o de \u00f3tica que a mat\u00e9ria pode nos proporcionar. Entre os mais recentes talentos que se unem \u00e0 discuss\u00e3o est\u00e3o os tra\u00e7os de Henrique Oliveira e as colagens de Vik Muniz, propiciando um apanhado mais completo da forma que podemos alcan\u00e7ar. Afinal o corpo \u00e9 nosso templo e tudo se desdobra e acaba desaguando nele e por ele.&nbsp;<\/p>\n\n\n\n<p class=\"wp-block-paragraph\">Ana Carolina Ralston \u2013 Curator<\/p>\n\n\n\n<p class=\"wp-block-paragraph\"><em>Servi\u00e7o<\/em>:<\/p>\n\n\n\n<p class=\"wp-block-paragraph\">Data da exposi\u00e7\u00e3o: 08 de junho a 04 de julho de 2021<\/p>\n\n\n\n<h2 class=\"wp-block-heading\"><strong>Photo Gallery:<\/strong><\/h2>\n\n\n\n<div class=\"wp-block-coblocks-gallery-carousel alignfull has-responsive-height\"><div class=\"is-cropped coblocks-gallery has-caption-style-dark has-horizontal-gutter\"><div class=\"has-carousel has-carousel-lrg has-aligned-cells\" data-flickity=\"{&quot;autoPlay&quot;:3000,&quot;draggable&quot;:true,&quot;pageDots&quot;:true,&quot;prevNextButtons&quot;:true,&quot;wrapAround&quot;:true,&quot;cellAlign&quot;:&quot;left&quot;,&quot;pauseAutoPlayOnHover&quot;:true,&quot;freeScroll&quot;:true,&quot;arrowShape&quot;:{&quot;x0&quot;:10,&quot;x1&quot;:60,&quot;y1&quot;:50,&quot;x2&quot;:65,&quot;y2&quot;:45,&quot;x3&quot;:20},&quot;thumbnails&quot;:false,&quot;responsiveHeight&quot;:true}\"><div class=\"coblocks-gallery--item\"><figure class=\"coblocks-gallery--figure has-margin-left-5 has-margin-left-mobile-5 has-margin-right-5 has-margin-right-mobile-5\"><img data-recalc-dims=\"1\" loading=\"lazy\" decoding=\"async\" width=\"525\" height=\"654\" data-attachment-id=\"3303\" data-permalink=\"https:\/\/galeria-ipanema.com\/en\/corpos-o-relicario-de-um-tempo\/di-cavalcanti-cena-da-lapa-ost-82-x-66-cm-1969-1-2-1\/\" data-orig-file=\"https:\/\/i0.wp.com\/galeria-ipanema.com\/wp-content\/uploads\/2021\/06\/Di-Cavalcanti-Cena-da-Lapa-OST-82-x-66-cm-1969-1-2-1.jpg?fit=4407%2C5489&amp;ssl=1\" data-orig-size=\"4407,5489\" data-comments-opened=\"1\" data-image-meta=\"{&quot;aperture&quot;:&quot;9&quot;,&quot;credit&quot;:&quot;&quot;,&quot;camera&quot;:&quot;NIKON D800&quot;,&quot;caption&quot;:&quot;&quot;,&quot;created_timestamp&quot;:&quot;1369394609&quot;,&quot;copyright&quot;:&quot;&quot;,&quot;focal_length&quot;:&quot;60&quot;,&quot;iso&quot;:&quot;100&quot;,&quot;shutter_speed&quot;:&quot;0.008&quot;,&quot;title&quot;:&quot;&quot;,&quot;orientation&quot;:&quot;1&quot;}\" data-image-title=\"Di-Cavalcanti-Cena-da-Lapa-OST-82-x-66-cm-1969-1-2-1\" data-image-description=\"\" data-image-caption=\"\" data-large-file=\"https:\/\/i0.wp.com\/galeria-ipanema.com\/wp-content\/uploads\/2021\/06\/Di-Cavalcanti-Cena-da-Lapa-OST-82-x-66-cm-1969-1-2-1.jpg?fit=525%2C654&amp;ssl=1\" src=\"https:\/\/i0.wp.com\/galeria-ipanema.com\/wp-content\/uploads\/2021\/06\/Di-Cavalcanti-Cena-da-Lapa-OST-82-x-66-cm-1969-1-2-1.jpg?resize=525%2C654&#038;ssl=1\" alt=\"\" data-id=\"3303\" data-link=\"https:\/\/galeria-ipanema.com\/?attachment_id=3303\" class=\"wp-image-3303\" srcset=\"https:\/\/i0.wp.com\/galeria-ipanema.com\/wp-content\/uploads\/2021\/06\/Di-Cavalcanti-Cena-da-Lapa-OST-82-x-66-cm-1969-1-2-1.jpg?resize=822%2C1024&amp;ssl=1 822w, https:\/\/i0.wp.com\/galeria-ipanema.com\/wp-content\/uploads\/2021\/06\/Di-Cavalcanti-Cena-da-Lapa-OST-82-x-66-cm-1969-1-2-1.jpg?resize=241%2C300&amp;ssl=1 241w, https:\/\/i0.wp.com\/galeria-ipanema.com\/wp-content\/uploads\/2021\/06\/Di-Cavalcanti-Cena-da-Lapa-OST-82-x-66-cm-1969-1-2-1.jpg?resize=768%2C957&amp;ssl=1 768w, https:\/\/i0.wp.com\/galeria-ipanema.com\/wp-content\/uploads\/2021\/06\/Di-Cavalcanti-Cena-da-Lapa-OST-82-x-66-cm-1969-1-2-1.jpg?resize=1233%2C1536&amp;ssl=1 1233w, https:\/\/i0.wp.com\/galeria-ipanema.com\/wp-content\/uploads\/2021\/06\/Di-Cavalcanti-Cena-da-Lapa-OST-82-x-66-cm-1969-1-2-1.jpg?resize=1644%2C2048&amp;ssl=1 1644w, https:\/\/i0.wp.com\/galeria-ipanema.com\/wp-content\/uploads\/2021\/06\/Di-Cavalcanti-Cena-da-Lapa-OST-82-x-66-cm-1969-1-2-1.jpg?resize=10%2C12&amp;ssl=1 10w, https:\/\/i0.wp.com\/galeria-ipanema.com\/wp-content\/uploads\/2021\/06\/Di-Cavalcanti-Cena-da-Lapa-OST-82-x-66-cm-1969-1-2-1.jpg?resize=1200%2C1495&amp;ssl=1 1200w, https:\/\/i0.wp.com\/galeria-ipanema.com\/wp-content\/uploads\/2021\/06\/Di-Cavalcanti-Cena-da-Lapa-OST-82-x-66-cm-1969-1-2-1.jpg?w=1050&amp;ssl=1 1050w, https:\/\/i0.wp.com\/galeria-ipanema.com\/wp-content\/uploads\/2021\/06\/Di-Cavalcanti-Cena-da-Lapa-OST-82-x-66-cm-1969-1-2-1.jpg?w=1575&amp;ssl=1 1575w\" sizes=\"auto, (max-width: 706px) 89vw, (max-width: 767px) 82vw, 740px\" \/><\/figure><\/div><div class=\"coblocks-gallery--item\"><figure class=\"coblocks-gallery--figure has-margin-left-5 has-margin-left-mobile-5 has-margin-right-5 has-margin-right-mobile-5\"><img data-recalc-dims=\"1\" loading=\"lazy\" decoding=\"async\" width=\"525\" height=\"569\" data-attachment-id=\"3305\" data-permalink=\"https:\/\/galeria-ipanema.com\/en\/corpos-o-relicario-de-um-tempo\/franz-weissmann-sem-titulo-base-para-mesa-em-aco-corten-75-x-65-x-60-cm-1996\/\" data-orig-file=\"https:\/\/i0.wp.com\/galeria-ipanema.com\/wp-content\/uploads\/2021\/06\/Franz-Weissmann-Sem-Titulo-Base-para-mesa-em-aco-corten-75-x-65-x-60-cm-1996.jpg?fit=815%2C884&amp;ssl=1\" data-orig-size=\"815,884\" data-comments-opened=\"1\" data-image-meta=\"{&quot;aperture&quot;:&quot;0&quot;,&quot;credit&quot;:&quot;&quot;,&quot;camera&quot;:&quot;&quot;,&quot;caption&quot;:&quot;&quot;,&quot;created_timestamp&quot;:&quot;0&quot;,&quot;copyright&quot;:&quot;&quot;,&quot;focal_length&quot;:&quot;0&quot;,&quot;iso&quot;:&quot;0&quot;,&quot;shutter_speed&quot;:&quot;0&quot;,&quot;title&quot;:&quot;&quot;,&quot;orientation&quot;:&quot;1&quot;}\" data-image-title=\"Franz-Weissmann-Sem-Titulo-Base-para-mesa-em-aco-corten-75-x-65-x-60-cm-1996\" data-image-description=\"\" data-image-caption=\"\" data-large-file=\"https:\/\/i0.wp.com\/galeria-ipanema.com\/wp-content\/uploads\/2021\/06\/Franz-Weissmann-Sem-Titulo-Base-para-mesa-em-aco-corten-75-x-65-x-60-cm-1996.jpg?fit=525%2C569&amp;ssl=1\" src=\"https:\/\/i0.wp.com\/galeria-ipanema.com\/wp-content\/uploads\/2021\/06\/Franz-Weissmann-Sem-Titulo-Base-para-mesa-em-aco-corten-75-x-65-x-60-cm-1996.jpg?resize=525%2C569&#038;ssl=1\" alt=\"\" data-id=\"3305\" data-link=\"https:\/\/galeria-ipanema.com\/?attachment_id=3305\" class=\"wp-image-3305\" srcset=\"https:\/\/i0.wp.com\/galeria-ipanema.com\/wp-content\/uploads\/2021\/06\/Franz-Weissmann-Sem-Titulo-Base-para-mesa-em-aco-corten-75-x-65-x-60-cm-1996.jpg?w=815&amp;ssl=1 815w, https:\/\/i0.wp.com\/galeria-ipanema.com\/wp-content\/uploads\/2021\/06\/Franz-Weissmann-Sem-Titulo-Base-para-mesa-em-aco-corten-75-x-65-x-60-cm-1996.jpg?resize=277%2C300&amp;ssl=1 277w, https:\/\/i0.wp.com\/galeria-ipanema.com\/wp-content\/uploads\/2021\/06\/Franz-Weissmann-Sem-Titulo-Base-para-mesa-em-aco-corten-75-x-65-x-60-cm-1996.jpg?resize=768%2C833&amp;ssl=1 768w, https:\/\/i0.wp.com\/galeria-ipanema.com\/wp-content\/uploads\/2021\/06\/Franz-Weissmann-Sem-Titulo-Base-para-mesa-em-aco-corten-75-x-65-x-60-cm-1996.jpg?resize=11%2C12&amp;ssl=1 11w\" sizes=\"auto, (max-width: 706px) 89vw, (max-width: 767px) 82vw, 740px\" \/><\/figure><\/div><div class=\"coblocks-gallery--item\"><figure class=\"coblocks-gallery--figure has-margin-left-5 has-margin-left-mobile-5 has-margin-right-5 has-margin-right-mobile-5\"><img data-recalc-dims=\"1\" loading=\"lazy\" decoding=\"async\" width=\"525\" height=\"461\" data-attachment-id=\"3306\" data-permalink=\"https:\/\/galeria-ipanema.com\/en\/corpos-o-relicario-de-um-tempo\/gabriela-machado-serie-cascas-c-43-oleo-sobre-tela-220-x-195cm-2006-1y\/\" data-orig-file=\"https:\/\/i0.wp.com\/galeria-ipanema.com\/wp-content\/uploads\/2021\/06\/Gabriela-Machado-Serie-Cascas-C-43-Oleo-sobre-tela-220-x-195cm-2006.1y.jpg?fit=4938%2C4338&amp;ssl=1\" data-orig-size=\"4938,4338\" data-comments-opened=\"1\" data-image-meta=\"{&quot;aperture&quot;:&quot;14&quot;,&quot;credit&quot;:&quot;&quot;,&quot;camera&quot;:&quot;NIKON D800&quot;,&quot;caption&quot;:&quot;&quot;,&quot;created_timestamp&quot;:&quot;1377176275&quot;,&quot;copyright&quot;:&quot;&quot;,&quot;focal_length&quot;:&quot;60&quot;,&quot;iso&quot;:&quot;100&quot;,&quot;shutter_speed&quot;:&quot;0.008&quot;,&quot;title&quot;:&quot;&quot;,&quot;orientation&quot;:&quot;1&quot;}\" data-image-title=\"Gabriela-Machado-Serie-Cascas-C-43-Oleo-sobre-tela-220-x-195cm-2006.1y\" data-image-description=\"\" data-image-caption=\"\" data-large-file=\"https:\/\/i0.wp.com\/galeria-ipanema.com\/wp-content\/uploads\/2021\/06\/Gabriela-Machado-Serie-Cascas-C-43-Oleo-sobre-tela-220-x-195cm-2006.1y.jpg?fit=525%2C461&amp;ssl=1\" src=\"https:\/\/i0.wp.com\/galeria-ipanema.com\/wp-content\/uploads\/2021\/06\/Gabriela-Machado-Serie-Cascas-C-43-Oleo-sobre-tela-220-x-195cm-2006.1y.jpg?resize=525%2C461&#038;ssl=1\" alt=\"\" data-id=\"3306\" data-link=\"https:\/\/galeria-ipanema.com\/?attachment_id=3306\" class=\"wp-image-3306\" srcset=\"https:\/\/i0.wp.com\/galeria-ipanema.com\/wp-content\/uploads\/2021\/06\/Gabriela-Machado-Serie-Cascas-C-43-Oleo-sobre-tela-220-x-195cm-2006.1y.jpg?resize=1024%2C900&amp;ssl=1 1024w, https:\/\/i0.wp.com\/galeria-ipanema.com\/wp-content\/uploads\/2021\/06\/Gabriela-Machado-Serie-Cascas-C-43-Oleo-sobre-tela-220-x-195cm-2006.1y.jpg?resize=300%2C264&amp;ssl=1 300w, https:\/\/i0.wp.com\/galeria-ipanema.com\/wp-content\/uploads\/2021\/06\/Gabriela-Machado-Serie-Cascas-C-43-Oleo-sobre-tela-220-x-195cm-2006.1y.jpg?resize=768%2C675&amp;ssl=1 768w, https:\/\/i0.wp.com\/galeria-ipanema.com\/wp-content\/uploads\/2021\/06\/Gabriela-Machado-Serie-Cascas-C-43-Oleo-sobre-tela-220-x-195cm-2006.1y.jpg?resize=1536%2C1349&amp;ssl=1 1536w, https:\/\/i0.wp.com\/galeria-ipanema.com\/wp-content\/uploads\/2021\/06\/Gabriela-Machado-Serie-Cascas-C-43-Oleo-sobre-tela-220-x-195cm-2006.1y.jpg?resize=2048%2C1799&amp;ssl=1 2048w, https:\/\/i0.wp.com\/galeria-ipanema.com\/wp-content\/uploads\/2021\/06\/Gabriela-Machado-Serie-Cascas-C-43-Oleo-sobre-tela-220-x-195cm-2006.1y.jpg?resize=14%2C12&amp;ssl=1 14w, https:\/\/i0.wp.com\/galeria-ipanema.com\/wp-content\/uploads\/2021\/06\/Gabriela-Machado-Serie-Cascas-C-43-Oleo-sobre-tela-220-x-195cm-2006.1y.jpg?resize=1200%2C1054&amp;ssl=1 1200w\" sizes=\"auto, (max-width: 706px) 89vw, (max-width: 767px) 82vw, 740px\" \/><\/figure><\/div><div class=\"coblocks-gallery--item\"><figure class=\"coblocks-gallery--figure has-margin-left-5 has-margin-left-mobile-5 has-margin-right-5 has-margin-right-mobile-5\"><img data-recalc-dims=\"1\" loading=\"lazy\" decoding=\"async\" width=\"525\" height=\"454\" data-attachment-id=\"3307\" data-permalink=\"https:\/\/galeria-ipanema.com\/en\/corpos-o-relicario-de-um-tempo\/soto-jesus-circulo-violeta-madeira-pintada-metal-e-nylon-87-x-87-cm-1988-1jpg\/\" data-orig-file=\"https:\/\/i0.wp.com\/galeria-ipanema.com\/wp-content\/uploads\/2021\/06\/Soto-Jesus-Circulo-Violeta-madeira-pintada-metal-e-nylon-87-x-87-cm-1988.1jpg.jpg?fit=760%2C657&amp;ssl=1\" data-orig-size=\"760,657\" data-comments-opened=\"1\" data-image-meta=\"{&quot;aperture&quot;:&quot;16&quot;,&quot;credit&quot;:&quot;&quot;,&quot;camera&quot;:&quot;NIKON D300&quot;,&quot;caption&quot;:&quot;&quot;,&quot;created_timestamp&quot;:&quot;1218447515&quot;,&quot;copyright&quot;:&quot;&quot;,&quot;focal_length&quot;:&quot;60&quot;,&quot;iso&quot;:&quot;200&quot;,&quot;shutter_speed&quot;:&quot;0.008&quot;,&quot;title&quot;:&quot;&quot;,&quot;orientation&quot;:&quot;1&quot;}\" data-image-title=\"Soto-Jesus-Circulo-Violeta-madeira-pintada-metal-e-nylon-87-x-87-cm-1988.1jpg\" data-image-description=\"\" data-image-caption=\"\" data-large-file=\"https:\/\/i0.wp.com\/galeria-ipanema.com\/wp-content\/uploads\/2021\/06\/Soto-Jesus-Circulo-Violeta-madeira-pintada-metal-e-nylon-87-x-87-cm-1988.1jpg.jpg?fit=525%2C454&amp;ssl=1\" src=\"https:\/\/i0.wp.com\/galeria-ipanema.com\/wp-content\/uploads\/2021\/06\/Soto-Jesus-Circulo-Violeta-madeira-pintada-metal-e-nylon-87-x-87-cm-1988.1jpg.jpg?resize=525%2C454&#038;ssl=1\" alt=\"\" data-id=\"3307\" data-link=\"https:\/\/galeria-ipanema.com\/?attachment_id=3307\" class=\"wp-image-3307\" srcset=\"https:\/\/i0.wp.com\/galeria-ipanema.com\/wp-content\/uploads\/2021\/06\/Soto-Jesus-Circulo-Violeta-madeira-pintada-metal-e-nylon-87-x-87-cm-1988.1jpg.jpg?w=760&amp;ssl=1 760w, https:\/\/i0.wp.com\/galeria-ipanema.com\/wp-content\/uploads\/2021\/06\/Soto-Jesus-Circulo-Violeta-madeira-pintada-metal-e-nylon-87-x-87-cm-1988.1jpg.jpg?resize=300%2C259&amp;ssl=1 300w, https:\/\/i0.wp.com\/galeria-ipanema.com\/wp-content\/uploads\/2021\/06\/Soto-Jesus-Circulo-Violeta-madeira-pintada-metal-e-nylon-87-x-87-cm-1988.1jpg.jpg?resize=14%2C12&amp;ssl=1 14w\" sizes=\"auto, (max-width: 706px) 89vw, (max-width: 767px) 82vw, 740px\" \/><\/figure><\/div><\/div><\/div><\/div>","protected":false},"excerpt":{"rendered":"<p>\u201cMas ele falava do templo do seu corpo.\u201d &#8211; Jo\u00e3o 2:21 Ano da exposi\u00e7\u00e3o: 2021 Um santu\u00e1rio pelo qual materializamos ideias, cren\u00e7as, lutas e movimentos. O corpo como templo, que se transforma, que teme o invis\u00edvel, que transcende barreiras para alcan\u00e7ar o sentido da vida. A materialidade desse corpo, seu significado e presen\u00e7a et\u00e9rea e &hellip; <\/p>\n<p class=\"link-more\"><a href=\"https:\/\/galeria-ipanema.com\/en\/corpos-o-relicario-de-um-tempo\/\" class=\"more-link\">Continue reading<span class=\"screen-reader-text\"> &#8220;Corpos: o relic\u00e1rio de um tempo&#8221;<\/span><\/a><\/p>","protected":false},"author":178370742,"featured_media":0,"parent":0,"menu_order":0,"comment_status":"closed","ping_status":"closed","template":"","meta":{"_coblocks_attr":"","_coblocks_dimensions":"","_coblocks_responsive_height":"","_coblocks_accordion_ie_support":"","advanced_seo_description":"","jetpack_seo_html_title":"","jetpack_seo_noindex":false,"jetpack_seo_schema_type":"","_wpcom_ai_launchpad_about_page":false,"_wpcom_ai_launchpad_gallery_page":false,"_wpcom_ai_launchpad_contact_page":false,"_wpcom_ai_launchpad_events_page":false,"_wpcom_ai_launchpad_video_page":false,"_wpcom_ai_launchpad_portfolio_piece":false,"footnotes":""},"class_list":["post-3297","page","type-page","status-publish","hentry"],"jetpack_likes_enabled":false,"jetpack_sharing_enabled":false,"jetpack_shortlink":"https:\/\/wp.me\/PbBA92-Rb","amp_enabled":true,"_links":{"self":[{"href":"https:\/\/galeria-ipanema.com\/en\/wp-json\/wp\/v2\/pages\/3297","targetHints":{"allow":["GET"]}}],"collection":[{"href":"https:\/\/galeria-ipanema.com\/en\/wp-json\/wp\/v2\/pages"}],"about":[{"href":"https:\/\/galeria-ipanema.com\/en\/wp-json\/wp\/v2\/types\/page"}],"author":[{"embeddable":true,"href":"https:\/\/galeria-ipanema.com\/en\/wp-json\/wp\/v2\/users\/178370742"}],"replies":[{"embeddable":true,"href":"https:\/\/galeria-ipanema.com\/en\/wp-json\/wp\/v2\/comments?post=3297"}],"version-history":[{"count":10,"href":"https:\/\/galeria-ipanema.com\/en\/wp-json\/wp\/v2\/pages\/3297\/revisions"}],"predecessor-version":[{"id":3320,"href":"https:\/\/galeria-ipanema.com\/en\/wp-json\/wp\/v2\/pages\/3297\/revisions\/3320"}],"wp:attachment":[{"href":"https:\/\/galeria-ipanema.com\/en\/wp-json\/wp\/v2\/media?parent=3297"}],"curies":[{"name":"wp","href":"https:\/\/api.w.org\/{rel}","templated":true}]}}