{"id":2033,"date":"2020-02-28T16:44:39","date_gmt":"2020-02-28T16:44:39","guid":{"rendered":"https:\/\/galeria-ipanema.com\/?page_id=2033"},"modified":"2020-02-28T16:44:39","modified_gmt":"2020-02-28T16:44:39","slug":"luis-tomasello","status":"publish","type":"page","link":"https:\/\/galeria-ipanema.com\/en\/luis-tomasello\/","title":{"rendered":"Luis Tomasello"},"content":{"rendered":"\n<figure class=\"wp-block-image size-large\"><img data-recalc-dims=\"1\" loading=\"lazy\" decoding=\"async\" width=\"380\" height=\"393\" data-attachment-id=\"2036\" data-permalink=\"https:\/\/galeria-ipanema.com\/en\/luis-tomasello\/luis-tomasello\/\" data-orig-file=\"https:\/\/i0.wp.com\/galeria-ipanema.com\/wp-content\/uploads\/2020\/02\/luis-tomasello.jpg?fit=380%2C393&amp;ssl=1\" data-orig-size=\"380,393\" data-comments-opened=\"1\" data-image-meta=\"{&quot;aperture&quot;:&quot;0&quot;,&quot;credit&quot;:&quot;&quot;,&quot;camera&quot;:&quot;&quot;,&quot;caption&quot;:&quot;&quot;,&quot;created_timestamp&quot;:&quot;0&quot;,&quot;copyright&quot;:&quot;&quot;,&quot;focal_length&quot;:&quot;0&quot;,&quot;iso&quot;:&quot;0&quot;,&quot;shutter_speed&quot;:&quot;0&quot;,&quot;title&quot;:&quot;&quot;,&quot;orientation&quot;:&quot;0&quot;}\" data-image-title=\"luis-tomasello\" data-image-description=\"\" data-image-caption=\"\" data-large-file=\"https:\/\/i0.wp.com\/galeria-ipanema.com\/wp-content\/uploads\/2020\/02\/luis-tomasello.jpg?fit=380%2C393&amp;ssl=1\" src=\"https:\/\/i0.wp.com\/galeria-ipanema.com\/wp-content\/uploads\/2020\/02\/luis-tomasello.jpg?resize=380%2C393&#038;ssl=1\" alt=\"\" class=\"wp-image-2036\" srcset=\"https:\/\/i0.wp.com\/galeria-ipanema.com\/wp-content\/uploads\/2020\/02\/luis-tomasello.jpg?w=380&amp;ssl=1 380w, https:\/\/i0.wp.com\/galeria-ipanema.com\/wp-content\/uploads\/2020\/02\/luis-tomasello.jpg?resize=290%2C300&amp;ssl=1 290w\" sizes=\"auto, (max-width: 380px) 100vw, 380px\" \/><\/figure>\n\n\n\n<h2 class=\"wp-block-heading\"><strong>BIOGRAFIA<\/strong><\/h2>\n\n\n\n<p class=\"wp-block-paragraph\">Tomasello estudou na Academia de Belas Artes de Buenos Aires, e come\u00e7ou como um artista concreto, olhando para Mondrian como inspira\u00e7\u00e3o. Foi depois de se instalar em Paris, em 1957, no entanto, que ele come\u00e7ou a trabalhar em relevo, afastando-se a natureza linear da abstra\u00e7\u00e3o geom\u00e9trica, direcionando o seu interesse de forma e cor efeitos: &#8220;Eu fui para o al\u00edvio como uma experi\u00eancia e, nesse processo, descobri o maravilhoso mundo da luz. A reflex\u00e3o de cor na superf\u00edcie me fascinou e que \u00e9 o que eu tenho trabalhado a partir desse momento. &#8220;(Uma conversa com Joseph Francesca Bellini, Revista Literal, Outono de 2009). Tomasello \u00e9 mais famoso por sua atmosfera Chromoplastique obras, onde os cubos brancos com undersides pintadas est\u00e3o dispostos em diferentes \u00e2ngulos sobre uma superf\u00edcie branca. Isso resulta em reflexos sutis de cor clara, e uma sensa\u00e7\u00e3o \u00f3ptica de movimento. Ele consegue colocar a t\u00f4nica sobre os reflexos coloridos, e limitar o aspecto geom\u00e9trico da introdu\u00e7\u00e3o de formas simplificadas. Foi uma decis\u00e3o do Tomasello passar da pintura \u00e0 escultura que lhe permitiu superar o aspecto linear de abstra\u00e7\u00e3o, e o foco na forma e efeitos de cor. Mais tarde em sua carreira, isso permitiu aplica\u00e7\u00f5es ambientais e arquitet\u00f4nicas para o seu trabalho.<\/p>\n\n\n\n<h2 class=\"wp-block-heading\"><strong>NASCIMENTO<\/strong><\/h2>\n\n\n\n<p class=\"wp-block-paragraph\">1915 &#8211; La Plata &#8211; Argentina<\/p>\n\n\n\n<div class=\"wp-block-jetpack-slideshow aligncenter\" data-effect=\"slide\"><div class=\"wp-block-jetpack-slideshow_container swiper-container\"><ul class=\"wp-block-jetpack-slideshow_swiper-wrapper swiper-wrapper\"><li class=\"wp-block-jetpack-slideshow_slide swiper-slide\"><figure><img data-recalc-dims=\"1\" loading=\"lazy\" decoding=\"async\" width=\"525\" height=\"248\" alt=\"\" class=\"wp-block-jetpack-slideshow_image wp-image-2034\" data-id=\"2034\" src=\"https:\/\/i0.wp.com\/galeria-ipanema.com\/wp-content\/uploads\/2020\/02\/luistomasello-1.jpg?resize=525%2C248&#038;ssl=1\" srcset=\"https:\/\/i0.wp.com\/galeria-ipanema.com\/wp-content\/uploads\/2020\/02\/luistomasello-1.jpg?w=745&amp;ssl=1 745w, https:\/\/i0.wp.com\/galeria-ipanema.com\/wp-content\/uploads\/2020\/02\/luistomasello-1.jpg?resize=300%2C142&amp;ssl=1 300w\" sizes=\"(max-width: 706px) 89vw, (max-width: 767px) 82vw, 740px\" \/><\/figure><\/li><li class=\"wp-block-jetpack-slideshow_slide swiper-slide\"><figure><img data-recalc-dims=\"1\" loading=\"lazy\" decoding=\"async\" width=\"525\" height=\"248\" alt=\"\" class=\"wp-block-jetpack-slideshow_image wp-image-2035\" data-id=\"2035\" src=\"https:\/\/i0.wp.com\/galeria-ipanema.com\/wp-content\/uploads\/2020\/02\/luistomasello-2.jpg?resize=525%2C248&#038;ssl=1\" srcset=\"https:\/\/i0.wp.com\/galeria-ipanema.com\/wp-content\/uploads\/2020\/02\/luistomasello-2.jpg?w=745&amp;ssl=1 745w, https:\/\/i0.wp.com\/galeria-ipanema.com\/wp-content\/uploads\/2020\/02\/luistomasello-2.jpg?resize=300%2C142&amp;ssl=1 300w\" sizes=\"(max-width: 706px) 89vw, (max-width: 767px) 82vw, 740px\" \/><\/figure><\/li><\/ul><a class=\"wp-block-jetpack-slideshow_button-prev swiper-button-prev swiper-button-white\" role=\"button\"><\/a><a class=\"wp-block-jetpack-slideshow_button-next swiper-button-next swiper-button-white\" role=\"button\"><\/a><a aria-label=\"Pause Slideshow\" class=\"wp-block-jetpack-slideshow_button-pause\" role=\"button\"><\/a><div class=\"wp-block-jetpack-slideshow_pagination swiper-pagination swiper-pagination-white\"><\/div><\/div><\/div>\n\n\n\n<h2 class=\"wp-block-heading\"><strong>EXPOSI\u00c7\u00d5ES INDIVIDUAI<a href=\"javascript:;\">S<\/a><\/strong><\/h2>\n\n\n\n<ul class=\"wp-block-list\"><li>1962 &#8211; Denise Rene Gallery, Paris, France<\/li><li>1962 &#8211; Fine Arts Museum Buenos Aires, Argentina<\/li><li>1966 &#8211; Denise Rene Gallery, Paris, France<\/li><li>1971 &#8211; Denise Rene Gallery\u00e2\ufffd\u201eHans Meyer, Dusseldorf, Allemagne Cortile Gallery, Rome, Italy<\/li><li>1972 &#8211; Retrospective (1957-1972) Museum of Fine Arts, Pau, France<\/li><li>1972 &#8211; Denise Rene Gallery, Paris, France<\/li><li>1973 &#8211; Francois Mayer Gallery, Bruxelles, Belgique<\/li><li>1973 &#8211; Denise Rene Gallery, New York, New York<\/li><li>1976 &#8211; Master Mateo Gallery, La Corogne, Spain<\/li><li>1976 &#8211; Modern Art Museum of La Ville de Paris, France Art Gallery, Les Ateliers du Grand-Hornu, Hornu, Belgium<\/li><li>1977 &#8211; Cesarea Gallery, Genes, Italy<\/li><li>1977 &#8211; Vismara Gallery, Milan, Italy<\/li><li>1978 &#8211; Latzer Gallery, Kreuzlingen, Suitzerland<\/li><li>1979 &#8211; Interqua Gallery, Roermond, Holland<\/li><li>1979 &#8211; Nouvelles Images Gallery, La Haye, Holland<\/li><li>1979 &#8211; Edurne Gallery, Perdraza, Spain<\/li><li>1980 &#8211; Christel Gallery, Stockholm, Sweden<\/li><li>1981 &#8211; Reatu Museum, Arles, France<\/li><li>1981 &#8211; di Teana et Tomasello, Latin American Space, Paris, France<\/li><li>1983 &#8211; Maximilien Guilo Gallery, Paris, France<\/li><li>1985 &#8211; Spanish Museum of Contemporary Art, Madrid, Spain<\/li><li>1985 &#8211; Retrospective Migrant (1957-1984) Parpallo Hall, Valencia, Spain<\/li><li>1986 &#8211; Municipal de Exposiciones Kiosco Alfonso, La Croogne, Spain; Museo de Bellas Artes, Pamplona, Spain<\/li><li>1986 &#8211; Retrospective Migrant (1957-1984)<\/li><li>1987 &#8211; Galerie Simone Signoret, Villefontaine, France.<\/li><li>1987 &#8211; La Galeria,Quito, Equator<\/li><li>1988 &#8211; Galerie Carlhian, Paris, France.<\/li><li>1989 &#8211; Galerie, Casa Gernando Gordillo, Managua, Nicar\u00e1gua.<\/li><li>1989 &#8211; Casa de las Americas, Havana, Cuba.<\/li><li>1990 &#8211; Galerie Schoeller, D\u00fcsseldorf, Germany.<\/li><li>1990 &#8211; Galerie Carlhian, Paris, France.<\/li><li>1997 &#8211; Retrospective, Centre Culturel Borges, Hommage a Julio Cortazar, Buenos Aires, Argentina.<\/li><li>2001 &#8211; Galerie Schoeller, D\u00fcsseldorf, Germany.<\/li><li>2001 &#8211; Galerie Lavignes-Bastille, Paris, France.<\/li><li>2002 &#8211; Museo de Bellas Artes, Buenos Aires, Argentina.<\/li><li>2003 &#8211; Museo Neuquen, Neuquen, Argentina.<\/li><li>2004 &#8211; Museo de Arte Contemporaneo Latinoamericano MACLA, La Plata, Argentina.<\/li><li>2005 &#8211; Sicardi Gallery, Houston, Texas.<\/li><li>2007 &#8211; Academia Nacional de Belas-Artes, Buenos Aires, Argentina.<\/li><li>2007 &#8211; Funda\u00e7\u00e3o Federico Klemm, Buenos Aires, Argentina.<\/li><li>2007 &#8211; Sicardi Gallery, em Houston, Texas.<\/li><li>2009 &#8211; &#8220;Muestra Antologica&#8221;, Centro Cultural Recoleta, Buenos Aires, Argentina \u201cTrabalhos Recentes&#8221;, Galeria Sicardi Houston, Texas E.U.A.<\/li><\/ul>\n\n\n\n<h2 class=\"wp-block-heading\"><strong>EXPOSI\u00c7\u00d5ES COLETIVAS<\/strong><\/h2>\n\n\n\n<ul class=\"wp-block-list\"><li>1988 &#8211; &#8220;Presencia internacional,&#8221; Theo Galley, Madrid, Spain.<\/li><li>1988 &#8211; &#8220;20 ans d&#8217;Art dans la ville,&#8221; Citry-sur-Seine, France.<\/li><li>1988 &#8211; &#8220;L\u00ef\u00bf\u00bdArt pour la Vie, Institut Curie, Paris, France.<\/li><li>1988 &#8211; &#8220;L&#8217;Art contemporain,&#8221; ADCA, Paris, France.<\/li><li>1988 &#8211; &#8220;Hommage aux Petits-Formats n 2,&#8221; Carlhain Gallery, Paris, France.<\/li><li>1989 &#8211; &#8220;Aventure dans l&#8217;Art,&#8221; Peter Stuyvesant Foundation, Chateau Medoc, France.<\/li><li>1989 &#8211; &#8220;Art Construit. Lumiere. Mouvement,&#8221; Galerie de la Defense, Art4, presented for Denise Rene Gallery, Paris, France.<\/li><li>1989 &#8211; &#8220;Bleu-Blans-Rouge,&#8221; Carlhein Gallery, Paris, France.<\/li><li>1990 &#8211; &#8220;150 anniversaire de la naissance de Claude Monet,&#8221; 50 Contemporary Painters, Argenteuil, France.<\/li><li>1990 &#8211; &#8220;90 Anos. Una selecion de pintura argentina&#8221; Patio Bullrich, Buenos Aires Argentina.<\/li><li>1992 &#8211; UAPA. Live Art Gallery, Paris, France.<\/li><li>1996 &#8211; &#8220;Hommage a Marcel Cahn,&#8221; Faisant Gallery, Strasbourg, France.<\/li><li>1997 &#8211; &#8220;Veinte anos,&#8221; The Gallery, Quito, Equador.<\/li><li>1999 &#8211; Latin American Contemporary Museum, M.A.C.L.A., La Plata, Argentina.<\/li><li>2000 &#8211; &#8220;Le mouvement et la lumiere&#8221;, Denise Rene Gallery, Cambrai Museum, France.<\/li><li>2003 &#8211; Treffpunkt Kunst, Sarlouis, Germany.<\/li><li>2005 &#8211; Art Basel Miami Beach 2005, Sicardi Gallery, Miami Beach, FL.<\/li><li>2005 &#8211; Inaugural exhibition, MAC\/VAL Mus\u00ef\u00bf\u00bde d\u00ef\u00bf\u00bdArt Contemporain du Val-de-Marne, Vitry-sur-Seine, France.<\/li><li>2006 &#8211; Arte Galeria, arteBA2006, La Rural, Buenos Aires, Argentina. MACLA &#8211; Museo de Arte Contempor\u00ef\u00bf\u00bdeo Latinoamericano, Expotrastiendas, Buenos Aires, Argentina. &#8220;Geometrie en liberty, Galerie Lelia Mordoch, Paris, France. &#8220;El Colectivo et ses voyageurs invit\u00ef\u00bf\u00bd,&#8221; Fondation Argentine, Paris, France.<\/li><li>2007 &#8211; &#8220;Paris du monde entier&#8221; (Artistes letrangers a Paris dans la collection du Centre Georges Pompidou, 1900-2005), National Art Center, Tokyo, Japan.<\/li><li>2007 &#8211; &#8220;30E Anniversaire du Centre National d&#8217;Art et de Culture Georges Pompidou,&#8221; Musee National d&#8217;Art Moderne, Centre Georges Pompidou, Paris, France.<\/li><li>2007 &#8211; &#8220;Optic Nerve: Perceptual Art of the 1960s,&#8221; Columbus Museum of Art, Columbus, Ohio, U.S.A.<\/li><li>2007 &#8211; &#8220;Op Art,&#8221; Schirn Kunsthalle, Frankfurt, Germany.<\/li><li>2007 &#8211; &#8220;Dialogue Cinetique,&#8221; Espace Meyer-Zafra, Paris, France.<\/li><li>2007 &#8211; &#8220;Lo[s] Cinetico[s],&#8221; Museo Nacional Centro de Arte Reina Sofia, Madrid, Spain.<\/li><li>2007 &#8211; &#8220;After Image: Op Art of the 1960&#8217;s,&#8221; Jacobson Howard Gallery, New York, New York, U.S.A.<\/li><li>2008 &#8211; Jubil\u00e4umsausstellung: 20 Jahre Galerie Suciu &#8211; Galerie Emilia Suciu &#8211; konstruktiv-konkrete Kunst, Ettlingen<\/li><li>2008 &#8211; Latitudes: maestros latinoamericanos en la colecci\u00f3n FEMSA &#8211; Museo Nacional de Bellas Artes &#8211; MNBA, Buenos Aires<\/li><li>2008 &#8211; Bildertausch 3 &#8211; Neupr\u00e4sentation der Sammlung Marli Hoppe-Ritter &#8211; Museum Ritter, Waldenbuch<\/li><li>2009 &#8211; EXPLORANDO EL SUR &#8211; El universalismo constructivo y otras tendencias en Am\u00e9rica Latina &#8211; Museo Extreme\u00f1o e Iberoamericano de Arte Contempor\u00e1neo MEIAC, Badajoz<\/li><li>2009 &#8211; Latitudes: Mestres Latino-americanos na Cole\u00e7\u00e3o FEMSA &#8211; Instituto Tomie Ohtake, S\u00e3o Paulo<\/li><li>2009 &#8211; Carlos Cruz-Diez, Luis Tomasello, Thomas Glassford and Gabriel de la Mora &#8211; Sicardi Gallery, Houston, TX<\/li><li>2010 &#8211; Galerie emilia suciu. geometrisch &#8211; abstrakt &#8211; kinetisch &#8211; Kunstverein Speyer, Kulturhof Flachsgasse, Speyer<\/li><\/ul>\n","protected":false},"excerpt":{"rendered":"<p>BIOGRAFIA Tomasello estudou na Academia de Belas Artes de Buenos Aires, e come\u00e7ou como um artista concreto, olhando para Mondrian como inspira\u00e7\u00e3o. Foi depois de se instalar em Paris, em 1957, no entanto, que ele come\u00e7ou a trabalhar em relevo, afastando-se a natureza linear da abstra\u00e7\u00e3o geom\u00e9trica, direcionando o seu interesse de forma e cor &hellip; <\/p>\n<p class=\"link-more\"><a href=\"https:\/\/galeria-ipanema.com\/en\/luis-tomasello\/\" class=\"more-link\">Continue reading<span class=\"screen-reader-text\"> &#8220;Luis Tomasello&#8221;<\/span><\/a><\/p>","protected":false},"author":178370742,"featured_media":0,"parent":0,"menu_order":0,"comment_status":"closed","ping_status":"closed","template":"","meta":{"_coblocks_attr":"","_coblocks_dimensions":"","_coblocks_responsive_height":"","_coblocks_accordion_ie_support":"","advanced_seo_description":"","jetpack_seo_html_title":"","jetpack_seo_noindex":false,"jetpack_seo_schema_type":"","_wpcom_ai_launchpad_about_page":false,"_wpcom_ai_launchpad_gallery_page":false,"_wpcom_ai_launchpad_contact_page":false,"_wpcom_ai_launchpad_events_page":false,"_wpcom_ai_launchpad_video_page":false,"_wpcom_ai_launchpad_portfolio_piece":false,"footnotes":""},"class_list":["post-2033","page","type-page","status-publish","hentry"],"jetpack_likes_enabled":false,"jetpack_sharing_enabled":false,"jetpack_shortlink":"https:\/\/wp.me\/PbBA92-wN","amp_enabled":true,"_links":{"self":[{"href":"https:\/\/galeria-ipanema.com\/en\/wp-json\/wp\/v2\/pages\/2033","targetHints":{"allow":["GET"]}}],"collection":[{"href":"https:\/\/galeria-ipanema.com\/en\/wp-json\/wp\/v2\/pages"}],"about":[{"href":"https:\/\/galeria-ipanema.com\/en\/wp-json\/wp\/v2\/types\/page"}],"author":[{"embeddable":true,"href":"https:\/\/galeria-ipanema.com\/en\/wp-json\/wp\/v2\/users\/178370742"}],"replies":[{"embeddable":true,"href":"https:\/\/galeria-ipanema.com\/en\/wp-json\/wp\/v2\/comments?post=2033"}],"version-history":[{"count":1,"href":"https:\/\/galeria-ipanema.com\/en\/wp-json\/wp\/v2\/pages\/2033\/revisions"}],"predecessor-version":[{"id":2037,"href":"https:\/\/galeria-ipanema.com\/en\/wp-json\/wp\/v2\/pages\/2033\/revisions\/2037"}],"wp:attachment":[{"href":"https:\/\/galeria-ipanema.com\/en\/wp-json\/wp\/v2\/media?parent=2033"}],"curies":[{"name":"wp","href":"https:\/\/api.w.org\/{rel}","templated":true}]}}