{"id":2009,"date":"2020-02-28T15:23:20","date_gmt":"2020-02-28T15:23:20","guid":{"rendered":"https:\/\/galeria-ipanema.com\/?page_id=2009"},"modified":"2020-02-28T15:23:20","modified_gmt":"2020-02-28T15:23:20","slug":"jorge-guinle","status":"publish","type":"page","link":"https:\/\/galeria-ipanema.com\/en\/jorge-guinle\/","title":{"rendered":"Jorge Guinle"},"content":{"rendered":"<figure class=\"wp-block-image size-large is-resized\"><img data-recalc-dims=\"1\" loading=\"lazy\" decoding=\"async\" data-attachment-id=\"2013\" data-permalink=\"https:\/\/galeria-ipanema.com\/en\/jorge-guinle\/jorge-guinle\/\" data-orig-file=\"https:\/\/i0.wp.com\/galeria-ipanema.com\/wp-content\/uploads\/2020\/02\/jorge-guinle.jpg?fit=166%2C142&amp;ssl=1\" data-orig-size=\"166,142\" data-comments-opened=\"1\" data-image-meta=\"{&quot;aperture&quot;:&quot;0&quot;,&quot;credit&quot;:&quot;&quot;,&quot;camera&quot;:&quot;&quot;,&quot;caption&quot;:&quot;&quot;,&quot;created_timestamp&quot;:&quot;0&quot;,&quot;copyright&quot;:&quot;&quot;,&quot;focal_length&quot;:&quot;0&quot;,&quot;iso&quot;:&quot;0&quot;,&quot;shutter_speed&quot;:&quot;0&quot;,&quot;title&quot;:&quot;&quot;,&quot;orientation&quot;:&quot;0&quot;}\" data-image-title=\"jorge-guinle\" data-image-description=\"\" data-image-caption=\"\" data-large-file=\"https:\/\/i0.wp.com\/galeria-ipanema.com\/wp-content\/uploads\/2020\/02\/jorge-guinle.jpg?fit=166%2C142&amp;ssl=1\" src=\"https:\/\/i0.wp.com\/galeria-ipanema.com\/wp-content\/uploads\/2020\/02\/jorge-guinle.jpg?resize=278%2C238&#038;ssl=1\" alt=\"\" class=\"wp-image-2013\" width=\"278\" height=\"238\"\/><\/figure>\n\n\n\n<h2 class=\"wp-block-heading\"><strong>BIOGRAFIA<\/strong><\/h2>\n\n\n\n<p class=\"wp-block-paragraph\">Jorge Guinle Filho (Nova York, Estados Unidos 1947 &#8211; idem 1987). Pintor, desenhista e gravador. Muda-se com a fam\u00edlia para o Brasil ainda no ano de seu nascimento e permanece no Rio de Janeiro at\u00e9 1955. Desse ano at\u00e9 1962, acompanhando a m\u00e3e, mora em Paris e, em seguida, em Nova York, onde reside at\u00e9 1965. Na Fran\u00e7a, em paralelo a sua forma\u00e7\u00e3o regular, inicia, como autodidata, estudos de pintura e freq\u00fcenta museus e galerias de arte, pr\u00e1tica que mant\u00e9m quando se transfere para os Estados Unidos. O contato com obras tanto de mestres da pintura como de artistas contempor\u00e2neos s\u00e3o marcantes em sua forma\u00e7\u00e3o. \u00c9 influenciado, de forma especial, pelas obras do pintor franc\u00eas Henri Matisse (1869 &#8211; 1954) e pela action painting e arte pop norte-americanas. De 1965 a 1974 vive no Rio de Janeiro e passa temporadas em Londres e Paris, cidade para onde retorna nesse \u00faltimo ano e se estabelece por mais tr\u00eas anos. Em 1977, volta a residir no Rio de Janeiro. Seu trabalho ganha repercuss\u00e3o e, na d\u00e9cada de 1980, integra as principais exposi\u00e7\u00f5es de arte do pa\u00eds. A produ\u00e7\u00e3o do artista, concentrada em seus \u00faltimos sete anos de vida, \u00e9 dedicada sobretudo \u00e0 pintura, que chama aten\u00e7\u00e3o pelo vigor e pela intrincada refer\u00eancia que faz aos movimentos art\u00edsticos modernos e contempor\u00e2neos. Jorge Guinle \u00e9 um importante incentivador da revaloriza\u00e7\u00e3o da pintura promovida pelo grupo de jovens artistas conhecido como Gera\u00e7\u00e3o 80. Participa da mostra Como Vai Voc\u00ea, Gera\u00e7\u00e3o 80?, na Escola de Artes Visuais do Parque Lage &#8211; EAV\/Parque Lage, Rio de Janeiro, 1984, escreve um texto para a edi\u00e7\u00e3o especial da revista M\u00f3dulo dedicada a essa mostra, participa de v\u00e1rias exposi\u00e7\u00f5es e eventos realizados por esses artistas e escreve sobre suas obras.<\/p>\n\n\n\n<h2 class=\"wp-block-heading\"><strong>NASCIMENTO \/ MORTE<\/strong><\/h2>\n\n\n\n<p class=\"wp-block-paragraph\">1947 &#8211; Nova York (Estados Unidos) &#8211; 14 de mar\u00e7o<br>1987 &#8211; Nova York (Estados Unidos) &#8211; 18 de maio<\/p>\n\n\n\n<h2 class=\"wp-block-heading\"><strong>FORMA\u00c7\u00c3O<\/strong><\/h2>\n\n\n\n<p class=\"wp-block-paragraph\">1958\/1962 &#8211; Fran\u00e7a &#8211; Em paralelo \u00e0 sua forma\u00e7\u00e3o regular na Ecole des Roches, inicia, como autodidata, estudos de pintura e passa a freq\u00fcentar museus e galerias de arte. A obra do pintor franc\u00eas Henri Matisse (1869 &#8211; 1954) o influencia de forma especial.<br>1962\/1965 &#8211; Nova York (Estados Unidos) &#8211; Visita com regularidade as institui\u00e7\u00f5es de arte da cidade e tem contato com a action painting e com a arte pop.<br>1969 &#8211; Paris (Fran\u00e7a) &#8211; Estuda modelo-vivo na Acad\u00e9mie de la Grande Chaumi\u00e8re.<\/p>\n\n\n\n<div class=\"wp-block-jetpack-slideshow aligncenter\" data-effect=\"slide\"><div class=\"wp-block-jetpack-slideshow_container swiper-container\"><ul class=\"wp-block-jetpack-slideshow_swiper-wrapper swiper-wrapper\"><li class=\"wp-block-jetpack-slideshow_slide swiper-slide\"><figure><img data-recalc-dims=\"1\" loading=\"lazy\" decoding=\"async\" width=\"525\" height=\"248\" alt=\"\" class=\"wp-block-jetpack-slideshow_image wp-image-2010\" data-id=\"2010\" src=\"https:\/\/i0.wp.com\/galeria-ipanema.com\/wp-content\/uploads\/2020\/02\/jorgeguinle-1.jpg?resize=525%2C248&#038;ssl=1\" srcset=\"https:\/\/i0.wp.com\/galeria-ipanema.com\/wp-content\/uploads\/2020\/02\/jorgeguinle-1.jpg?w=745&amp;ssl=1 745w, https:\/\/i0.wp.com\/galeria-ipanema.com\/wp-content\/uploads\/2020\/02\/jorgeguinle-1.jpg?resize=300%2C142&amp;ssl=1 300w\" sizes=\"(max-width: 706px) 89vw, (max-width: 767px) 82vw, 740px\" \/><\/figure><\/li><li class=\"wp-block-jetpack-slideshow_slide swiper-slide\"><figure><img data-recalc-dims=\"1\" loading=\"lazy\" decoding=\"async\" width=\"525\" height=\"248\" alt=\"\" class=\"wp-block-jetpack-slideshow_image wp-image-2011\" data-id=\"2011\" src=\"https:\/\/i0.wp.com\/galeria-ipanema.com\/wp-content\/uploads\/2020\/02\/jorgeguinle-2.jpg?resize=525%2C248&#038;ssl=1\" srcset=\"https:\/\/i0.wp.com\/galeria-ipanema.com\/wp-content\/uploads\/2020\/02\/jorgeguinle-2.jpg?w=745&amp;ssl=1 745w, https:\/\/i0.wp.com\/galeria-ipanema.com\/wp-content\/uploads\/2020\/02\/jorgeguinle-2.jpg?resize=300%2C142&amp;ssl=1 300w\" sizes=\"(max-width: 706px) 89vw, (max-width: 767px) 82vw, 740px\" \/><\/figure><\/li><\/ul><a class=\"wp-block-jetpack-slideshow_button-prev swiper-button-prev swiper-button-white\" role=\"button\"><\/a><a class=\"wp-block-jetpack-slideshow_button-next swiper-button-next swiper-button-white\" role=\"button\"><\/a><a aria-label=\"Pause Slideshow\" class=\"wp-block-jetpack-slideshow_button-pause\" role=\"button\"><\/a><div class=\"wp-block-jetpack-slideshow_pagination swiper-pagination swiper-pagination-white\"><\/div><\/div><\/div>\n\n\n\n<h2 class=\"wp-block-heading\"><strong>CRONOLOGIA<\/strong><\/h2>\n\n\n\n<p class=\"wp-block-paragraph\">Pintor, desenhista e gravador.<\/p>\n\n\n\n<ul class=\"wp-block-list\"><li>1947\/1955 &#8211; Rio de Janeiro RJ &#8211; Em novembro de 1947, transfere-se com a fam\u00edlia para o Brasil<\/li><li>1955\/1962 &#8211; Paris (Fran\u00e7a) &#8211; Ap\u00f3s a separa\u00e7\u00e3o de seus pais, o artista passa a morar com a m\u00e3e na capital francesa<\/li><li>1962\/1965 &#8211; Nova York (Estados Unidos) &#8211; Acompanhando a m\u00e3e, retorna para essa cidade<\/li><li>1965\/1974 &#8211; Rio de Janeiro RJ, Londres (Inglaterra) e Paris (Fran\u00e7a) &#8211; Vive no Rio de Janeiro e passa temporadas nas duas cidades europ\u00e9ias<\/li><li>1974\/1977 &#8211; Paris (Fran\u00e7a) &#8211; Volta a se estabelecer nessa cidade, onde mant\u00e9m apartamento usado tamb\u00e9m como ateli\u00ea, que divide com Adriano de Aquino (1946)<\/li><li>1980\/1982 &#8211; S\u00e3o Paulo SP &#8211; Realiza e publica, na revista Interview, entrevistas com Antonio Dias (1944), Rubens Gerchman (1942), H\u00e9lio Oiticica (1937 &#8211; 1980), Roberto Magalh\u00e3es (1940), Alfredo Volpi (1896 &#8211; 1988), Lygia Clark (1920 &#8211; 1988), Cildo Meireles (1948) e Mira Schendel (1919 &#8211; 1988)<\/li><li>1981\/1986 &#8211; Rio de Janeiro RJ e S\u00e3o Paulo SP &#8211; Escreve textos para cat\u00e1logos de exposi\u00e7\u00f5es e artigos para os peri\u00f3dicos M\u00f3dulo, Jornal do Brasil e Folha de S.Paulo. Entre eles: O Conceito da Imagem na Nova Pintura do S\u00e9culo XX, M\u00f3dulo n\u00ba 67, 1981; Expressionismo vs. Neo-Expressionismo, M\u00f3dulo n\u00ba 74, 1983; Papai Era Surfista Profissional, Mam\u00e3e Fazia Mapa Astral Legal: Gera\u00e7\u00e3o 80 ou como matei uma aula de arte num shopping center, edi\u00e7\u00e3o especial de julho-agosto de 1984 da revista M\u00f3dulo dedicada \u00e0 exposi\u00e7\u00e3o Como Vai Voc\u00ea Gera\u00e7\u00e3o 80?<\/li><li>1985 &#8211; Rio de Janeiro RJ &#8211; Realiza s\u00e9rie de pequenas esculturas de cera<\/li><li>1985 &#8211; Rio de Janeiro RJ &#8211; Idealiza um colar de prata para o evento Quando a Arte \u00c9 J\u00f3ia, que re\u00fane joalheiros e artistas<\/li><li>1985\/1986 &#8211; Nova York (Estados Unidos) &#8211; Durante uma temporada na cidade, realiza 14 pinturas de grandes dimens\u00f5es<\/li><li>1986 &#8211; Rio de Janeiro RJ &#8211; Realiza uma obra para as exposi\u00e7\u00f5es tempor\u00e1rias do corredor do Centro Cultural Candido Mendes Ipanema &#8211; CCCM. Para a ocasi\u00e3o pinta Il Grido Giallo<\/li><li>1987 &#8211; Nova York (Estados Unidos) &#8211; Em abril, o artista segue para essa cidade para iniciar o tratamento contra a Aids<\/li><li>1996 &#8211; Rio de Janeiro RJ &#8211; Lan\u00e7amento de um v\u00eddeo de Rog\u00e9rio Sganzerla (1946 &#8211; 2004) contendo depoimentos do artista<\/li><\/ul>\n\n\n\n<h2 class=\"wp-block-heading\"><strong>EXPOSI\u00c7\u00d5ES INDIVIDUAIS<\/strong><\/h2>\n\n\n\n<ul class=\"wp-block-list\"><li>1973 &#8211; Rio de Janeiro RJ &#8211; Individual, na Galeria Grupo B<\/li><li>1980 &#8211; Rio de Janeiro RJ &#8211; 14 Pinturas Er\u00f3ticas, na Galeria Anna Maria Niemeyer<\/li><li>1980 &#8211; Rio de Janeiro RJ &#8211; Mem\u00f3ria Obl\u00edqua, na Galeria Andrea Sigaud<\/li><li>1981 &#8211; Belo Horizonte MG &#8211; Desregramentos, na Parnaso Galeria de Arte<\/li><li>1981 &#8211; Bras\u00edlia DF &#8211; Desregramentos, na Galeria Jorge Souza<\/li><li>1982 &#8211; S\u00e3o Paulo SP &#8211; Passos Diacr\u00edticos, na Galeria Luisa Strina<\/li><li>1982 &#8211; Rio de Janeiro RJ &#8211; Individual, no MAM\/RJ. Espa\u00e7o ABC<\/li><li>1983 &#8211; Niter\u00f3i RJ &#8211; Marcapasso, na Galeria de Arte da UFF<\/li><li>1984 &#8211; S\u00e3o Paulo SP &#8211; Individual, na Galeria Luisa Strina<\/li><li>1985 &#8211; Rio de Janeiro RJ &#8211; Individual, na Galeria do CCCM<\/li><li>1985 &#8211; Munique (Alemanha) &#8211; Individual, na Galeria Irene Maeder<\/li><li>1985 &#8211; Rio de Janeiro RJ &#8211; Individual, na Galeria Saramenha<\/li><li>1986 &#8211; S\u00e3o Paulo SP &#8211; Individual, na Galeria Luisa Strina<\/li><li>1986 &#8211; Vit\u00f3ria ES &#8211; Individual, na Galeria Usina.<\/li><\/ul>\n\n\n\n<h2 class=\"wp-block-heading\"><strong>EXPOSI\u00c7\u00d5ES COLETIVAS<\/strong><\/h2>\n\n\n\n<ul class=\"wp-block-list\"><li>1965 &#8211; Rio de Janeiro RJ &#8211; Coletiva, na Galeria do Hotel Copacabana Palace<\/li><li>1978 &#8211; Rio de Janeiro RJ &#8211; 1\u00ba Sal\u00e3o Nacional de Artes Pl\u00e1sticas, no MNBA<\/li><li>1979 &#8211; Rio de Janeiro RJ &#8211; 2\u00ba Sal\u00e3o Nacional de Artes Pl\u00e1sticas, no MAM\/RJ<\/li><li>1980 &#8211; Rio de Janeiro RJ &#8211; 6\u00aa O Rosto e a Obra, na Galeria Ibeu Copacabana<\/li><li>1981 &#8211; Rio de Janeiro RJ &#8211; 4\u00ba Sal\u00e3o Nacional de Artes Pl\u00e1sticas, no MAM\/RJ<\/li><li>1982 &#8211; Rio de Janeiro RJ &#8211; 5\u00ba Sal\u00e3o Nacional de Artes Pl\u00e1sticas, no MAM\/RJ<\/li><li>1982 &#8211; Rio de Janeiro RJ &#8211; Entre a Mancha e a Figura, no MAM\/RJ<\/li><li>1983 &#8211; Belo Horizonte MG &#8211; Arte Hoje, na Funda\u00e7\u00e3o Cl\u00f3vis Salgado. Pal\u00e1cio das Artes<\/li><li>1983 &#8211; Rio de Janeiro RJ &#8211; 13 Artistas\/13 Obras, na Thomas Cohn Arte Contempor\u00e2nea<\/li><li>1983 &#8211; Rio de Janeiro RJ &#8211; 6\u00ba Sal\u00e3o Nacional de Artes Pl\u00e1sticas, no MAM\/RJ<\/li><li>1983 &#8211; S\u00e3o Paulo SP &#8211; 17\u00aa Bienal Internacional de S\u00e3o Paulo, na Funda\u00e7\u00e3o Bienal<\/li><li>1984 &#8211; Curitiba PR &#8211; Sim\u00f5es de Assis Galeria de Arte: mostra inaugural, na Sim\u00f5es de Assis Galeria de Arte<\/li><li>1984 &#8211; Fortaleza CE &#8211; 7\u00ba Sal\u00e3o Nacional de Artes Pl\u00e1sticas<\/li><li>1984 &#8211; Niter\u00f3i RJ &#8211; 1\u00aa Arte Brasileira Atual, na Galeria de Arte da UFF<\/li><li>1984 &#8211; Rio de Janeiro RJ &#8211; 7\u00ba Sal\u00e3o Nacional de Artes Pl\u00e1sticas, no MAM\/RJ<\/li><li>1984 &#8211; Rio de Janeiro RJ &#8211; Como Vai Voc\u00ea, Gera\u00e7\u00e3o 80?, na EAV\/Parque Lage<\/li><li>1984 &#8211; Rio de Janeiro RJ &#8211; Viva a Pintura, na Petite Galerie<\/li><li>1985 &#8211; Rio de Janeiro RJ &#8211; 8\u00ba Sal\u00e3o Nacional de Artes Pl\u00e1sticas, no MAM\/RJ &#8211; pr\u00eamio de viagem ao exterior<\/li><li>1985 &#8211; S\u00e3o Paulo SP &#8211; 18\u00aa Bienal Internacional de S\u00e3o Paulo, na Funda\u00e7\u00e3o Bienal<\/li><li>1985 &#8211; S\u00e3o Paulo SP &#8211; Coletiva, na Galeria Subdistrito<\/li><li>1985 &#8211; Vit\u00f3ria ES &#8211; 3 Foragidos, na Ufes. Galeria de Arte e Pesquisa<\/li><li>1986 &#8211; Rio de Janeiro RJ &#8211; Quatro Quadros, no CCCM<\/li><li>1986 &#8211; Rio de Janeiro RJ &#8211; Territ\u00f3rio Ocupado, na EAV\/Parque Lage<\/li><li>1986 &#8211; Rio de Janeiro RJ &#8211; Transvanguarda e Culturas Nacionais, no MAM\/RJ<\/li><li>1986 &#8211; S\u00e3o Paulo SP &#8211; 4\u00ba Sal\u00e3o Paulista de Arte Contempor\u00e2nea, na Funda\u00e7\u00e3o Bienal<\/li><li>1987 &#8211; Rio de Janeiro RJ &#8211; Gesto Alucinado, no Rio Design Center<\/li><\/ul>\n\n\n\n<h2 class=\"wp-block-heading\"><strong>EXPOSI\u00c7\u00d5ES P\u00d3STUMAS<\/strong><\/h2>\n\n\n\n<ul class=\"wp-block-list\"><li>1987 &#8211; Rio de Janeiro RJ &#8211; A Hora Azul, no CCCM. Grande Galeria<\/li><li>1987 &#8211; Rio de Janeiro RJ &#8211; Ao Colecionador: homenagem a Gilberto Chateaubriand, no MAM\/RJ<\/li><li>1988 &#8211; S\u00e3o Paulo SP &#8211; Jorge Guinle: fase azul &#8211; obras in\u00e9ditas, na Galeria de Arte S\u00e3o Paulo<\/li><li>1989 &#8211; Rio de Janeiro RJ &#8211; Jorge Guinle: l&#8217;heure bleue, na Galeria Anna Maria Niemeyer<\/li><li>1989 &#8211; S\u00e3o Paulo SP &#8211; 20\u00aa Bienal Internacional de S\u00e3o Paulo, na Funda\u00e7\u00e3o Bienal<\/li><li>1989 &#8211; S\u00e3o Paulo SP &#8211; Gesto e Estrutura, na Gabinete de Arte Raquel Arnaud<\/li><li>1990 &#8211; Campo Grande MS &#8211; Individual, na Galeria de Arte Contempor\u00e2nea<\/li><li>1990 &#8211; Los Angeles (Estados Unidos) &#8211; Brazil Projects&#8217; 90, na Municipal Art Gallery<\/li><li>1990 &#8211; S\u00e3o Paulo SP &#8211; Brazil Projects&#8217; 90, no Masp<\/li><li>1991 &#8211; Monterrey (M\u00e9xico) &#8211; Mito y Magia en Am\u00e9rica: los ochenta, no Museo de Arte Contempor\u00e1neo de Monterrey<\/li><li>1991 &#8211; Rio de Janeiro RJ &#8211; 10 Anos: Cole\u00e7\u00e3o Centro Cultural C\u00e2ndido Mendes, no MAM\/RJ<\/li><li>1991 &#8211; Rio de Janeiro RJ &#8211; BR\/80: pintura Brasil d\u00e9cada 80, na Funda\u00e7\u00e3o Casa Fran\u00e7a-Brasil<\/li><li>1991 &#8211; Rio de Janeiro RJ &#8211; Individual, na Itaugaleria<\/li><li>1991 &#8211; Rio de Janeiro RJ &#8211; Individual, no MAM\/RJ<\/li><li>1992 &#8211; Rio de Janeiro RJ &#8211; 1\u00aa A Caminho de Niter\u00f3i: Cole\u00e7\u00e3o Jo\u00e3o Sattamini, no Pa\u00e7o Imperial<\/li><li>1992 &#8211; Rio de Janeiro RJ &#8211; Brazilian Contemporary Art, na EAV\/Parque Lage<\/li><li>1992 &#8211; Rio de Janeiro RJ &#8211; Diferen\u00e7as, no MNBA<\/li><li>1992 &#8211; Rio de Janeiro RJ &#8211; Individual, no Museu da Rep\u00fablica<\/li><li>1992 &#8211; S\u00e3o Paulo SP &#8211; Individual, no Gabinete de Arte Raquel de Arnaud<\/li><li>1993 &#8211; Niter\u00f3i RJ &#8211; 2\u00aa A Caminho de Niter\u00f3i: Cole\u00e7\u00e3o Jo\u00e3o Sattamini, no MAC\/Niter\u00f3i<\/li><li>1993 &#8211; Rio de Janeiro RJ &#8211; Emblemas do Corpo: o nu na arte moderna brasileira, no CCBB<\/li><li>1993 &#8211; Washington (Estados Unidos) &#8211; Brasil: imagens dos anos 80 e 90, no Art Museum of the Americas<\/li><li>1994 &#8211; Po\u00e7os de Caldas MG &#8211; Cole\u00e7\u00e3o Unibanco: exposi\u00e7\u00e3o comemorativa dos 70 anos do Unibanco, na Casa de Cultura<\/li><li>1994 &#8211; Rio de Janeiro RJ &#8211; Brasil: imagens dos anos 80 e 90, no MAM\/RJ<\/li><li>1994 &#8211; S\u00e3o Paulo SP &#8211; Bienal Brasil S\u00e9culo XX, na Funda\u00e7\u00e3o Bienal<\/li><li>1994 &#8211; S\u00e3o Paulo SP &#8211; Brasil: imagens dos anos 80 e 90, na Casa das Rosas<\/li><li>1995 &#8211; Rio de Janeiro RJ &#8211; Cole\u00e7\u00e3o Unibanco: exposi\u00e7\u00e3o comemorativa dos 70 anos do Unibanco, no MAM\/RJ<\/li><li>1995 &#8211; S\u00e3o Paulo SP &#8211; Anos 80: o palco da diversidade, na Galeria de Arte do Sesi<\/li><li>1996 &#8211; Rio de Janeiro RJ &#8211; O Grito, no MNBA<\/li><li>1996 &#8211; Rio de Janeiro RJ &#8211; Viagem Er\u00f3tica: da figura ao abstrato, na UERJ. Galeria Candido Portinari<\/li><li>1997 &#8211; Curitiba PR &#8211; A Arte Contempor\u00e2nea da Gravura, no Museu Metropolitano de Arte de Curitiba<\/li><li>1997 &#8211; Niter\u00f3i RJ &#8211; Jorge Guinle: obras da Cole\u00e7\u00e3o Jo\u00e3o Le\u00e3o Sattamini, no MAC\/Niter\u00f3i<\/li><li>1998 &#8211; Belo Horizonte MG &#8211; Individual, na Pace Arte Galeria<\/li><li>1998 &#8211; Goi\u00e2nia GO &#8211; Os Anos 80, na Galeria de Arte Marina Potrich<\/li><li>1998 &#8211; Niter\u00f3i RJ &#8211; Espelho da Bienal, no MAC\/Niter\u00f3i<\/li><li>1998 &#8211; S\u00e3o Paulo SP &#8211; Destaques da Cole\u00e7\u00e3o Unibanco, no Instituto Moreira Salles<\/li><li>1998 &#8211; S\u00e3o Paulo SP &#8211; O Moderno e o Contempor\u00e2neo na Arte Brasileira: Cole\u00e7\u00e3o Gilberto Chateaubriand &#8211; MAM\/RJ, no Masp<\/li><li>1999 &#8211; Vila Velha ES &#8211; Jorge Guinle: Cole\u00e7\u00e3o Marcio Espindula, no Museu Ferrovi\u00e1rio Vale do Rio Doce<\/li><li>1999 &#8211; Vit\u00f3ria ES &#8211; Individual, na Galeria Pedro Nolasco<\/li><li>2000 &#8211; Curitiba PR &#8211; Jorge Guinle: desenhos, na Galeria Casa da Imagem<\/li><li>2000 &#8211; Niter\u00f3i RJ &#8211; Pinturas na Cole\u00e7\u00e3o Jo\u00e3o Sattamini, no MAC\/Niter\u00f3i<\/li><li>2000 &#8211; S\u00e3o Paulo SP &#8211; Brasil + 500 Mostra do Redescobrimento, na Funda\u00e7\u00e3o Bienal<\/li><li>2000 &#8211; S\u00e3o Paulo SP &#8211; Jorge Guinle: desenhos, no Gabinete de Arte Raquel Arnaud<\/li><li>2001 &#8211; Rio de Janeiro RJ &#8211; Aquarela Brasileira, no Centro Cultural Light<\/li><li>2001 &#8211; Rio de Janeiro RJ &#8211; O Esp\u00edrito de Nossa \u00c9poca, no MAM\/RJ<\/li><li>2001 &#8211; S\u00e3o Paulo SP &#8211; O Esp\u00edrito de Nossa \u00c9poca, no MAM\/SP<\/li><li>2002 &#8211; Niter\u00f3i RJ &#8211; Cole\u00e7\u00e3o Sattamini: modernos e contempor\u00e2neos, no MAC\/Niter\u00f3i<\/li><li>2002 &#8211; Porto Alegre RS &#8211; Viol\u00eancia e Paix\u00e3o, no Santander Cultural<\/li><li>2002 &#8211; Rio de Janeiro RJ &#8211; 1\u00aa Mostra Rio Arte Contempor\u00e2nea, no MAM\/RJ<\/li><li>2002 &#8211; Rio de Janeiro RJ &#8211; Caminhos do Contempor\u00e2neo 1952-2002, no Pa\u00e7o Imperial<\/li><li>2002 &#8211; Rio de Janeiro RJ &#8211; Sele\u00e7\u00e3o do Acervo de Arte da UCAM, no CCCM<\/li><li>2002 &#8211; S\u00e3o Paulo SP &#8211; 28 (+) Pintura, no Espa\u00e7o Virg\u00edlio<\/li><li>2002 &#8211; S\u00e3o Paulo SP &#8211; Mapa do Agora: arte brasileira recente na Cole\u00e7\u00e3o Jo\u00e3o Sattamini do Museu de Arte Contempor\u00e2nea de Niter\u00f3i, no Instituto Tomie Ohtake<\/li><li>2002 &#8211; S\u00e3o Paulo SP &#8211; Paralela, em Galp\u00e3o localizado na Avenida Matarazzo, 530<\/li><li>2003 &#8211; S\u00e3o Paulo SP &#8211; 2080, no MAM\/SP<\/li><li>2003 &#8211; S\u00e3o Paulo SP &#8211; Marcantonio Vila\u00e7a &#8211; Passaporte Contempor\u00e2neo, no MAC\/USP<\/li><li>2004 &#8211; Rio de Janeiro RJ &#8211; O S\u00e9culo de um Brasileiro: Cole\u00e7\u00e3o Roberto Marinho, no Pa\u00e7o Imperial<\/li><li>2004 &#8211; Rio de Janeiro RJ &#8211; Onde Est\u00e1 Voc\u00ea, Gera\u00e7\u00e3o 80?, no CCBB<\/li><li>2005 &#8211; S\u00e3o Paulo SP &#8211; O S\u00e9culo de um Brasileiro: Cole\u00e7\u00e3o Roberto Marinho, no MAM\/SP.<\/li><li>2007 &#8211; Belo Horizonte MG &#8211; Coletiva de Acervo, na Galeria Murilo Castro<\/li><li>2007 &#8211; S\u00e3o Paulo SP &#8211; Ita\u00fa Contempor\u00e2neo: arte no Brasil 1981-2006, no Ita\u00fa Cultural<\/li><li>2008 &#8211; Porto Alegre RS &#8211; Jorge Guinle &#8211; Belo Caos, na Funda\u00e7\u00e3o Iber\u00ea Camargo<\/li><li>2009 &#8211; S\u00e3o Paulo SP &#8211; Jorge Guinle &#8211; Belo Caos, no MAM\/SP<\/li><\/ul>","protected":false},"excerpt":{"rendered":"<p>BIOGRAFIA Jorge Guinle Filho (Nova York, Estados Unidos 1947 &#8211; idem 1987). Pintor, desenhista e gravador. Muda-se com a fam\u00edlia para o Brasil ainda no ano de seu nascimento e permanece no Rio de Janeiro at\u00e9 1955. Desse ano at\u00e9 1962, acompanhando a m\u00e3e, mora em Paris e, em seguida, em Nova York, onde reside &hellip; <\/p>\n<p class=\"link-more\"><a href=\"https:\/\/galeria-ipanema.com\/en\/jorge-guinle\/\" class=\"more-link\">Continue reading<span class=\"screen-reader-text\"> &#8220;Jorge Guinle&#8221;<\/span><\/a><\/p>","protected":false},"author":178370742,"featured_media":0,"parent":0,"menu_order":0,"comment_status":"closed","ping_status":"closed","template":"","meta":{"_coblocks_attr":"","_coblocks_dimensions":"","_coblocks_responsive_height":"","_coblocks_accordion_ie_support":"","_crdt_document":"","advanced_seo_description":"","jetpack_seo_html_title":"","jetpack_seo_noindex":false,"footnotes":""},"class_list":["post-2009","page","type-page","status-publish","hentry"],"jetpack_likes_enabled":false,"jetpack_sharing_enabled":false,"jetpack_shortlink":"https:\/\/wp.me\/PbBA92-wp","amp_enabled":true,"_links":{"self":[{"href":"https:\/\/galeria-ipanema.com\/en\/wp-json\/wp\/v2\/pages\/2009","targetHints":{"allow":["GET"]}}],"collection":[{"href":"https:\/\/galeria-ipanema.com\/en\/wp-json\/wp\/v2\/pages"}],"about":[{"href":"https:\/\/galeria-ipanema.com\/en\/wp-json\/wp\/v2\/types\/page"}],"author":[{"embeddable":true,"href":"https:\/\/galeria-ipanema.com\/en\/wp-json\/wp\/v2\/users\/178370742"}],"replies":[{"embeddable":true,"href":"https:\/\/galeria-ipanema.com\/en\/wp-json\/wp\/v2\/comments?post=2009"}],"version-history":[{"count":2,"href":"https:\/\/galeria-ipanema.com\/en\/wp-json\/wp\/v2\/pages\/2009\/revisions"}],"predecessor-version":[{"id":2014,"href":"https:\/\/galeria-ipanema.com\/en\/wp-json\/wp\/v2\/pages\/2009\/revisions\/2014"}],"wp:attachment":[{"href":"https:\/\/galeria-ipanema.com\/en\/wp-json\/wp\/v2\/media?parent=2009"}],"curies":[{"name":"wp","href":"https:\/\/api.w.org\/{rel}","templated":true}]}}