{"id":1947,"date":"2020-02-28T14:06:28","date_gmt":"2020-02-28T14:06:28","guid":{"rendered":"https:\/\/galeria-ipanema.com\/?page_id=1947"},"modified":"2020-02-28T14:06:28","modified_gmt":"2020-02-28T14:06:28","slug":"eduardo-sued","status":"publish","type":"page","link":"https:\/\/galeria-ipanema.com\/en\/eduardo-sued\/","title":{"rendered":"Eduardo Sued"},"content":{"rendered":"<figure class=\"wp-block-image size-large is-resized\"><img data-recalc-dims=\"1\" loading=\"lazy\" decoding=\"async\" data-attachment-id=\"1949\" data-permalink=\"https:\/\/galeria-ipanema.com\/en\/eduardo-sued\/eduardo-sued\/\" data-orig-file=\"https:\/\/i0.wp.com\/galeria-ipanema.com\/wp-content\/uploads\/2020\/02\/eduardo-sued.jpg?fit=577%2C394&amp;ssl=1\" data-orig-size=\"577,394\" data-comments-opened=\"1\" data-image-meta=\"{&quot;aperture&quot;:&quot;0&quot;,&quot;credit&quot;:&quot;&quot;,&quot;camera&quot;:&quot;&quot;,&quot;caption&quot;:&quot;&quot;,&quot;created_timestamp&quot;:&quot;0&quot;,&quot;copyright&quot;:&quot;&quot;,&quot;focal_length&quot;:&quot;0&quot;,&quot;iso&quot;:&quot;0&quot;,&quot;shutter_speed&quot;:&quot;0&quot;,&quot;title&quot;:&quot;&quot;,&quot;orientation&quot;:&quot;0&quot;}\" data-image-title=\"eduardo-sued\" data-image-description=\"\" data-image-caption=\"\" data-large-file=\"https:\/\/i0.wp.com\/galeria-ipanema.com\/wp-content\/uploads\/2020\/02\/eduardo-sued.jpg?fit=525%2C358&amp;ssl=1\" src=\"https:\/\/i0.wp.com\/galeria-ipanema.com\/wp-content\/uploads\/2020\/02\/eduardo-sued.jpg?resize=503%2C343&#038;ssl=1\" alt=\"\" class=\"wp-image-1949\" width=\"503\" height=\"343\" srcset=\"https:\/\/i0.wp.com\/galeria-ipanema.com\/wp-content\/uploads\/2020\/02\/eduardo-sued.jpg?w=577&amp;ssl=1 577w, https:\/\/i0.wp.com\/galeria-ipanema.com\/wp-content\/uploads\/2020\/02\/eduardo-sued.jpg?resize=300%2C205&amp;ssl=1 300w\" sizes=\"auto, (max-width: 503px) 100vw, 503px\" \/><\/figure>\n\n\n\n<h2 class=\"wp-block-heading\"><strong>BIOGRAFIA<\/strong><\/h2>\n\n\n\n<p class=\"wp-block-paragraph\">Eduardo Sued (Rio de Janeiro RJ 1925). Pintor, gravador, ilustrador, desenhista, vitralista e professor. Gradua-se na Escola Nacional de Engenharia do Rio de Janeiro, em 1948. No ano seguinte estuda desenho e pintura com Henrique Boese (1897 &#8211; 1982). Entre 1950 e 1951, trabalha como desenhista no escrit\u00f3rio do arquiteto Oscar Niemeyer (1907). Em 1951, viaja para Paris, onde freq\u00fcenta as academias La Grande Chaumi\u00e8re e Julian. Em sua estada na capital francesa entra em contato com as obras de Pablo Picasso (1881 &#8211; 1973), Jo\u00e1n Mir\u00f3 (1893 &#8211; 1983), Henri Matisse (1869 &#8211; 1954) e Georges Braque (1882 &#8211; 1963). Retorna ao Rio de Janeiro em 1953 e freq\u00fcenta o ateli\u00ea de Iber\u00ea Camargo (1914 &#8211; 1994) para estudar gravura em metal tornando-se mais tarde, seu assistente. Leciona desenho e pintura na Escolinha de Arte do Brasil, em 1956 e, no ano seguinte, transfere-se para S\u00e3o Paulo, onde ministra aulas de desenho, pintura e gravura, na Funda\u00e7\u00e3o Armando \u00c1lvares Penteado &#8211; Faap, de 1958 a 1963. Em 1964, volta a morar no Rio de Janeiro e publica o \u00e1lbum de \u00e1guas-fortes 25 Gravuras. O artista n\u00e3o se vincula a nenhum movimento mantendo-se alheio aos debates da \u00e9poca. Sua carreira teve uma breve etapa pautada no figurativismo, mas logo se encaminha para abstra\u00e7\u00e3o geom\u00e9trica. Nos anos de 1970, aproxima-se das vertentes construtivas, desenvolvendo sua obra a partir da reflex\u00e3o acerca de Piet Mondrian (1872 &#8211; 1944) e da Bauhaus. Entre 1974 e 1980, ministra aulas de gravura em metal no Museu de Arte Moderna do Rio de Janeiro &#8211; MAM\/RJ.<br><br>Referindo-se ao percurso intenso de Eduardo Sued, da figura\u00e7\u00e3o \u00e0 abstra\u00e7\u00e3o, em fases compactas afinadas entre si, escreveu Roberto Pontual: \u201cA disposi\u00e7\u00e3o intrinsecamente geom\u00e9trica tem permeado a obra mais recente de Eduardo Sued. Mesmo quando ele, at\u00e9 por volta de 1969, ainda fazia da figura elemento essencial de trabalho, que o interessava mais de perto era poder super\u00e1-la ou situ\u00e1-\u00acla como ponto de partida para investiga\u00e7\u00f5es de car\u00e1ter \u00f3ptico, em linearidades crom\u00e1ticas bem definidas na sua pureza. Com dispositivos retil\u00edneos, rigorosamente disciplinados em faixas paralelas de cores exatas, compunha sinuosidades da face e do corpo humano, sem deles fornecer, no entanto, a fisionomia realista integral.Tratava-se de curiosa justaposi\u00e7\u00e3o da atitude cr\u00edtica oriunda da pop-art com a pesquisa visual, construtiva e ass\u00e9ptica da pop-art, na tentativa de estabelecer novo n\u00edvel critico atrav\u00e9s da montagem significativa de refer\u00eancias ao corpo e \u00e0 m\u00e1quina, ao humano e \u00e0 sua desumaniza\u00e7\u00e3o.\u201d E continua: \u201cNo desdobramento dos desenhos, colagens, gravuras e pinturas de Sued o predom\u00ednio do geom\u00e9trico e \u00f3ptico acentuou-se, lado a lado com despojamento cujas ra\u00edzes ele sabe advirem de crescente curiosidade e estudo do budismo zen. O mergulho, a an\u00e1lise e a dial\u00e9tica visualiza\u00e7\u00e3o do vazio tornaram-se, ent\u00e3o, tema e mat\u00e9ria. O artista ali\u00e1s, n\u00e3o podia ser mais exato, em palavras tamb\u00e9m: \u201cEu tiro do nada aquilo que n\u00e3o \u00e9 nada: deixo apenas aquilo que \u00e9 do nada\u201d. Seu pr\u00f3prio m\u00e9todo de trabalho o indica: \u201cPreparo o linho, estico e passo quatro m\u00e3os de branco. \u00c8 fundamental que seja completa e absolutamente branco. O importante da\u00ed em diante s\u00e3o os ouvidos. Tenho que ouvir as cores que desabrocham aos poucos. S\u00f3 tomo cuidado para conservar os olhos bem fechados. Olhou, estragou tudo. O ouvido \u00e9 que funciona, ele manda, ele determina o que est\u00e1 ou n\u00e3o est\u00e1 certo. Nada de consci\u00eancia, de racionaliza\u00e7\u00e3o\u201d. Sobre a plenitude formal desta sensibilidade informada na abstra\u00e7\u00e3o , expressa em obras recentes, escreveu Ronaldo Brito: \u201cA pintura se constr\u00f3i, rigorosa e articulada. Espa\u00e7o e cor resultam de um pensamento cerrado \u2014 varia\u00e7\u00f5es m\u00ednimas, c\u00e1lculos e compatibilidades quase infinitesimais garantem a identidade indiscut\u00edvel de cada tela. Imediatamente, uma certa simetria e uma certa harmonia se imp\u00f5em. A dist\u00e2ncia est\u00e1 dada, entre a arte e o mundo. Mas, logo aceita, essa dist\u00e2ncia come\u00e7a a ceder, pressionada e assediada pela interioridade problem\u00e1tica do trabalho. Ao primeiro olhar \u00edntegro, decidido, sucedem percep\u00e7\u00f5es incompat\u00edveis, vertiginosas. O quadro, t\u00e3o bem constru\u00eddo, n\u00e3o se deixa captar inteiro \u2014 aos poucos vai se revelando descont\u00ednuo, um lugar sempre alterado. Um t\u00eanue mas insistente movimento, no limite entre o real e o virtual, parece atravess\u00e1-lo e perturbar a superf\u00edcie aparentemente serena\u201d.<\/p>\n\n\n\n<h2 class=\"wp-block-heading\"><strong>NASCIMENTO<\/strong><\/h2>\n\n\n\n<p class=\"wp-block-paragraph\">1925 &#8211; Rio de Janeiro RJ &#8211; 10 de junho<\/p>\n\n\n\n<h2 class=\"wp-block-heading\"><strong>FORMA\u00c7\u00c3O<\/strong><\/h2>\n\n\n\n<p class=\"wp-block-paragraph\">1946\/1948 &#8211; Rio de Janeiro RJ &#8211; Cursa a Escola Nacional de Engenharia<br>1949\/1950 &#8211; Rio de Janeiro RJ &#8211; Estuda desenho e pintura com Henrique Boese (1897 &#8211; 1982)<br>1951\/1953 &#8211; Paris (Fran\u00e7a) &#8211; Estuda na Acad\u00e9mie Julian e Acad\u00e9mie de La Grande Chaumi\u00e8re<br>1953 &#8211; Rio de Janeiro RJ &#8211; Estuda gravura em metal com Iber\u00ea Camargo (1914 &#8211; 1994)<\/p>\n\n\n\n<h2 class=\"wp-block-heading\"><strong>EXPOSI\u00c7\u00d5ES INDIVIDUAIS<\/strong><\/h2>\n\n\n\n<ul class=\"wp-block-list\"><li>1968 &#8211; Rio de Janeiro RJ &#8211; Individual, na Galeria Bonino<\/li><li>1970 &#8211; Rio de Janeiro RJ &#8211; Eduardo Sued: pintura e colagem, na Prisma Galeria de Arte<\/li><li>1974 &#8211; Rio de Janeiro RJ &#8211; Individual, na Galeria Luiz Buarque de Holanda e Paulo Bittencourt<\/li><li>1982 &#8211; Rio de Janeiro RJ &#8211; Individual, no Espa\u00e7o ABC\/Funarte, no MAM\/RJ<\/li><li>1982 &#8211; S\u00e3o Paulo SP &#8211; Individual, na Galeria Luisa Strina<\/li><li>1983 &#8211; Rio de Janeiro RJ &#8211; Individual, na Galeria Thomas Cohn<\/li><li>1984 &#8211; S\u00e3o Paulo SP &#8211; Individual, no Gabinete de Arte Raquel Arnaud<\/li><li>1986 &#8211; Rio de Janeiro RJ &#8211; Individual, na Galeria Thomas Cohn<\/li><li>1987 &#8211; Rio de Janeiro RJ &#8211; Individual, na Galeria Thomas Cohn<\/li><li>1989 &#8211; S\u00e3o Paulo SP &#8211; Individual, na Galeria Luisa Strina<\/li><li>1990 &#8211; Rio de Janeiro RJ &#8211; Individual, na GB-Arte<\/li><li>1992 &#8211; Rio de Janeiro RJ &#8211; Individual, no Pa\u00e7o Imperial<\/li><li>1993 &#8211; S\u00e3o Paulo SP &#8211; Individual, no Gabinete de Arte Raquel Arnaud<\/li><li>1994 &#8211; Rio de Janeiro RJ &#8211; Individual, no MNBA. Galeria do S\u00e9culo XXI<\/li><li>1995 &#8211; Curitiba PR &#8211; Individual, na Casa da Imagem<\/li><li>1997 &#8211; Rio de Janeiro RJ &#8211; Individual, Atelier Finep, no Pa\u00e7o Imperial<\/li><li>1998 &#8211; Rio de Janeiro RJ &#8211; Eduardo Sued: pinturas 1980-1998, no Centro de Arte H\u00e9lio Oiticica<\/li><li>1999 &#8211; Rio de Janeiro RJ &#8211; A Gravura e Desenhos, no Museu da Ch\u00e1cara do C\u00e9u<\/li><li>1999 &#8211; Rio de Janeiro RJ &#8211; Eduardo Sued: colagens, na Galeria Paulo Fernandes<\/li><li>1999 &#8211; S\u00e3o Paulo SP &#8211; Eduardo Sued: pinturas, instala\u00e7\u00e3o, colagens, na Galeria S\u00e3o Paulo<\/li><li>2000 &#8211; Rio de Janeiro RJ &#8211; Eduardo Sued: pequeno formato, pinturas, na Galeria Objetos Diretos<\/li><li>2003 &#8211; S\u00e3o Paulo SP &#8211; Individual, na Mar\u00edlia Razuk Galeria de Arte<\/li><li>2004 &#8211; Rio de Janeiro RJ &#8211; A Experi\u00eancia da Pintura, no CCBB<\/li><li>2005 &#8211; S\u00e3o Paulo SP &#8211; Individual, na Mar\u00edlia Razuk Galeria de Arte<\/li><\/ul>\n\n\n\n<h2 class=\"wp-block-heading\"><strong>EXPOSI\u00c7\u00d5ES COLETIVAS<\/strong><\/h2>\n\n\n\n<ul class=\"wp-block-list\"><li>1953 &#8211; Paris (Fran\u00e7a) &#8211; Salon des Travaux Publics, na Galerie Metro Beaux-Arts<\/li><li>1958 &#8211; S\u00e3o Paulo SP &#8211; Coletiva de Gravuras com Grassman, Gruber e Darel<\/li><li>1962 &#8211; S\u00e3o Paulo SP &#8211; Marcelo Grassmann, Eduardo Sued, Oswaldo Goeldi e Darel, na Galeria Resid\u00eancia<\/li><li>1964 &#8211; Rio de Janeiro RJ &#8211; Coletiva, na Petite Galerie<\/li><li>1967 &#8211; Rio de Janeiro RJ &#8211; 3\u00aa O Rosto e a Obra, na Galeria Ibeu Copacabana<\/li><li>1968 &#8211; Bras\u00edlia DF &#8211; Gravura Brasileira, na Galeria Encontro<\/li><li>1970 &#8211; Crac\u00f3via (Pol\u00f4nia) &#8211; 3\u00aa Bienal Internacional de Gravura<\/li><li>1970 &#8211; Rio de Janeiro RJ &#8211; Coletiva, na Galeria Delaparra<\/li><li>1970 &#8211; Rio de Janeiro RJ &#8211; Coletiva, na Galeria Espa\u00e7o<\/li><li>2007 &#8211; Belo Horizonte \u2013 MG &#8211; Eduardo Sued \u2013 Manoel Macedo Galeria de Arte<\/li><li>1970 &#8211; San Juan (Puerto Rico) &#8211; Bienal de San Juan del Grabado Latinoamericana y del Caribe<\/li><li>1971 &#8211; Biella (It\u00e1lia) &#8211; Pr\u00eamio Internacional de Gravura<\/li><li>1971 &#8211; Helsinque (Finl\u00e2ndia) &#8211; Mostra de Gravura Brasileira, na Galeria Pinx<\/li><li>1971 &#8211; S\u00e3o Paulo SP &#8211; Coletiva, na Galeria da Collectio<\/li><li>1972 &#8211; S\u00e3o Paulo SP &#8211; Arte\/Brasil\/Hoje: 50 anos depois, na Galeria da Collectio<\/li><li>1973 &#8211; Rio de Janeiro RJ &#8211; Quatro Gravadores Brasileiros, na Galeria Grupo B<\/li><li>1973 &#8211; Roma (It\u00e1lia) &#8211; Gr\u00e1fica Brasileira Hoje, na Galeria Casa do Brasil<\/li><li>1975 &#8211; Rio de Janeiro RJ &#8211; Arte Brasileira, no MAM\/RJ<\/li><li>1976 &#8211; Buenos Aires (Argentina) &#8211; 20 Artistas Brasileiros, no Centro de Arte y Comunicaci\u00f3n<\/li><li>1978 &#8211; Caracas (Venezuela) &#8211; Quatro Artistas Brasileiros, na Fundaci\u00f3n Eugenio Mendonza<\/li><li>1978 &#8211; Rio de Janeiro RJ &#8211; 3\u00aa Arte Agora: Am\u00e9rica Latina, geometria sens\u00edvel, no MAM\/RJ<\/li><li>1981 &#8211; Porto Alegre RS &#8211; Artistas Brasileiros dos Anos 60 e 70 na Cole\u00e7\u00e3o Rubem Knijnik, no Espa\u00e7o NO Galeria Chaves<\/li><li>1981 &#8211; S\u00e3o Paulo SP &#8211; 16\u00aa Bienal Internacional de S\u00e3o Paulo, na Funda\u00e7\u00e3o Bienal<\/li><li>1981 &#8211; S\u00e3o Paulo SP &#8211; Artistas Contempor\u00e2neos Brasileiros, na Galeria de Arte S\u00e3o Paulo<\/li><li>1982 &#8211; Lisboa (Portugal) &#8211; Brasil 60 Anos de Arte Moderna: Cole\u00e7\u00e3o Gilberto Chateaubriand, no Centro de Arte Moderna Jos\u00e9 de Azeredo Perdig\u00e3o<\/li><li>1982 &#8211; Londres (Inglaterra) &#8211; Brasil 60 Anos de Arte Moderna: Cole\u00e7\u00e3o Gilberto Chateaubriand, na Barbican Art Gallery<\/li><li>1983 &#8211; Rio de Janeiro RJ &#8211; 13 Artistas\/13 Obras, na Thomas Cohn Arte Contempor\u00e2nea<\/li><li>1983 &#8211; S\u00e3o Paulo SP &#8211; Imaginar o Presente, na Gabinete de Arte Raquel Arnaud<\/li><li>1984 &#8211; Niter\u00f3i RJ &#8211; Coletiva, na Galeria de Arte UFF<\/li><li>1984 &#8211; Rio de Janeiro RJ &#8211; Coletiva, na Galeria Thomas Cohn<\/li><li>1984 &#8211; Rio de Janeiro RJ &#8211; Doa\u00e7\u00f5es Recentes 82-84, no MNBA<\/li><li>1984 &#8211; Rio de Janeiro RJ &#8211; Pintura Brasileira Atuante, no Espa\u00e7o Petrobras<\/li><li>1984 &#8211; S\u00e3o Paulo SP &#8211; Tradi\u00e7\u00e3o e Ruptura: s\u00edntese de arte e cultura brasileiras, na Funda\u00e7\u00e3o Bienal<\/li><li>1984 &#8211; S\u00e3o Paulo SP &#8211; Victor Grippo, H\u00e9rcules Barsotti, Marco do Valle, Eduardo Sued, Carlos Fajardo, no Gabinete de Arte<\/li><li>1984 &#8211; Veneza (It\u00e1lia) &#8211; 41\u00aa Bienal de Veneza<\/li><li>1985 &#8211; Porto Alegre RS &#8211; Iber\u00ea Camargo: trajet\u00f3ria e encontros, no Margs<\/li><li>1985 &#8211; Rio de Janeiro RJ &#8211; Encontros, na Petite Galerie<\/li><li>1985 &#8211; S\u00e3o Paulo SP &#8211; Destaques da Arte Contempor\u00e2nea Brasileira, no MAM\/SP<\/li><li>1986 &#8211; Bras\u00edlia DF &#8211; Iber\u00ea Camargo: trajet\u00f3ria e encontros, no Teatro Nacional Cl\u00e1udio Santoro<\/li><li>1986 &#8211; Fortaleza CE &#8211; Coletiva, na Arte Galeria<\/li><li>1986 &#8211; Niter\u00f3i RJ &#8211; A Ordem em Quest\u00e3o, na Galeria de Artes UFF<\/li><li>1986 &#8211; Porto Alegre RS &#8211; Cole\u00e7\u00e3o Rubem Knijnik: arte brasileira anos 60\/70\/80, no Margs<\/li><li>1986 &#8211; Rio de Janeiro RJ &#8211; Coletiva, na Petite Galerie<\/li><li>1986 &#8211; Rio de Janeiro RJ &#8211; Iber\u00ea Camargo: trajet\u00f3ria e encontros, no MAM\/RJ<\/li><li>1986 &#8211; S\u00e3o Paulo SP &#8211; Coletiva, na Galeria Luisa Strina<\/li><li>1986 &#8211; S\u00e3o Paulo SP &#8211; Iber\u00ea Camargo: trajet\u00f3ria e encontros, no Masp<\/li><li>1987 &#8211; S\u00e3o Paulo SP &#8211; 19\u00aa Bienal Internacional de S\u00e3o Paulo, na Funda\u00e7\u00e3o Bienal<\/li><li>1989 &#8211; Rio de Janeiro RJ &#8211; Geometria sem Manifesto, no Gabinete de Arte Cleide Wanderley<\/li><li>1989 &#8211; Rio de Janeiro RJ &#8211; Rio Hoje, no MAM\/RJ<\/li><li>1989 &#8211; S\u00e3o Paulo SP &#8211; 20\u00aa Bienal Internacional de S\u00e3o Paulo, na Funda\u00e7\u00e3o Bienal<\/li><li>1989 &#8211; S\u00e3o Paulo SP &#8211; Gesto e Estrutura, no Gabinete de Arte Raquel Arnaud<\/li><li>1990 &#8211; Atami (Jap\u00e3o) &#8211; 9\u00aa Exposi\u00e7\u00e3o Brasil-Jap\u00e3o de Arte Contempor\u00e2nea<\/li><li>1990 &#8211; Bras\u00edlia DF &#8211; 9\u00aa Exposi\u00e7\u00e3o Brasil-Jap\u00e3o de Arte Contempor\u00e2nea<\/li><li>1990 &#8211; Rio de Janeiro RJ &#8211; 9\u00aa Exposi\u00e7\u00e3o Brasil-Jap\u00e3o de Arte Contempor\u00e2nea<\/li><li>1990 &#8211; S\u00e3o Paulo SP &#8211; 9\u00aa Exposi\u00e7\u00e3o Brasil-Jap\u00e3o de Arte Contempor\u00e2nea, na Funda\u00e7\u00e3o Brasil-Jap\u00e3o<\/li><li>1990 &#8211; Sapporo (Jap\u00e3o) &#8211; 9\u00aa Exposi\u00e7\u00e3o Brasil-Jap\u00e3o de Arte Contempor\u00e2nea<\/li><li>1990 &#8211; T\u00f3quio (Jap\u00e3o) &#8211; 9\u00aa Exposi\u00e7\u00e3o Brasil-Jap\u00e3o de Arte Contempor\u00e2nea<\/li><li>1992 &#8211; Niter\u00f3i RJ &#8211; Galeria de Arte UFF: 10 anos, na Galeria de Arte UFF<\/li><li>1995 &#8211; Rio de Janeiro RJ &#8211; Cole\u00e7\u00e3o Unibanco: exposi\u00e7\u00e3o comemorativa dos 70 anos do Unibanco, no MAM\/RJ1<\/li><li>1995 &#8211; Rio de Janeiro RJ &#8211; Desafios Contempor\u00e2neos, na P. A. Objetos de Arte<\/li><li>1992 &#8211; Rio de Janeiro RJ &#8211; 1\u00aa A Caminho de Niter\u00f3i: Cole\u00e7\u00e3o Jo\u00e3o Sattamini, no Pa\u00e7o Imperial<\/li><li>1995 &#8211; Rio de Janeiro RJ &#8211; Sal\u00e3o Preto e Branco, no MNBA<\/li><li>1992 &#8211; S\u00e3o Paulo SP &#8211; Anos 60\/70: Cole\u00e7\u00e3o Gilberto Chateubriand\/Museu de Arte Moderna-RJ, na Galeria de Arte do Sesi<\/li><li>1995 &#8211; Rio de Janeiro RJ &#8211; Uma Po\u00e9tica da Reflex\u00e3o, no MNBA<\/li><li>1992 &#8211; S\u00e3o Paulo SP &#8211; Coletiva, no Gabinete de Arte Raquel Arnaud<\/li><li>1995 &#8211; S\u00e3o Paulo SP &#8211; Morandi no Brasil, no CCSP<\/li><li>1994 &#8211; Po\u00e7os de Caldas MG &#8211; Cole\u00e7\u00e3o Unibanco: exposi\u00e7\u00e3o comemorativa dos 70 anos do Unibanco, na Casa da Cultura<\/li><li>1996 &#8211; Niter\u00f3i RJ &#8211; Arte Contempor\u00e2nea Brasileira na Cole\u00e7\u00e3o Jo\u00e3o Sattamini, no MAC\/Niter\u00f3i<\/li><li>1994 &#8211; Rio de Janeiro RJ &#8211; Precis\u00e3o, no CCBB<\/li><li>1996 &#8211; Rio de Janeiro RJ &#8211; Geometria-Rio, no Pa\u00e7o Imperial<\/li><li>1994 &#8211; S\u00e3o Paulo SP &#8211; Bienal Brasil S\u00e9culo XX, na Funda\u00e7\u00e3o Bienal<\/li><li>1997 &#8211; Rio de Janeiro RJ &#8211; Pr\u00eamio Johnnie Walker, no MNBA. Sala S\u00e9culo XXI &#8211; premiado<\/li><li>1998 &#8211; Londrina PR &#8211; Arte Brasileira, na UEL<\/li><li>1998 &#8211; S\u00e3o Paulo SP &#8211; Destaques da Cole\u00e7\u00e3o Unibanco, no Instituto Moreira Salles<\/li><li>1998 &#8211; S\u00e3o Paulo SP &#8211; O Moderno e o Contempor\u00e2neo na Arte Brasileira: Cole\u00e7\u00e3o Gilberto Chateaubriand &#8211; MAM\/RJ, no Masp<\/li><li>1998 &#8211; S\u00e3o Paulo SP &#8211; Os Colecionadores &#8211; Guita e Jos\u00e9 Mindlin: matrizes e gravuras, na Galeria de Arte do Sesi<\/li><li>1999 &#8211; Niter\u00f3i RJ &#8211; Mostra Rio Gravura. Acervo Banerj, no Museu do Ing\u00e1<\/li><li>1999 &#8211; Rio de Janeiro RJ &#8211; Mostra Rio Gravura. Cole\u00e7\u00e3o Guita e Jos\u00e9 Mindlin, no Espa\u00e7o Cultural dos Correios<\/li><li>1999 &#8211; Rio de Janeiro RJ &#8211; Mostra Rio Gravura. Gravura Moderna Brasileira: Acervo Museu Nacional de Belas Artes, no MNBA<\/li><li>1999 &#8211; Rio de Janeiro RJ &#8211; Volpi e Sued, na Galeria de Arte Ipanema<\/li><li>2000 &#8211; Niter\u00f3i RJ &#8211; Pinturas na Cole\u00e7\u00e3o Jo\u00e3o Sattamini, no MAC\/Niter\u00f3i<\/li><li>2000 &#8211; S\u00e3o Paulo SP &#8211; Brasil + 500 Mostra do Redescobrimento, na Funda\u00e7\u00e3o Bienal<\/li><li>2000 &#8211; S\u00e3o Paulo SP &#8211; Investiga\u00e7\u00f5es. A Gravura Brasileira, no Ita\u00fa Cultural<\/li><li>2001 &#8211; Bras\u00edlia DF &#8211; Investiga\u00e7\u00f5es. A Gravura Brasileira, na Galeria Ita\u00fa Cultural<\/li><li>2001 &#8211; Pen\u00e1polis SP &#8211; Investiga\u00e7\u00f5es. A Gravura Brasileira, na Galeria Ita\u00fa Cultural<\/li><li>2001 &#8211; Porto Alegre RS &#8211; Cole\u00e7\u00e3o Liba e Rubem Knijnik: arte brasileira contempor\u00e2nea, no Margs<\/li><li>2001 &#8211; Rio de Janeiro RJ &#8211; A Imagem do Som de Ant\u00f4nio Carlos Jobim, no Pa\u00e7o Imperial<\/li><li>2001 &#8211; Rio de Janeiro RJ &#8211; Aquarela Brasileira, no Centro Cultural Light<\/li><li>2001 &#8211; Rio de Janeiro RJ &#8211; O Esp\u00edrito de Nossa \u00c9poca,no MAM\/RJ<\/li><li>2001 &#8211; S\u00e3o Paulo SP &#8211; O Esp\u00edrito de Nossa \u00c9poca, no MAM\/SP<\/li><li>2002 &#8211; Niter\u00f3i RJ &#8211; Di\u00e1logo, Antagonismo e Replica\u00e7\u00e3o na Cole\u00e7\u00e3o Sattamini, no MAC\/Niter\u00f3i<\/li><li>2002 &#8211; Passo Fundo RS &#8211; Gravuras: Cole\u00e7\u00e3o Paulo Dalacorte, no Museu de Artes Visuais Ruth Schneider<\/li><li>2002 &#8211; Porto Alegre RS &#8211; Gravuras: Cole\u00e7\u00e3o Paulo Dalacorte, no Museu do Trabalho<\/li><li>2002 &#8211; Rio de Janeiro RJ &#8211; A Imagem do Som do Rock Pop Brasil, no Pa\u00e7o Imperial<\/li><li>2002 &#8211; Rio de Janeiro RJ &#8211; Caminhos do Contempor\u00e2neo 1952-2002, no Pa\u00e7o Imperial<\/li><li>2002 &#8211; S\u00e3o Paulo SP &#8211; 10 Anos Mar\u00edlia Razuk, na Mar\u00edlia Razuk Galeria de Arte<\/li><li>2002 &#8211; S\u00e3o Paulo SP &#8211; 28 (+) Pintura, no Espa\u00e7o Virg\u00edlio<\/li><li>2002 &#8211; S\u00e3o Paulo SP &#8211; Geom\u00e9tricos e Cin\u00e9ticos, no Gabinete de Arte Raquel Arnaud<\/li><li>2002 &#8211; S\u00e3o Paulo SP &#8211; Mapa do Agora: arte brasileira recente na Cole\u00e7\u00e3o Jo\u00e3o Sattamini do Museu de Arte Contempor\u00e2nea de Niter\u00f3i, no Instituto Tomie Ohtake<\/li><li>2003 &#8211; Rio de Janeiro RJ &#8211; Projeto Brazilianart, na Almac\u00e9n Galeria de Arte<\/li><li>2004 &#8211; Rio de Janeiro RJ &#8211; 30 Artistas, no Mercedes Viegas Escrit\u00f3rio de Arte<\/li><li>2007 &#8211; Vila Velha \u2013 ES \u2013 \u201cArte para Crian\u00e7a\u201d \u2013 Museu Vale do Rio Doce<\/li><li>2008 &#8211; Rio de Janeiro \u2013 RJ \u2013 \u201cArte para Crian\u00e7a\u201d MAM \u2013 Rio<\/li><li>2008 &#8211; Rio de Janeiro \u2013 RJ \u2013 \u201cPoetas da Cor no MAC de NIter\u00f3i\u201d \u2013 MAC &#8211; Niter\u00f3i<\/li><\/ul>","protected":false},"excerpt":{"rendered":"<p>BIOGRAFIA Eduardo Sued (Rio de Janeiro RJ 1925). Pintor, gravador, ilustrador, desenhista, vitralista e professor. Gradua-se na Escola Nacional de Engenharia do Rio de Janeiro, em 1948. No ano seguinte estuda desenho e pintura com Henrique Boese (1897 &#8211; 1982). Entre 1950 e 1951, trabalha como desenhista no escrit\u00f3rio do arquiteto Oscar Niemeyer (1907). Em &hellip; <\/p>\n<p class=\"link-more\"><a href=\"https:\/\/galeria-ipanema.com\/en\/eduardo-sued\/\" class=\"more-link\">Continue reading<span class=\"screen-reader-text\"> &#8220;Eduardo Sued&#8221;<\/span><\/a><\/p>","protected":false},"author":178370742,"featured_media":0,"parent":0,"menu_order":0,"comment_status":"closed","ping_status":"closed","template":"","meta":{"_coblocks_attr":"","_coblocks_dimensions":"","_coblocks_responsive_height":"","_coblocks_accordion_ie_support":"","advanced_seo_description":"","jetpack_seo_html_title":"","jetpack_seo_noindex":false,"jetpack_seo_schema_type":"","_wpcom_ai_launchpad_about_page":false,"_wpcom_ai_launchpad_gallery_page":false,"_wpcom_ai_launchpad_contact_page":false,"_wpcom_ai_launchpad_events_page":false,"_wpcom_ai_launchpad_video_page":false,"_wpcom_ai_launchpad_portfolio_piece":false,"footnotes":""},"class_list":["post-1947","page","type-page","status-publish","hentry"],"jetpack_likes_enabled":false,"jetpack_sharing_enabled":false,"jetpack_shortlink":"https:\/\/wp.me\/PbBA92-vp","amp_enabled":true,"_links":{"self":[{"href":"https:\/\/galeria-ipanema.com\/en\/wp-json\/wp\/v2\/pages\/1947","targetHints":{"allow":["GET"]}}],"collection":[{"href":"https:\/\/galeria-ipanema.com\/en\/wp-json\/wp\/v2\/pages"}],"about":[{"href":"https:\/\/galeria-ipanema.com\/en\/wp-json\/wp\/v2\/types\/page"}],"author":[{"embeddable":true,"href":"https:\/\/galeria-ipanema.com\/en\/wp-json\/wp\/v2\/users\/178370742"}],"replies":[{"embeddable":true,"href":"https:\/\/galeria-ipanema.com\/en\/wp-json\/wp\/v2\/comments?post=1947"}],"version-history":[{"count":2,"href":"https:\/\/galeria-ipanema.com\/en\/wp-json\/wp\/v2\/pages\/1947\/revisions"}],"predecessor-version":[{"id":1950,"href":"https:\/\/galeria-ipanema.com\/en\/wp-json\/wp\/v2\/pages\/1947\/revisions\/1950"}],"wp:attachment":[{"href":"https:\/\/galeria-ipanema.com\/en\/wp-json\/wp\/v2\/media?parent=1947"}],"curies":[{"name":"wp","href":"https:\/\/api.w.org\/{rel}","templated":true}]}}