{"id":1877,"date":"2020-02-28T12:49:37","date_gmt":"2020-02-28T12:49:37","guid":{"rendered":"https:\/\/galeria-ipanema.com\/?page_id=1877"},"modified":"2023-03-10T13:23:16","modified_gmt":"2023-03-10T13:23:16","slug":"alfredo-volpi","status":"publish","type":"page","link":"https:\/\/galeria-ipanema.com\/en\/alfredo-volpi\/","title":{"rendered":"Alfredo Volpi"},"content":{"rendered":"<figure class=\"wp-block-image size-large is-resized\"><img data-recalc-dims=\"1\" loading=\"lazy\" decoding=\"async\" data-attachment-id=\"1879\" data-permalink=\"https:\/\/galeria-ipanema.com\/en\/alfredo-volpi\/alfredo-volpi\/\" data-orig-file=\"https:\/\/i0.wp.com\/galeria-ipanema.com\/wp-content\/uploads\/2020\/02\/alfredo-volpi.jpg?fit=900%2C700&amp;ssl=1\" data-orig-size=\"900,700\" data-comments-opened=\"1\" data-image-meta=\"{&quot;aperture&quot;:&quot;0&quot;,&quot;credit&quot;:&quot;&quot;,&quot;camera&quot;:&quot;&quot;,&quot;caption&quot;:&quot;&quot;,&quot;created_timestamp&quot;:&quot;0&quot;,&quot;copyright&quot;:&quot;&quot;,&quot;focal_length&quot;:&quot;0&quot;,&quot;iso&quot;:&quot;0&quot;,&quot;shutter_speed&quot;:&quot;0&quot;,&quot;title&quot;:&quot;&quot;,&quot;orientation&quot;:&quot;0&quot;}\" data-image-title=\"alfredo-volpi\" data-image-description=\"\" data-image-caption=\"\" data-large-file=\"https:\/\/i0.wp.com\/galeria-ipanema.com\/wp-content\/uploads\/2020\/02\/alfredo-volpi.jpg?fit=525%2C408&amp;ssl=1\" src=\"https:\/\/i0.wp.com\/galeria-ipanema.com\/wp-content\/uploads\/2020\/02\/alfredo-volpi.jpg?resize=482%2C375&#038;ssl=1\" alt=\"\" class=\"wp-image-1879\" width=\"482\" height=\"375\" srcset=\"https:\/\/i0.wp.com\/galeria-ipanema.com\/wp-content\/uploads\/2020\/02\/alfredo-volpi.jpg?w=900&amp;ssl=1 900w, https:\/\/i0.wp.com\/galeria-ipanema.com\/wp-content\/uploads\/2020\/02\/alfredo-volpi.jpg?resize=300%2C233&amp;ssl=1 300w, https:\/\/i0.wp.com\/galeria-ipanema.com\/wp-content\/uploads\/2020\/02\/alfredo-volpi.jpg?resize=768%2C597&amp;ssl=1 768w\" sizes=\"auto, (max-width: 482px) 100vw, 482px\" \/><\/figure>\n\n\n\n<h2 class=\"wp-block-heading\"><strong>BIOGRAFIA<\/strong><\/h2>\n\n\n\n<p class=\"wp-block-paragraph\">Alfredo Volpi (Lucca It\u00e1lia 1896 &#8211; S\u00e3o Paulo SP 1988). Pintor. Muda-se com os pais para S\u00e3o Paulo em 1897 e, ainda crian\u00e7a, estuda na Escola Profissional Masculina do Br\u00e1s. Mais tarde trabalha como marceneiro, entalhador e encadernador. Em 1911, torna-se pintor decorador e come\u00e7a a pintar sobre madeiras e telas. Na d\u00e9cada de 1930 passa a fazer parte do Grupo Santa Helena com v\u00e1rios artistas, como Mario Zanini (1907-1971) e Francisco Rebolo (1902-1980), entre outros. Em 1936, participa da forma\u00e7\u00e3o do Sindicato dos Artistas Pl\u00e1sticos de S\u00e3o Paulo e integra, em 1937, a Fam\u00edlia Art\u00edstica Paulista &#8211; FAP. Sua produ\u00e7\u00e3o inicial \u00e9 figurativa, destacando-se marinhas executadas em Itanha\u00e9m, S\u00e3o Paulo. No fim dos anos de 1930, mant\u00e9m contato com o pintor Em\u00eddio de Souza (1868-ca.1949). Em 1940, ganha o concurso promovido pelo Instituto do Patrim\u00f4nio Hist\u00f3rico e Art\u00edstico Nacional &#8211; IPHAN, com trabalhos realizados com base nos monumentos das cidades de S\u00e3o Miguel e Embu e encanta-se com a arte colonial, voltando-se para temas populares e religiosos. Realiza trabalhos para a Osirarte, empresa de azulejaria criada em 1940, por Rossi Osir (1890-1959). Sua primeira exposi\u00e7\u00e3o individual ocorre em S\u00e3o Paulo, na Galeria It\u00e1, em 1944. Em 1950, viaja para a Europa acompanhado de Rossi Osir e Mario Zanini, quando impressiona-se com obras pr\u00e9-renascentistas. Passa a executar, a partir da d\u00e9cada de 1950, composi\u00e7\u00f5es que gradativamente caminham para a abstra\u00e7\u00e3o. \u00c9 convidado a participar, em 1956 e 1957, das Exposi\u00e7\u00f5es Nacionais de Arte Concreta e mant\u00e9m contato com artistas e poetas do grupo concreto. Recebe, em 1953, o pr\u00eamio de Melhor Pintor Nacional da Bienal Internacional de S\u00e3o Paulo, dividido com Di Cavalcanti (1897-1976); em 1958, o Pr\u00eamio Guggenheim; em 1962 e 1966, o de melhor pintor brasileiro pela cr\u00edtica de arte do Rio de Janeiro, entre outros.<\/p>\n\n\n\n<h2 class=\"wp-block-heading\"><strong>GALERIA<\/strong><\/h2>\n\n\n\n<div class=\"wp-block-jetpack-slideshow aligncenter\" data-effect=\"slide\"><div class=\"wp-block-jetpack-slideshow_container swiper-container\"><ul class=\"wp-block-jetpack-slideshow_swiper-wrapper swiper-wrapper\"><li class=\"wp-block-jetpack-slideshow_slide swiper-slide\"><figure><img data-recalc-dims=\"1\" loading=\"lazy\" decoding=\"async\" width=\"515\" height=\"372\" alt=\"\" class=\"wp-block-jetpack-slideshow_image wp-image-4644\" data-id=\"4644\" src=\"https:\/\/i0.wp.com\/galeria-ipanema.com\/wp-content\/uploads\/2022\/09\/Alfredo-Volpi-Fachadas-Tempera-sobre-tela-242-x-33-cm-Decada-de-70-Projeto-no-1550.jpg?resize=515%2C372&#038;ssl=1\" srcset=\"https:\/\/i0.wp.com\/galeria-ipanema.com\/wp-content\/uploads\/2022\/09\/Alfredo-Volpi-Fachadas-Tempera-sobre-tela-242-x-33-cm-Decada-de-70-Projeto-no-1550.jpg?w=515&amp;ssl=1 515w, https:\/\/i0.wp.com\/galeria-ipanema.com\/wp-content\/uploads\/2022\/09\/Alfredo-Volpi-Fachadas-Tempera-sobre-tela-242-x-33-cm-Decada-de-70-Projeto-no-1550.jpg?resize=300%2C217&amp;ssl=1 300w, https:\/\/i0.wp.com\/galeria-ipanema.com\/wp-content\/uploads\/2022\/09\/Alfredo-Volpi-Fachadas-Tempera-sobre-tela-242-x-33-cm-Decada-de-70-Projeto-no-1550.jpg?resize=18%2C12&amp;ssl=1 18w\" sizes=\"(max-width: 515px) 100vw, 515px\" \/><\/figure><\/li><li class=\"wp-block-jetpack-slideshow_slide swiper-slide\"><figure><img data-recalc-dims=\"1\" loading=\"lazy\" decoding=\"async\" width=\"525\" height=\"525\" alt=\"\" class=\"wp-block-jetpack-slideshow_image wp-image-4823\" data-id=\"4823\" src=\"https:\/\/i0.wp.com\/galeria-ipanema.com\/wp-content\/uploads\/2023\/03\/alfredo-volpi.jpeg?resize=525%2C525&#038;ssl=1\" srcset=\"https:\/\/i0.wp.com\/galeria-ipanema.com\/wp-content\/uploads\/2023\/03\/alfredo-volpi.jpeg?resize=1024%2C1024&amp;ssl=1 1024w, https:\/\/i0.wp.com\/galeria-ipanema.com\/wp-content\/uploads\/2023\/03\/alfredo-volpi.jpeg?resize=300%2C300&amp;ssl=1 300w, https:\/\/i0.wp.com\/galeria-ipanema.com\/wp-content\/uploads\/2023\/03\/alfredo-volpi.jpeg?resize=150%2C150&amp;ssl=1 150w, https:\/\/i0.wp.com\/galeria-ipanema.com\/wp-content\/uploads\/2023\/03\/alfredo-volpi.jpeg?resize=768%2C767&amp;ssl=1 768w, https:\/\/i0.wp.com\/galeria-ipanema.com\/wp-content\/uploads\/2023\/03\/alfredo-volpi.jpeg?resize=12%2C12&amp;ssl=1 12w, https:\/\/i0.wp.com\/galeria-ipanema.com\/wp-content\/uploads\/2023\/03\/alfredo-volpi.jpeg?resize=1200%2C1199&amp;ssl=1 1200w, https:\/\/i0.wp.com\/galeria-ipanema.com\/wp-content\/uploads\/2023\/03\/alfredo-volpi.jpeg?resize=800%2C800&amp;ssl=1 800w, https:\/\/i0.wp.com\/galeria-ipanema.com\/wp-content\/uploads\/2023\/03\/alfredo-volpi.jpeg?resize=400%2C400&amp;ssl=1 400w, https:\/\/i0.wp.com\/galeria-ipanema.com\/wp-content\/uploads\/2023\/03\/alfredo-volpi.jpeg?resize=200%2C200&amp;ssl=1 200w, https:\/\/i0.wp.com\/galeria-ipanema.com\/wp-content\/uploads\/2023\/03\/alfredo-volpi.jpeg?resize=100%2C100&amp;ssl=1 100w, https:\/\/i0.wp.com\/galeria-ipanema.com\/wp-content\/uploads\/2023\/03\/alfredo-volpi.jpeg?w=1328&amp;ssl=1 1328w\" sizes=\"(max-width: 706px) 89vw, (max-width: 767px) 82vw, 740px\" \/><\/figure><\/li><\/ul><a class=\"wp-block-jetpack-slideshow_button-prev swiper-button-prev swiper-button-white\" role=\"button\"><\/a><a class=\"wp-block-jetpack-slideshow_button-next swiper-button-next swiper-button-white\" role=\"button\"><\/a><a aria-label=\"Pause Slideshow\" class=\"wp-block-jetpack-slideshow_button-pause\" role=\"button\"><\/a><div class=\"wp-block-jetpack-slideshow_pagination swiper-pagination swiper-pagination-white\"><\/div><\/div><\/div>\n\n\n\n<h2 class=\"wp-block-heading\"><strong>NASCIMENTO \/ MORTE<\/strong><\/h2>\n\n\n\n<p class=\"wp-block-paragraph\">1896 &#8211; Lucca (It\u00e1lia) &#8211; 14 de abril<br>1988 &#8211; S\u00e3o Paulo SP &#8211; 28 de maio<\/p>\n\n\n\n<h2 class=\"wp-block-heading\"><strong>FORMA\u00c7\u00c3O<\/strong><\/h2>\n\n\n\n<p class=\"wp-block-paragraph\">Autodidata. Volpi jamais admitiu a influ\u00eancia de pintores ou movimentos sobre sua arte, mas alguns cr\u00edticos apontam refer\u00eancias do pintor italiano Ernesto de Fiori (1884 &#8211; 1945) em obras do fim da d\u00e9cada de 1930 e in\u00edcio da d\u00e9cada de 1940<\/p>\n\n\n\n<h2 class=\"wp-block-heading\"><strong>CRONOLOGIA<\/strong><\/h2>\n\n\n\n<p class=\"wp-block-paragraph\">Pintor<\/p>\n\n\n\n<ul class=\"wp-block-list\">\n<li>1897\/1988 &#8211; S\u00e3o Paulo SP &#8211; Vem para o Brasil com seus pais, fixando-se em S\u00e3o Paulo s. d. &#8211; S\u00e3o Paulo SP &#8211; Trabalha como marceneiro-entalhador e encadernador<\/li>\n\n\n\n<li>1912 &#8211; S\u00e3o Paulo SP &#8211; Come\u00e7a a trabalhar como pintor decorador de resid\u00eancias<\/li>\n\n\n\n<li>1918 &#8211; S\u00e3o Paulo SP &#8211; Realiza com Orlando Du\u00edlio Tarqu\u00ednio Rossi (1894 &#8211; 1970) trabalho de decora\u00e7\u00e3o para o Hospital Militar, no bairro do Ipiranga. A pintura n\u00e3o foi preservada<\/li>\n\n\n\n<li>1977 &#8211; Recebe o trof\u00e9u Personalidade Global, outorgado pelo jornal O Globo e pela Rede Globo de Televis\u00e3o<\/li>\n\n\n\n<li>1935 &#8211; S\u00e3o Paulo SP &#8211; Participa da forma\u00e7\u00e3o do Grupo Santa Helena, ao lado de Francisco Rebolo (1902 &#8211; 1980), Bonadei (1906 &#8211; 1974), Cl\u00f3vis Graciano (1907 &#8211; 1988), Mario Zanini (1907 &#8211; 1971) e Fulvio Pennacchi (1905 &#8211; 1992)<\/li>\n\n\n\n<li>1936 &#8211; S\u00e3o Paulo SP &#8211; Participa da funda\u00e7\u00e3o do Sindicato dos Artistas Pl\u00e1sticos de S\u00e3o Paulo<\/li>\n\n\n\n<li>1937 &#8211; S\u00e3o Paulo SP &#8211; Recebe medalha de bronze do Museu Paulista de Belas Artes<\/li>\n\n\n\n<li>1937\/1938 &#8211; Piracicaba SP &#8211; Trabalha na decora\u00e7\u00e3o da capela da Usina de A\u00e7\u00facar de Monte Alegre, com a colabora\u00e7\u00e3o de Aldorigo Marchetti e Mario Zanini<\/li>\n\n\n\n<li>1937\/1938 &#8211; S\u00e3o Paulo SP &#8211; Integra a Fam\u00edlia Art\u00edstica Paulista &#8211; FAP ca.1938 &#8211; Itanha\u00e9m SP &#8211; Vai, durante tr\u00eas anos, toda semana para Itanha\u00e9m. Produz numerosas marinhas e conhece o pintor Em\u00eddio de Souza (1868 &#8211; ca.1949)<\/li>\n\n\n\n<li>1940\/ca.1950 &#8211; S\u00e3o Paulo SP &#8211; Realiza trabalhos para a Osirarte, de Rossi Osir (1890 &#8211; 1959)<\/li>\n\n\n\n<li>1941 &#8211; S\u00e3o Paulo SP &#8211; Recebe o pr\u00eamio de melhor trabalho para os monumentos de S\u00e3o Miguel e Embu<\/li>\n\n\n\n<li>1945 &#8211; S\u00e3o Paulo SP &#8211; Executa, com Rossi Osir, Zanini, Rebolo e outros, a decora\u00e7\u00e3o de um baile carnavalesco, cuja renda \u00e9 destinada \u00e0 funda\u00e7\u00e3o do Clube dos Artistas e Amigos da Arte<\/li>\n\n\n\n<li>1946 &#8211; S\u00e3o Paulo SP &#8211; Come\u00e7a a pintar a s\u00e9rie das &#8220;fachadas&#8221;<\/li>\n\n\n\n<li>1949 &#8211; S\u00e3o Paulo SP &#8211; Executa duas pinturas murais no Hospital de S\u00e3o Lu\u00eds Gonzaga<\/li>\n\n\n\n<li>1950 &#8211; Europa &#8211; Realiza \u00fanica viagem \u00e0 Europa, acompanhado por Mario Zanini e Rossi Osir. Permanece quase seis meses na It\u00e1lia<\/li>\n\n\n\n<li>1951 &#8211; S\u00e3o Paulo SP &#8211; Realiza pinturas murais e prepara os desenhos dos vitrais da Igreja do Cristo Oper\u00e1rio<\/li>\n\n\n\n<li>1953 &#8211; Recebe o Pr\u00eamio de Aquisi\u00e7\u00e3o da Unesco<\/li>\n\n\n\n<li>1954 &#8211; Bahia &#8211; Viaja com Theon Spanudis (1915 &#8211; 1986)<\/li>\n\n\n\n<li>1958 &#8211; Bras\u00edlia DF &#8211; Realiza afrescos e desenha paramentos para a Capela de Nossa de F\u00e1tima dos Pioneiros Sociais<\/li>\n\n\n\n<li>1958 &#8211; Estados Unidos &#8211; Recebe o Pr\u00eamio Guggenheim<\/li>\n\n\n\n<li>1959 &#8211; S\u00e3o Paulo SP &#8211; Membro do j\u00fari de sele\u00e7\u00e3o da representa\u00e7\u00e3o brasileira na 5\u00aa Bienal Internacional de S\u00e3o Paulo, no Pavilh\u00e3o Ciccilo Matarazzo Sobrinho<\/li>\n\n\n\n<li>1962 &#8211; Executa pain\u00e9is para a Companhia de Navega\u00e7\u00e3o Costeira, com aux\u00edlio do pintor D\u00e9cio Vieira (1922 &#8211; 1988)<\/li>\n\n\n\n<li>1962 &#8211; Rio de Janeiro RJ &#8211; \u00c9 escolhido pela cr\u00edtica de arte, como o melhor pintor brasileiro<\/li>\n\n\n\n<li>1966 &#8211; Bras\u00edlia DF &#8211; Realiza o afresco Vis\u00e3o de Dom Bosco, no Pal\u00e1cio Itamaraty<\/li>\n\n\n\n<li>1966 &#8211; Rio de Janeiro RJ &#8211; \u00c9 escolhido pela cr\u00edtica de arte, como o melhor pintor brasileiro<\/li>\n\n\n\n<li>1971 &#8211; Rio de Janeiro RJ &#8211; Recebe o Golfinho de Ouro pela melhor exposi\u00e7\u00e3o realizada em 1970, no MIS\/RJ<\/li>\n\n\n\n<li>1973 &#8211; Brasil &#8211; Recebe o t\u00edtulo de Gr\u00e3o Mestre da Ordem do Rio Branco<\/li>\n\n\n\n<li>1973 &#8211; It\u00e1lia &#8211; Recebe o t\u00edtulo de Comendador da Ordem do M\u00e9rito da Rep\u00fablica Italiana<\/li>\n\n\n\n<li>1973 &#8211; S\u00e3o Paulo SP &#8211; Recebe da C\u00e2mara Municipal de S\u00e3o Paulo a Medalha Anchieta<\/li>\n\n\n\n<li>1973 &#8211; S\u00e3o Paulo SP &#8211; Recebe o pr\u00eamio Personalidade Global do Governo do Estado<\/li>\n\n\n\n<li>1973 &#8211; S\u00e3o Paulo SP &#8211; Recebe pr\u00eamio da Associa\u00e7\u00e3o Paulista de Cr\u00edticos de Artes &#8211; APCA<\/li>\n\n\n\n<li>1975 &#8211; Ol\u00edvio Tavares de Ara\u00fajo realiza o document\u00e1rio Alfredo Volpi<\/li>\n\n\n\n<li>1975 &#8211; Recebe a medalha Pero Vaz de Caminha e a placa de prata Phillips do Brasil<\/li>\n\n\n\n<li>1976 &#8211; S\u00e3o Paulo SP &#8211; Recebe a Ordem do Ipiranga e \u00e9 homenageado na C\u00e2mara Municipal de S\u00e3o Paulo<\/li>\n\n\n\n<li>1977 &#8211; Recebe o diploma Bandeirante do Brasil, conferido pelo Instituto Nacional de Expans\u00e3o Cultural<\/li>\n\n\n\n<li>1977 &#8211; Recebe o trof\u00e9u Personalidade Global, outorgado pelo jornal O Globo e pela Rede Globo de Televis\u00e3o<\/li>\n\n\n\n<li>1977 &#8211; S\u00e3o Paulo SP &#8211; \u00c9 homenageado com o Trof\u00e9u Francisco Matarazzo Sobrinho, no Centro Cultural Francisco Matarazzo Sobrinho<\/li>\n\n\n\n<li>1978 &#8211; Recebe medalha de prata de Legi\u00e3o de Honra Giuseppe Garibaldi<\/li>\n\n\n\n<li>1983 &#8211; S\u00e3o Paulo SP &#8211; Recebe Medalha Paulista, em homenagem da Paulistur<\/li>\n\n\n\n<li>1986 &#8211; Nova York (Estados Unidos) &#8211; Pr\u00eamio de Artes Pl\u00e1sticas Gabriela Mistral, da Organiza\u00e7\u00e3o dos Estados Americanos<\/li>\n<\/ul>\n\n\n\n<h2 class=\"wp-block-heading\"><strong>EXPOSI\u00c7\u00d5ES INDIVIDUAIS<\/strong><\/h2>\n\n\n\n<ul class=\"wp-block-list\">\n<li>1944 &#8211; S\u00e3o Paulo SP &#8211; Individual, na Galeria It\u00e1<\/li>\n\n\n\n<li>1945 &#8211; S\u00e3o Paulo SP &#8211; Individual, na Galeria Domus<\/li>\n\n\n\n<li>1946 &#8211; S\u00e3o Paulo SP &#8211; Individual, na Galeria Domus<\/li>\n\n\n\n<li>1955 &#8211; S\u00e3o Paulo SP &#8211; Individual, na Galeria Tenreiro<\/li>\n\n\n\n<li>1956 &#8211; S\u00e3o Paulo SP &#8211; Individual, no MAM\/SP<\/li>\n\n\n\n<li>1957 &#8211; Rio de Janeiro RJ &#8211; Alfredo Volpi: retrospectiva, no MAM\/RJ<\/li>\n\n\n\n<li>1960 &#8211; S\u00e3o Paulo SP &#8211; Individual, na Galeria S\u00e3o Lu\u00eds<\/li>\n\n\n\n<li>1962 &#8211; Rio de Janeiro RJ &#8211; Individual, na Petite Galerie<\/li>\n\n\n\n<li>1965 &#8211; Rio de Janeiro RJ &#8211; Individual, na Petite Galerie<\/li>\n\n\n\n<li>1969 &#8211; S\u00e3o Paulo SP &#8211; Vinte Anos da Pintura de Alfredo Volpi 1948\/1968, Galeria Cosme Velho<\/li>\n\n\n\n<li>1970 &#8211; Rio de Janeiro RJ &#8211; Individual, na Petite Galerie<\/li>\n\n\n\n<li>1971 &#8211; S\u00e3o Paulo SP &#8211; Individual, na Galeria Ralph Camargo<\/li>\n\n\n\n<li>1972 &#8211; Rio de Janeiro RJ &#8211; Alfredo Volpi: alguns trabalhos selecionados 1925-1972, na Galeria Barcinsky<\/li>\n\n\n\n<li>1972 &#8211; Rio de Janeiro RJ &#8211; Alfredo Volpi: pintura 1914-1972, no MAM\/RJ<\/li>\n\n\n\n<li>1975 &#8211; S\u00e3o Paulo SP &#8211; Alfredo Volpi: retrospectiva, no MAM\/SP<\/li>\n\n\n\n<li>1976 &#8211; Campinas SP &#8211; Volpi: a vis\u00e3o essencial, no MACC&#8217;<\/li>\n\n\n\n<li>1976 &#8211; S\u00e3o Paulo SP &#8211; Individual, na Galeria Cosme Velho<\/li>\n\n\n\n<li>1980 &#8211; Bras\u00edlia DF &#8211; Individual, na Galeria Oswaldo Goeldi<\/li>\n\n\n\n<li>1980 &#8211; Rio de Janeiro RJ &#8211; T\u00eamperas de Alfredo Volpi, na Acervo Galeria de Arte<\/li>\n\n\n\n<li>1980 &#8211; S\u00e3o Paulo SP &#8211; Volpi &#8211; As Pequenas Grandes Obras: tr\u00eas d\u00e9cadas de pintura, na A Ponte Galeria de Arte<\/li>\n\n\n\n<li>1981 &#8211; S\u00e3o Paulo SP &#8211; A. Volpi: os primeiros anos e a d\u00e9cada de 20, na Galeria Cosme Velho<\/li>\n\n\n\n<li>1984 &#8211; Bras\u00edlia DF &#8211; Individual, na Oscar Seraphico Galeria de Arte<\/li>\n\n\n\n<li>1985 &#8211; Rio de Janeiro RJ &#8211; Individual, na Galeria Bonino<\/li>\n\n\n\n<li>1985 &#8211; S\u00e3o Paulo SP &#8211; Volpi 89 anos, na Dan Galeria<\/li>\n\n\n\n<li>1986 &#8211; S\u00e3o Paulo SP &#8211; Alfredo Volpi: 90 anos. Um registro documental por Calixto, no MAC\/USP<\/li>\n\n\n\n<li>1986 &#8211; S\u00e3o Paulo SP &#8211; Volpi: 90 anos, no MAM\/SP<\/li>\n\n\n\n<li>1987 &#8211; Rio de Janeiro RJ &#8211; A. Volpi: obras de diferentes \u00e9pocas, na Galeria Contorno<\/li>\n<\/ul>\n\n\n\n<h2 class=\"wp-block-heading\"><strong>EXPOSI\u00c7\u00d5ES COLETIVAS<\/strong><\/h2>\n\n\n\n<ul class=\"wp-block-list\">\n<li>1925 &#8211; S\u00e3o Paulo SP &#8211; 2\u00aa Exposi\u00e7\u00e3o Geral de Belas Artes, no Pal\u00e1cio das Ind\u00fastrias<\/li>\n\n\n\n<li>1928 &#8211; S\u00e3o Paulo SP &#8211; Sal\u00e3o de Belas Artes Muse Italiche, no Pal\u00e1cio das Ind\u00fastrias &#8211; medalha de ouro<\/li>\n\n\n\n<li>1933 &#8211; Rio de Janeiro RJ &#8211; 40\u00aa Exposi\u00e7\u00e3o Geral de Belas Artes, na Enba &#8211; medalha de bronze<\/li>\n\n\n\n<li>1934 &#8211; S\u00e3o Paulo SP &#8211; 1\u00ba Sal\u00e3o Paulista de Belas Artes, na Rua 11 de Agosto<\/li>\n\n\n\n<li>1935 &#8211; S\u00e3o Paulo SP &#8211; 3\u00ba Sal\u00e3o Paulista de Belas Artes, medalha de bronze<\/li>\n\n\n\n<li>1936 &#8211; S\u00e3o Paulo SP &#8211; 4\u00ba Sal\u00e3o Paulista de Belas Artes<\/li>\n\n\n\n<li>1936 &#8211; S\u00e3o Paulo SP &#8211; Exposi\u00e7\u00e3o de Pequenos Quadros, no Pal\u00e1cio das Arcadas<\/li>\n\n\n\n<li>1937 &#8211; S\u00e3o Paulo SP &#8211; 1\u00ba Sal\u00e3o da Fam\u00edlia Art\u00edstica Paulista, no Esplanada Hotel de S\u00e3o Paulo<\/li>\n\n\n\n<li>1938 &#8211; S\u00e3o Paulo SP &#8211; 2\u00ba Sal\u00e3o de Maio, no Esplanada Hotel de S\u00e3o Paulo<\/li>\n\n\n\n<li>1938 &#8211; S\u00e3o Paulo SP &#8211; 4\u00ba Sal\u00e3o do Sindicato dos Artistas Pl\u00e1sticos<\/li>\n\n\n\n<li>1939 &#8211; S\u00e3o Paulo SP &#8211; 2\u00ba Sal\u00e3o da Fam\u00edlia Art\u00edstica Paulista, no Autom\u00f3vel Clube<\/li>\n\n\n\n<li>1939 &#8211; S\u00e3o Paulo SP &#8211; 3\u00ba Sal\u00e3o de Maio, na Galeria It\u00e1<\/li>\n\n\n\n<li>1939 &#8211; S\u00e3o Paulo SP &#8211; 5\u00ba Sal\u00e3o do Sindicato dos Artistas Pl\u00e1sticos, na Galeria Prestes Maia<\/li>\n\n\n\n<li>1940 &#8211; Porto Alegre RS &#8211; 2\u00ba Sal\u00e3o do Instituto de Belas Artes do Rio Grande do Sul<\/li>\n\n\n\n<li>1940 &#8211; Rio de Janeiro RJ &#8211; 46\u00ba Sal\u00e3o Nacional de Belas Artes, no MNBA<\/li>\n\n\n\n<li>1940 &#8211; Rio de Janeiro RJ &#8211; 3\u00ba Sal\u00e3o da Fam\u00edlia Art\u00edstica Paulista, no Palace Hotel<\/li>\n\n\n\n<li>1941 &#8211; Rio de Janeiro RJ &#8211; 47\u00ba Sal\u00e3o Nacional de Belas Artes, no MNBA<\/li>\n\n\n\n<li>1941 &#8211; S\u00e3o Paulo SP &#8211; 1\u00ba Sal\u00e3o da Osirarte, na Rua Bar\u00e3o de Itapetininga, 124<\/li>\n\n\n\n<li>1941 &#8211; S\u00e3o Paulo SP &#8211; 6\u00ba Sal\u00e3o do Sindicato dos Artistas Pl\u00e1sticos, na Galeria Prestes Maia<\/li>\n\n\n\n<li>1941 &#8211; S\u00e3o Paulo SP &#8211; 1\u00ba Sal\u00e3o de Arte da Feira Nacional de Ind\u00fastrias, no Parque da \u00c1gua Branca<\/li>\n\n\n\n<li>1942 &#8211; Rio de Janeiro RJ &#8211; 48\u00ba Sal\u00e3o Nacional de Belas Artes, no MNBA<\/li>\n\n\n\n<li>1942 &#8211; S\u00e3o Paulo SP &#8211; 7\u00ba Sal\u00e3o do Sindicato dos Artistas Pl\u00e1sticos, na Galeria Prestes Maia<\/li>\n\n\n\n<li>1943 &#8211; Rio de Janeiro RJ &#8211; 49\u00ba Sal\u00e3o Nacional de Belas Artes, no MNBA<\/li>\n\n\n\n<li>1943 &#8211; Rio de Janeiro RJ &#8211; Exposi\u00e7\u00e3o Anti-Eixo, no Museu Hist\u00f3rico e Diplom\u00e1tico &#8211; Pal\u00e1cio Itamaraty<\/li>\n\n\n\n<li>1943 &#8211; Rio de Janeiro RJ &#8211; Exposi\u00e7\u00e3o de Azulejos da Osirarte, no MNBA<\/li>\n\n\n\n<li>1944 &#8211; Belo Horizonte MG &#8211; Exposi\u00e7\u00e3o de Arte Moderna, no Edif\u00edcio Mariana<\/li>\n\n\n\n<li>1944 &#8211; Londres (Inglaterra) &#8211; Exhibition of Modern Brazilian Paintings, na Royal Academy of Arts<\/li>\n\n\n\n<li>1944 &#8211; Norwich (Inglaterra) &#8211; Exhibition of Modern Brazilian Paintings, no Norwich Castle and Museum<\/li>\n\n\n\n<li>1944 &#8211; S\u00e3o Paulo SP &#8211; 9\u00ba Sal\u00e3o do Sindicato dos Artistas Pl\u00e1sticos, na Galeria Prestes Maia<\/li>\n\n\n\n<li>1944 &#8211; S\u00e3o Paulo SP &#8211; Nelson N\u00f3brega, Alfredo Volpi, Anita Malfatti, Cl\u00f3vis Graciano, Hilde Weber e Francisco Rebolo, na Galeria Jaragu\u00e1<\/li>\n\n\n\n<li>1945 &#8211; Bath (Inglaterra) &#8211; Exhibition of Modern Brazilian Paintings, no Victiry Art Gallery<\/li>\n\n\n\n<li>1945 &#8211; Bristol (Inglaterra) &#8211; Exhibition of Modern Brazilian Paintings, no Bristol City Museum &amp; Art Gallery<\/li>\n\n\n\n<li>1945 &#8211; Edimburgo (Esc\u00f3cia) &#8211; Exhibition of Modern Brazilian Paintings, na National Gallery<\/li>\n\n\n\n<li>1945 &#8211; Glasgow (Esc\u00f3cia) &#8211; Exhibition of Modern Brazilian Paintings, na Kelingrove Art Gallery<\/li>\n\n\n\n<li>1945 &#8211; Manchester (Inglaterra) &#8211; Exhibition of Modern Brazilian Paintings, na Manchester Art Gallery<\/li>\n\n\n\n<li>1945 &#8211; S\u00e3o Paulo SP &#8211; Alfredo Volpi, Bonadei, Carlos Prado, Quirino da Silva, Francisco Rebolo, Mario Zanini e Jos\u00e9 Pancetti, na Galeria Benedetti<\/li>\n\n\n\n<li>1945 &#8211; S\u00e3o Paulo SP &#8211; Anita Malfati, Virg\u00ednia Artigas, Cl\u00f3vis Graciano, Mick Carnicelli, Oswald de Andrade Filho, Jos\u00e9 Pancetti, Carlos Prado, Francisco Rebolo, Quirino da Silva, Alfredo Volpi, Mario Zanini, na Galeria Itapetininga<\/li>\n\n\n\n<li>1945 &#8211; S\u00e3o Paulo SP &#8211; Galeria Domus: mostra inaugural, na Galeria Domus<\/li>\n\n\n\n<li>1946 &#8211; Buenos Aires (Argentina) &#8211; Osirarte, no Sal\u00f3n Peuser<\/li>\n\n\n\n<li>1946 &#8211; S\u00e3o Paulo SP &#8211; 10\u00ba Sal\u00e3o do Sindicato dos Artistas Pl\u00e1sticos, na Galeria Prestes Maia &#8211; Pr\u00eamio M\u00e1rio de Andrade<\/li>\n\n\n\n<li>1946 &#8211; S\u00e3o Paulo SP &#8211; Osirarte, na Galeria Benedetti<\/li>\n\n\n\n<li>1947 &#8211; Mendoza (Argentina) &#8211; Osirarte, na Galeria Gimenez<\/li>\n\n\n\n<li>1947 &#8211; S\u00e3o Paulo SP &#8211; 11\u00ba Sal\u00e3o do Sindicato dos Artistas Pl\u00e1sticas, na Galeria Prestes Maia<\/li>\n\n\n\n<li>1948 &#8211; Rio de Janeiro RJ &#8211; Pintores Paulistas, no Minist\u00e9rio da Educa\u00e7\u00e3o e Cultura<\/li>\n\n\n\n<li>1948 &#8211; S\u00e3o Paulo SP &#8211; 12\u00ba Sal\u00e3o dos Sindicato dos Artistas Pl\u00e1sticos, na Galeria Domus<\/li>\n\n\n\n<li>1948 &#8211; S\u00e3o Paulo SP &#8211; Mario Zanini, Rebolo, S\u00e9rgio Milliet e Volpi, na Galeria Domus<\/li>\n\n\n\n<li>1949 &#8211; Rio de Janeiro RJ &#8211; Exposi\u00e7\u00e3o da Pintura Paulista<\/li>\n\n\n\n<li>1949 &#8211; Salvador BA &#8211; 1\u00ba Sal\u00e3o Baiano de Belas Artes, no Hotel Bahia<\/li>\n\n\n\n<li>1950 &#8211; S\u00e3o Paulo SP &#8211; Alfredo Volpi, Nelson N\u00f3brega, Zanini, Francisco Rebolo, na Galeria Domus<\/li>\n\n\n\n<li>1950 &#8211; Veneza (It\u00e1lia) &#8211; 25\u00aa Bienal de Veneza<\/li>\n\n\n\n<li>1951 &#8211; S\u00e3o Paulo SP &#8211; 1\u00aa Bienal Internacional de S\u00e3o Paulo, no Pavilh\u00e3o do Trianon<\/li>\n\n\n\n<li>1951 &#8211; S\u00e3o Paulo SP &#8211; 1\u00ba Sal\u00e3o Paulista de Arte Moderna, na Galeria Prestes Maia<\/li>\n\n\n\n<li>1952 &#8211; Rio de Janeiro RJ &#8211; Exposi\u00e7\u00e3o de Artistas Brasileiros, no MAM\/RJ<\/li>\n\n\n\n<li>1952 &#8211; S\u00e3o Paulo SP &#8211; Volpi, Zanini, Rossi, no Centro Cultural \u00cdtalo-Brasileiro<\/li>\n\n\n\n<li>1952 &#8211; Veneza (It\u00e1lia) &#8211; 26\u00aa Bienal de Veneza &#8211; pr\u00eamio aquisi\u00e7\u00e3o<\/li>\n\n\n\n<li>1953 &#8211; S\u00e3o Paulo SP &#8211; 2\u00aa Bienal Internacional de S\u00e3o Paulo, no Pavilh\u00e3o dos Estados &#8211; pr\u00eamio de melhor pintor nacional, dividido com Di Cavalcanti<\/li>\n\n\n\n<li>1953 &#8211; S\u00e3o Paulo SP &#8211; Congresso Extraordin\u00e1rio da Associa\u00e7\u00e3o Internacional de Cr\u00edticos de Arte, no Masp<\/li>\n\n\n\n<li>1954 &#8211; Goi\u00e2nia GO &#8211; Exposi\u00e7\u00e3o do Congresso Nacional de Intelectuais<\/li>\n\n\n\n<li>1954 &#8211; Roma (It\u00e1lia) &#8211; Exposi\u00e7\u00e3o Brasileira, na Galleria Nazionale d&#8217;Arte Moderna<\/li>\n\n\n\n<li>1954 &#8211; S\u00e3o Paulo SP &#8211; Arte Contempor\u00e2nea: exposi\u00e7\u00e3o do acervo do Museu de Arte Moderna de S\u00e3o Paulo, no MAM\/SP<\/li>\n\n\n\n<li>1954 &#8211; Veneza (It\u00e1lia) &#8211; 27\u00aa Bienal de Veneza<\/li>\n\n\n\n<li>1955 &#8211; S\u00e3o Paulo SP &#8211; 3\u00aa Bienal Internacional de S\u00e3o Paulo, no Pavilh\u00e3o das Na\u00e7\u00f5es<\/li>\n\n\n\n<li>1955 &#8211; S\u00e3o Paulo SP &#8211; 4\u00ba Sal\u00e3o Paulista de Arte Moderna, na Galeria Prestes Maia &#8211; Pr\u00eamio Governador do Estado<\/li>\n\n\n\n<li>1956 &#8211; S\u00e3o Paulo SP &#8211; 1\u00aa Exposi\u00e7\u00e3o Nacional de Arte Concreta, no MAM\/SP<\/li>\n\n\n\n<li>1956 &#8211; S\u00e3o Paulo SP &#8211; 50 Anos de Paisagem Brasileira, no MAM\/SP<\/li>\n\n\n\n<li>1957 &#8211; Rio de Janeiro RJ &#8211; 1\u00aa Exposi\u00e7\u00e3o Nacional de Arte Concreta, no MAM\/RJ<\/li>\n\n\n\n<li>1957 &#8211; S\u00e3o Paulo SP &#8211; 4\u00aa Bienal Internacional de S\u00e3o Paulo, no Pavilh\u00e3o Ciccilo Matarazzo Sobrinho<\/li>\n\n\n\n<li>1959 &#8211; Leverkusen (Alemanha) &#8211; Primeira Exposi\u00e7\u00e3o Coletiva de Artistas Brasileiros na Europa<\/li>\n\n\n\n<li>1959 &#8211; Munique (Alemanha) &#8211; Primeira Exposi\u00e7\u00e3o Coletiva de Artistas Brasileiros na Europa, no Kunsthaus<\/li>\n\n\n\n<li>1959 &#8211; Nova York (Estados Unidos) &#8211; Guggenheim International Award: 1958, no Solomon R. Guggenheim Museum<\/li>\n\n\n\n<li>1959 &#8211; Rio de Janeiro RJ &#8211; 30 Anos de Arte Brasileira, na Galeria Macuna\u00edma<\/li>\n\n\n\n<li>1959 &#8211; T\u00f3quio (Jap\u00e3o) &#8211; 5\u00aa Bienal de T\u00f3quio<\/li>\n\n\n\n<li>1959 &#8211; Viena (\u00c1ustria) &#8211; Primeira Exposi\u00e7\u00e3o Coletiva de Artistas Brasileiros na Europa<\/li>\n\n\n\n<li>1960 &#8211; Hamburgo (Alemanha) &#8211; Primeira Exposi\u00e7\u00e3o Coletiva de Artistas Brasileiros na Europa<\/li>\n\n\n\n<li>1960 &#8211; Lisboa (Portugal) &#8211; Primeira Exposi\u00e7\u00e3o Coletiva de Artistas Brasileiros na Europa<\/li>\n\n\n\n<li>1960 &#8211; Madri (Espanha) &#8211; Primeira Exposi\u00e7\u00e3o Coletiva de Artistas Brasileiros na Europa<\/li>\n\n\n\n<li>1960 &#8211; Paris (Fran\u00e7a) &#8211; Primeira Exposi\u00e7\u00e3o Coletiva de Artistas Brasileiros na Europa<\/li>\n\n\n\n<li>1960 &#8211; S\u00e3o Paulo SP &#8211; Cole\u00e7\u00e3o Leirner, na Galeria de Arte das Folhas<\/li>\n\n\n\n<li>1960 &#8211; Utrecht (Holanda) &#8211; Primeira Exposi\u00e7\u00e3o Coletiva de Artistas Brasileiros na Europa<\/li>\n\n\n\n<li>1961 &#8211; Rio de Janeiro RJ &#8211; 1\u00aa O Rosto e a Obra, na Galeria Ibeu Copacabana<\/li>\n\n\n\n<li>1961 &#8211; S\u00e3o Paulo SP &#8211; 6\u00aa Bienal Internacional de S\u00e3o Paulo, no Pavilh\u00e3o Ciccilo Matarazzo Sobrinho<\/li>\n\n\n\n<li>1962 &#8211; S\u00e3o Paulo SP &#8211; Sele\u00e7\u00e3o de Obras de Arte Brasileira da Cole\u00e7\u00e3o Ernesto Wolf, no MAM\/SP<\/li>\n\n\n\n<li>1963 &#8211; Campinas SP &#8211; Pintura e Escultura Contempor\u00e2neas, no Museu Carlos Gomes<\/li>\n\n\n\n<li>1963 &#8211; Rio de Janeiro RJ &#8211; A Paisagem como Tema, na Galeria Ibeu Copacabana<\/li>\n\n\n\n<li>1963 &#8211; S\u00e3o Paulo SP &#8211; Galeria Novas Tend\u00eancias: coletiva inaugural, na Associa\u00e7\u00e3o de Artes Visuais Novas Tend\u00eancias<\/li>\n\n\n\n<li>1963 &#8211; Stuttgart (Alemanha) &#8211; Mostra, na Galeria do Studium Generale<\/li>\n\n\n\n<li>1964 &#8211; Rio de Janeiro RJ &#8211; O Nu na Arte Contempor\u00e2nea, na Galeria Ibeu Copacabana<\/li>\n\n\n\n<li>1964 &#8211; Veneza (It\u00e1lia) &#8211; 32\u00aa Bienal de Veneza<\/li>\n\n\n\n<li>1966 &#8211; Rio de Janeiro RJ &#8211; O Artista e a M\u00e1quina, no MAM\/RJ<\/li>\n\n\n\n<li>1966 &#8211; Salvador BA &#8211; 1\u00aa Bienal Nacional de Artes Pl\u00e1sticas &#8211; Hors Concours<\/li>\n\n\n\n<li>1966 &#8211; S\u00e3o Paulo SP &#8211; Meio S\u00e9culo de Arte Nova, no MAC\/USP<\/li>\n\n\n\n<li>1966 &#8211; S\u00e3o Paulo SP &#8211; O Artista e a M\u00e1quina, no Masp<\/li>\n\n\n\n<li>1966 &#8211; S\u00e3o Paulo SP &#8211; O Grupo do Santa Helena, Hoje, na Galeria 4 Planetas<\/li>\n\n\n\n<li>1966 &#8211; S\u00e3o Paulo SP &#8211; Tr\u00eas Premissas, no MAB\/Faap<\/li>\n\n\n\n<li>1967 &#8211; S\u00e3o Paulo SP &#8211; A Fam\u00edlia Art\u00edstica Paulista: trinta anos depois, no Audit\u00f3rio It\u00e1lia<\/li>\n\n\n\n<li>1970 &#8211; S\u00e3o Paulo SP &#8211; 2\u00ba Panorama de Arte Atual Brasileira, no MAM\/SP &#8211; pr\u00eamio melhor pintor nacional<\/li>\n\n\n\n<li>1971 &#8211; Rio de Janeiro RJ &#8211; 9\u00ba Resumo de Arte JB, no MAM\/RJ<\/li>\n\n\n\n<li>1972 &#8211; S\u00e3o Paulo SP &#8211; 2\u00aa Exposi\u00e7\u00e3o Internacional de Gravura, no MAM\/SP<\/li>\n\n\n\n<li>1972 &#8211; S\u00e3o Paulo SP &#8211; A Semana de 22: antecendentes e conseq\u00fc\u00eancias, no Masp<\/li>\n\n\n\n<li>1972 &#8211; S\u00e3o Paulo SP &#8211; Arte\/Brasil\/Hoje: 50 anos depois, na Galeria da Collectio<\/li>\n\n\n\n<li>1972 &#8211; S\u00e3o Paulo SP &#8211; Grupo Santa Helena: desenhos, na Azul\u00e3o Galeria<\/li>\n\n\n\n<li>1972 &#8211; S\u00e3o Paulo SP &#8211; Tem\u00e1tica Brasileira, no Pa\u00e7o das Artes<\/li>\n\n\n\n<li>1973 &#8211; S\u00e3o Paulo SP &#8211; 1\u00aa Exposi\u00e7\u00e3o de Belas Artes Brasil-Jap\u00e3o<\/li>\n\n\n\n<li>1973 &#8211; S\u00e3o Paulo SP &#8211; 5\u00ba Panorama de Arte Atual Brasileira, no MAM\/SP<\/li>\n\n\n\n<li>1973 &#8211; S\u00e3o Paulo SP &#8211; Oito Pintores do Grupo Santa Helena, na Uirapuru Galeria de Arte<\/li>\n\n\n\n<li>1975 &#8211; Rio de Janeiro RJ &#8211; 2\u00aa Exposi\u00e7\u00e3o de Belas Artes Brasil-Jap\u00e3o, no Centro Lume<\/li>\n\n\n\n<li>1975 &#8211; S\u00e3o Paulo SP &#8211; 2\u00aa Exposi\u00e7\u00e3o de Belas Artes Brasil-Jap\u00e3o, na Assembl\u00e9ia Legislativa do Estado de S\u00e3o Paulo<\/li>\n\n\n\n<li>1975 &#8211; S\u00e3o Paulo SP &#8211; 40 Anos: Grupo Santa Helena, no MIS\/SP<\/li>\n\n\n\n<li>1975 &#8211; S\u00e3o Paulo SP &#8211; O Modernismo de 1917 a 1930, no Museu Lasar Segall<\/li>\n\n\n\n<li>1976 &#8211; S\u00e3o Paulo SP &#8211; 8\u00ba Panorama de Arte Atual Brasileira, no MAM\/SP<\/li>\n\n\n\n<li>1976 &#8211; S\u00e3o Paulo SP &#8211; Os Sal\u00f5es: da Fam\u00edlia Art\u00edstica Paulista, de Maio e do Sindicato dos Artistas Pl\u00e1sticos de S\u00e3o Paulo, no Museu Lasar Segall<\/li>\n\n\n\n<li>1977 &#8211; Rio de Janeiro RJ &#8211; Projeto Construtivo Brasileiro na Arte: 1950-1962, no MAM\/RJ<\/li>\n\n\n\n<li>1977 &#8211; S\u00e3o Paulo SP &#8211; Grupo Seibi &#8211; Grupo do Santa Helena: d\u00e9cada 35 a 45, no MAB\/Faap<\/li>\n\n\n\n<li>1977 &#8211; S\u00e3o Paulo SP &#8211; Projeto Construtivo Brasileiro na Arte: 1950-1962, na Pinacoteca do Estado<\/li>\n\n\n\n<li>1978 &#8211; Pen\u00e1polis SP &#8211; 3\u00ba Sal\u00e3o de Artes Pl\u00e1sticas da Noroeste, na Funda\u00e7\u00e3o Educacional de Pen\u00e1polis. Faculdade de Filosofia, Ci\u00eancias e Letras de Pen\u00e1polis<\/li>\n\n\n\n<li>1978 &#8211; Rio de Janeiro RJ &#8211; 3\u00aa Arte Agora: Am\u00e9rica Latina, geometria sens\u00edvel, no MAM\/RJ<\/li>\n\n\n\n<li>1978 &#8211; S\u00e3o Paulo SP &#8211; As Bienais e a Abstra\u00e7\u00e3o: a d\u00e9cada de 50, no Museu Lasar Segall<\/li>\n\n\n\n<li>1978 &#8211; S\u00e3o Paulo SP &#8211; Construtivistas e Figurativos na Cole\u00e7\u00e3o Theon Spanudis, no Centro de Artes Porto Seguro<\/li>\n\n\n\n<li>1979 &#8211; S\u00e3o Paulo SP &#8211; 15\u00aa Bienal Internacional de S\u00e3o Paulo, na Funda\u00e7\u00e3o Bienal<\/li>\n\n\n\n<li>1979 &#8211; S\u00e3o Paulo SP &#8211; 4\u00aa Exposi\u00e7\u00e3o de Belas Artes Brasil-Jap\u00e3o<\/li>\n\n\n\n<li>1979 &#8211; S\u00e3o Paulo SP &#8211; Cole\u00e7\u00e3o Theon Spanudis, no MAC\/USP<\/li>\n\n\n\n<li>1979 &#8211; S\u00e3o Paulo SP &#8211; Desenhos nos Anos 40: homenagem a S\u00e9rgio Milliet, na Biblioteca Municipal M\u00e1rio de Andrade<\/li>\n\n\n\n<li>1979 &#8211; S\u00e3o Paulo SP &#8211; O Grupo Santa Helena, na Uirapuru Galeria de Arte<\/li>\n\n\n\n<li>1979 &#8211; S\u00e3o Paulo SP &#8211; Quatro Coloristas, na Christina Faria de Paula Galeria de Arte<\/li>\n\n\n\n<li>1980 &#8211; Buenos Aires (Argentina) &#8211; Ochenta A\u00f1os de Arte Brasile\u00f1o, no Banco Ita\u00fa<\/li>\n\n\n\n<li>1980 &#8211; Rio de Janeiro RJ &#8211; Homenagem a M\u00e1rio Pedrosa, na Galeria Jean Boghici<\/li>\n\n\n\n<li>1980 &#8211; Rio de Janeiro RJ &#8211; Milton Dacosta, Volpi, Bruno Giorgi, na Acervo Galeria de Arte<\/li>\n\n\n\n<li>1980 &#8211; Santiago (Chile) &#8211; 20 Pintores Brasile\u00f1os, na Academia Chilena de Bellas Artes<\/li>\n\n\n\n<li>1981 &#8211; Atami (Jap\u00e3o) &#8211; 5\u00aa Exposi\u00e7\u00e3o de Belas Artes Brasil-Jap\u00e3o<\/li>\n\n\n\n<li>1981 &#8211; Bras\u00edlia DF &#8211; 5\u00aa Exposi\u00e7\u00e3o de Belas Artes Brasil-Jap\u00e3o<\/li>\n\n\n\n<li>1981 &#8211; Kioto (Jap\u00e3o) &#8211; 5\u00aa Exposi\u00e7\u00e3o de Belas Artes Brasil-Jap\u00e3o<\/li>\n\n\n\n<li>1981 &#8211; Macei\u00f3 AL &#8211; Artistas Brasileiros da Primeira Metade do S\u00e9culo XX, no Instituto Hist\u00f3rico e Geogr\u00e1fico<\/li>\n\n\n\n<li>1981 &#8211; Nekai (Jap\u00e3o) &#8211; 5\u00aa Exposi\u00e7\u00e3o de Belas Artes Brasil-Jap\u00e3o<\/li>\n\n\n\n<li>1981 &#8211; Rio de Janeiro RJ &#8211; Do Moderno ao Contempor\u00e2neo: Cole\u00e7\u00e3o Gilberto Chateaubriand, no MAM\/RJ<\/li>\n\n\n\n<li>1981 &#8211; S\u00e3o Paulo SP &#8211; 5\u00aa Exposi\u00e7\u00e3o de Belas Artes Brasil-Jap\u00e3o<\/li>\n\n\n\n<li>1981 &#8211; S\u00e3o Paulo SP &#8211; Arte Transcendente, no MAM\/SP<\/li>\n\n\n\n<li>1981 &#8211; S\u00e3o Paulo SP &#8211; Artistas Contempor\u00e2neos Brasileiros, na Galeria de Arte S\u00e3o Paulo<\/li>\n\n\n\n<li>1981 &#8211; S\u00e3o Paulo SP &#8211; Rebolo e os Pintores do Santa Helena, na Dan Galeria<\/li>\n\n\n\n<li>1981 &#8211; T\u00f3quio (Jap\u00e3o) &#8211; 5\u00aa Exposi\u00e7\u00e3o de Belas Artes Brasil-Jap\u00e3o<\/li>\n\n\n\n<li>1982 &#8211; Bauru SP &#8211; 80 Anos de Arte Brasileira<\/li>\n\n\n\n<li>1982 &#8211; Lisboa (Portugal) &#8211; Do Moderno ao Contempor\u00e2neo: Cole\u00e7\u00e3o Gilberto Chateaubriand, no Centro de Arte Moderna Jos\u00e9 de Azeredo Perdig\u00e3o<\/li>\n\n\n\n<li>1982 &#8211; Londres (Inglaterra) &#8211; Brasil 60 Anos de Arte Moderna: Cole\u00e7\u00e3o Gilberto Chateaubriand, na Barbican Art Gallery<\/li>\n\n\n\n<li>1982 &#8211; Mar\u00edlia SP &#8211; 80 Anos de Arte Brasileira<\/li>\n\n\n\n<li>1982 &#8211; Rio de Janeiro RJ &#8211; Futebol: interpreta\u00e7\u00f5es, na Galeria de Arte Banerj<\/li>\n\n\n\n<li>1982 &#8211; Rio de Janeiro RJ &#8211; Que Casa \u00e9 essa da Arte Brasileira<\/li>\n\n\n\n<li>1982 &#8211; Salvador BA &#8211; A Arte Brasileira da Cole\u00e7\u00e3o Odorico Tavares, no Museu Carlos Costa Pinto<\/li>\n\n\n\n<li>1982 &#8211; S\u00e3o Paulo SP &#8211; 80 Anos de Arte Brasileira, no MAB\/Faap<\/li>\n\n\n\n<li>1982 &#8211; S\u00e3o Paulo SP &#8211; Do Modernismo \u00e0 Bienal, no MAM\/SP<\/li>\n\n\n\n<li>1982 &#8211; S\u00e3o Paulo SP &#8211; Marinhas e Ribeirinhas, no Museu Lasar Segall<\/li>\n\n\n\n<li>1983 &#8211; Belo Horizonte MG &#8211; 80 Anos de Arte Brasileira, na Funda\u00e7\u00e3o Cl\u00f3vis Salgado. Pal\u00e1cio das Artes<\/li>\n\n\n\n<li>1983 &#8211; Campinas SP &#8211; 80 Anos de Arte Brasileira, no MACC<\/li>\n\n\n\n<li>1983 &#8211; Curitiba PR &#8211; 80 Anos de Arte Brasileira, no MAC\/PR<\/li>\n\n\n\n<li>1983 &#8211; Ribeir\u00e3o Preto SP &#8211; 80 Anos de Arte Brasileira<\/li>\n\n\n\n<li>1983 &#8211; Santo Andr\u00e9 SP &#8211; 80 Anos de Arte Brasileira, na Prefeitura Municipal de Santo Andr\u00e9<\/li>\n\n\n\n<li>1984 &#8211; Ourinhos SP &#8211; Homenagem a Arte da Gravura no Brasil, na Itaugaleria<\/li>\n\n\n\n<li>1984 &#8211; Rio de Janeiro RJ &#8211; Pintura Brasileira Atuante, no Espa\u00e7o Petrobras<\/li>\n\n\n\n<li>1984 &#8211; S\u00e3o Paulo SP &#8211; Cole\u00e7\u00e3o Gilberto Chateaubriand: retrato e auto-retrato da arte brasileira, no MAM\/SP<\/li>\n\n\n\n<li>1984 &#8211; S\u00e3o Paulo SP &#8211; Tradi\u00e7\u00e3o e Ruptura: s\u00edntese de arte e cultura brasileiras, na Funda\u00e7\u00e3o Bienal<\/li>\n\n\n\n<li>1985 &#8211; Curitiba PR &#8211; Quatro Mestres: quatro vis\u00f5es, na Sim\u00f5es de Assis Galeria de Arte<\/li>\n\n\n\n<li>1985 &#8211; Rio de Janeiro RJ &#8211; 8\u00ba Sal\u00e3o Nacional de Artes Pl\u00e1sticas, no MAM\/RJ<\/li>\n\n\n\n<li>1985 &#8211; Rio de Janeiro RJ &#8211; Encontros, na Petite Galerie<\/li>\n\n\n\n<li>1985 &#8211; Rio de Janeiro RJ &#8211; Obras Raras, na Galeria Ralph Camargo<\/li>\n\n\n\n<li>1985 &#8211; S\u00e3o Paulo SP &#8211; 100 Obras Ita\u00fa, no Masp<\/li>\n\n\n\n<li>1985 &#8211; S\u00e3o Paulo SP &#8211; Destaques da Arte Contempor\u00e2nea Brasileira, no MAM\/SP<\/li>\n\n\n\n<li>1985 &#8211; S\u00e3o Paulo SP &#8211; Osirarte: pinturas sobre azulejo e Volpi, Zanini, Hilde Weber e Gerda Brantani, na Pinacoteca do Estado<\/li>\n\n\n\n<li>1986 &#8211; Rio de Janeiro RJ &#8211; JK e os Anos 50: uma vis\u00e3o da cultura e do cotidiano, na Galeria Investiarte<\/li>\n\n\n\n<li>1986 &#8211; Rio de Janeiro RJ &#8211; Sete D\u00e9cadas da Presen\u00e7a Italiana na Arte Brasileira, no Pa\u00e7o Imperial<\/li>\n\n\n\n<li>1986 &#8211; S\u00e3o Paulo SP &#8211; Retrospectiva 90 Anos<\/li>\n\n\n\n<li>1986 &#8211; S\u00e3o Paulo SP &#8211; Seis Tempos: 80 anos, na Pinacoteca do Estado<\/li>\n\n\n\n<li>1987 &#8211; Paris (Fran\u00e7a) &#8211; Modernidade: arte brasileira do s\u00e9culo XX, no Mus\u00e9e d&#8217;Art Moderne de la Ville de Paris<\/li>\n\n\n\n<li>1987 &#8211; Rio de Janeiro RJ &#8211; Ao Colecionador: homenagem a Gilberto Chateaubriand, na MAM\/RJ<\/li>\n\n\n\n<li>1987 &#8211; S\u00e3o Paulo SP &#8211; 20\u00aa Exposi\u00e7\u00e3o de Arte Contempor\u00e2nea, na Chapel Art Show<\/li>\n\n\n\n<li>1987 &#8211; S\u00e3o Paulo SP &#8211; As Bienais no Acervo do MAC: 1951 a 1985, no MAC\/USP<\/li>\n\n\n\n<li>1987 &#8211; S\u00e3o Paulo SP &#8211; O Of\u00edcio da Arte: pintura, no Sesc<\/li>\n\n\n\n<li>1988 &#8211; Rio de Janeiro RJ &#8211; 2\u00aa Abstra\u00e7\u00e3o Geom\u00e9trica, na Funarte. Centro de Artes<\/li>\n\n\n\n<li>1988 &#8211; S\u00e3o Paulo SP &#8211; Brasiliana: o homem e a terra, na Pinacoteca do Estado<\/li>\n\n\n\n<li>1988 &#8211; S\u00e3o Paulo SP &#8211; MAC 25 anos: destaques da cole\u00e7\u00e3o inicial, no MAC\/USP<\/li>\n\n\n\n<li>1988 &#8211; S\u00e3o Paulo SP &#8211; Modernidade: arte brasileira do s\u00e9culo XX, no MAM\/SP<\/li>\n<\/ul>\n\n\n\n<h2 class=\"wp-block-heading\"><strong>EXPOSI\u00c7\u00d5ES P\u00d3STUMAS<\/strong><\/h2>\n\n\n\n<ul class=\"wp-block-list\">\n<li>1988 &#8211; Rio de Janeiro RJ &#8211; Hedonismo: Cole\u00e7\u00e3o Gilberto Chateaubriand, na Galeria Edif\u00edcio Gilberto Chateaubriand<\/li>\n\n\n\n<li>1988 &#8211; S\u00e3o Paulo SP &#8211; 15 Anos de Exposi\u00e7\u00e3o de Belas Artes Brasil-Jap\u00e3o, na Funda\u00e7\u00e3o Mokiti Okada M.O.A.<\/li>\n\n\n\n<li>1989 &#8211; Copenhague (Dinamarca) &#8211; Os Ritmos e as Formas: arte brasileira contempor\u00e2nea, no Museu Charlottenborg<\/li>\n\n\n\n<li>1989 &#8211; Fortaleza CE &#8211; Arte Brasileira dos S\u00e9culos XIX e XX nas Cole\u00e7\u00f5es Cearenses: pinturas e desenhos, no Espa\u00e7o Cultural Unifor<\/li>\n\n\n\n<li>1989 &#8211; Rio de Janeiro RJ &#8211; Geometria sem Manifesto, no Gabinete de Arte Cleide Wanderley<\/li>\n\n\n\n<li>1990 &#8211; S\u00e3o Paulo SP &#8211; Coer\u00eancia &#8211; Transforma\u00e7\u00e3o, no Gabinete de Arte Raquel Arnaud<\/li>\n\n\n\n<li>1992 &#8211; Paris (Fran\u00e7a) &#8211; Latin American Artists of the Twentieth Century, no Centre Georges Pompidou<\/li>\n\n\n\n<li>1992 &#8211; Po\u00e7os de Caldas MG &#8211; Arte Moderna Brasileira: acervo do Museu de Arte Contempor\u00e2nea da Universidade de S\u00e3o Paulo, na Casa de Cultura<\/li>\n\n\n\n<li>1992 &#8211; Rio de Janeiro RJ &#8211; 1\u00aa A Caminho de Niter\u00f3i: Cole\u00e7\u00e3o Jo\u00e3o Sattamini, no Pa\u00e7o Imperial<\/li>\n\n\n\n<li>1992 &#8211; Rio de Janeiro RJ &#8211; Natureza: quatro s\u00e9culos de arte no Brasil, no CCBB<\/li>\n\n\n\n<li>1992 &#8211; S\u00e3o Paulo SP &#8211; O Olhar de S\u00e9rgio sobre a Arte Brasileira: desenhos e pinturas, na Biblioteca Municipal M\u00e1rio de Andrade<\/li>\n\n\n\n<li>1992 &#8211; S\u00e3o Paulo SP &#8211; Primeiro Anivers\u00e1rio da Grifo Galeria de Arte, na Grifo Galeria de Arte<\/li>\n\n\n\n<li>1992 &#8211; Sevilha (Espanha) &#8211; Latin American Artists of the Twentieth Century, na Estaci\u00f3n Plaza de Armas<\/li>\n\n\n\n<li>1992 &#8211; Zurique (Su\u00ed\u00e7a) &#8211; Brasilien: entdeckung und selbstentdeckung, no Kunsthaus Z\u00fcrich<\/li>\n\n\n\n<li>1993 &#8211; Col\u00f4nia (Alemanha) &#8211; Latin American Artists of the Twentieth Century, no Kunsthalle Cologne<\/li>\n\n\n\n<li>1993 &#8211; Nova York (Estados Unidos) &#8211; Latin American Artists of the Twentieth Century, no MoMA<\/li>\n\n\n\n<li>1993 &#8211; Rio de Janeiro RJ &#8211; Brasil, 100 Anos de Arte Moderna, no MNBA<\/li>\n\n\n\n<li>1993 &#8211; Rio de Janeiro RJ &#8211; Emblemas do Corpo: o nu na arte moderna brasileira, no CCBB<\/li>\n\n\n\n<li>1993 &#8211; S\u00e3o Paulo SP &#8211; 100 Obras-Primas da Cole\u00e7\u00e3o M\u00e1rio de Andrade: pintura e escultura, no IEB\/USP<\/li>\n\n\n\n<li>1993 &#8211; S\u00e3o Paulo SP &#8211; A Arte Brasileira no Mundo, Uma Trajet\u00f3ria: 24 artistas brasileiros, na Dan Galeria<\/li>\n\n\n\n<li>1993 &#8211; S\u00e3o Paulo SP &#8211; O Olhar Italiano sobre S\u00e3o Paulo, na Pinacoteca do Estado<\/li>\n\n\n\n<li>1993 &#8211; S\u00e3o Paulo SP &#8211; Representa\u00e7\u00e3o: presen\u00e7as decisivas, no Pa\u00e7o das Artes<\/li>\n\n\n\n<li>1993 &#8211; S\u00e3o Paulo SP &#8211; Volpi: projetos e estudos, em retrospectiva: as d\u00e9cadas de 40-70, na Pinacoteca do Estado<\/li>\n\n\n\n<li>1994 &#8211; S\u00e3o Paulo SP &#8211; Bienal Brasil S\u00e9culo XX, na Funda\u00e7\u00e3o Bienal<\/li>\n\n\n\n<li>1995 &#8211; Bras\u00edlia DF &#8211; Cole\u00e7\u00f5es de Bras\u00edlia, no Minist\u00e9rio das Rela\u00e7\u00f5es Exteriores. Pal\u00e1cio do Itamaraty<\/li>\n\n\n\n<li>1995 &#8211; S\u00e3o Paulo SP &#8211; O Grupo Santa Helena, no MAM\/SP<\/li>\n\n\n\n<li>1996 &#8211; Barra Mansa RJ &#8211; 12 Nomes da Pintura Brasileira, no Centro Universit\u00e1rio de Barra Mansa<\/li>\n\n\n\n<li>1996 &#8211; Niter\u00f3i RJ &#8211; Arte Contempor\u00e2nea Brasileira na Cole\u00e7\u00e3o Jo\u00e3o Sattamini, no MAC\/Niter\u00f3i<\/li>\n\n\n\n<li>1996 &#8211; Osasco SP &#8211; Expo FIEO: doa\u00e7\u00e3o Luiz Ernesto Kawall, no Centro Universit\u00e1rio Fieo<\/li>\n\n\n\n<li>1996 &#8211; Rio de Janeiro RJ &#8211; O Grupo Santa Helena, no CCBB<\/li>\n\n\n\n<li>1996 &#8211; S\u00e3o Paulo SP &#8211; Arte Brasileira: 50 anos de hist\u00f3ria no acervo MAC\/USP: 1920-1970, no MAC\/USP<\/li>\n\n\n\n<li>1996 &#8211; S\u00e3o Paulo SP &#8211; Desexp(l)os(ign)i\u00e7\u00e3o, na Casa das Rosas<\/li>\n\n\n\n<li>1996 &#8211; S\u00e3o Paulo SP &#8211; Figura e Paisagem no Acervo do MAM: homenagem a Volpi, no MAM\/SP<\/li>\n\n\n\n<li>1996 &#8211; S\u00e3o Paulo SP &#8211; Guignard\/Volpi: centen\u00e1rio de nascimento, no IEB\/USP<\/li>\n\n\n\n<li>1996 &#8211; S\u00e3o Paulo SP &#8211; O Mundo de Mario Schenberg, na Casa das Rosas<\/li>\n\n\n\n<li>1996 &#8211; S\u00e3o Paulo SP &#8211; Volpi 100 Anos, na Galeria Grossman<\/li>\n\n\n\n<li>1996 &#8211; S\u00e3o Paulo SP &#8211; Volpi no Acervo do MAC, no MAC\/USP<\/li>\n\n\n\n<li>1996 &#8211; S\u00e3o Paulo SP &#8211; Volpi no Acervo do MAC, no MAC\/USP<\/li>\n\n\n\n<li>1997 &#8211; Bras\u00edlia DF &#8211; Poetas do Espa\u00e7o e da Cor, no Museu de Arte de Bras\u00edlia<\/li>\n\n\n\n<li>1997 &#8211; Porto Alegre RS &#8211; Exposi\u00e7\u00e3o do Acervo da Caixa, no Conjunto Cultural da Caixa<\/li>\n\n\n\n<li>1997 &#8211; Porto Alegre RS &#8211; Exposi\u00e7\u00e3o Paralela, no Museu da Caixa Econ\u00f4mica Federal<\/li>\n\n\n\n<li>1997 &#8211; Rio de Janeiro RJ &#8211; Poetas do Espa\u00e7o e da Cor, no MAM\/RJ<\/li>\n\n\n\n<li>1997 &#8211; S\u00e3o Paulo SP &#8211; Apropria\u00e7\u00f5es Antropof\u00e1gicas, no Ita\u00fa Cultural<\/li>\n\n\n\n<li>1997 &#8211; S\u00e3o Paulo SP &#8211; Exposi\u00e7\u00e3o do Acervo da Caixa, no Conjunto Cultural da Caixa<\/li>\n\n\n\n<li>1997 &#8211; S\u00e3o Paulo SP &#8211; Grandes Nomes da Pintura Brasileira, na Jo Slaviero Galeria de Arte<\/li>\n\n\n\n<li>1997 &#8211; S\u00e3o Paulo SP &#8211; Poetas do Espa\u00e7o e da Cor, no Masp<\/li>\n\n\n\n<li>1998 &#8211; Bras\u00edlia DF &#8211; Brasileiro que nem Eu, que nem Quem?, no Minist\u00e9rio das Rela\u00e7\u00f5es Exteriores<\/li>\n\n\n\n<li>1998 &#8211; Curitiba PR &#8211; Exposi\u00e7\u00e3o do Acervo da Caixa, no Conjunto Cultural da Caixa<\/li>\n\n\n\n<li>1998 &#8211; Rio de Janeiro RJ &#8211; Arte Brasileira no Acervo do Museu de Arte Moderna de S\u00e3o Paulo: doa\u00e7\u00f5es recentes 1996-1998, no CCBB<\/li>\n\n\n\n<li>1998 &#8211; Rio de Janeiro RJ &#8211; Exposi\u00e7\u00e3o do Acervo da Caixa, no Conjunto Cultural da Caixa<\/li>\n\n\n\n<li>1998 &#8211; S\u00e3o Paulo SP &#8211; 24\u00aa Bienal Internacional de S\u00e3o Paulo, na Funda\u00e7\u00e3o Bienal<\/li>\n\n\n\n<li>1998 &#8211; S\u00e3o Paulo SP &#8211; A Arte de Expor Arte, no MAM\/SP<\/li>\n\n\n\n<li>1998 &#8211; S\u00e3o Paulo SP &#8211; Arte Construtiva no Brasil: Cole\u00e7\u00e3o Adolpho Leirner, no MAM\/SP<\/li>\n\n\n\n<li>1998 &#8211; S\u00e3o Paulo SP &#8211; Cole\u00e7\u00e3o MAM Bahia: pinturas, no MAM\/SP<\/li>\n\n\n\n<li>1998 &#8211; S\u00e3o Paulo SP &#8211; Iconografia Paulistana em Cole\u00e7\u00f5es Particulares, no Museu da Casa Brasileira<\/li>\n\n\n\n<li>1998 &#8211; S\u00e3o Paulo SP &#8211; Impress\u00f5es: a arte da gravura brasileira, no Espa\u00e7o Cultural Banespa-Paulista<\/li>\n\n\n\n<li>1998 &#8211; S\u00e3o Paulo SP &#8211; O Colecionador, no MAM\/SP<\/li>\n\n\n\n<li>1998 &#8211; S\u00e3o Paulo SP &#8211; O Moderno e o Contempor\u00e2neo na Arte Brasileira: Cole\u00e7\u00e3o Gilberto Chateaubriand &#8211; MAM\/RJ, no Masp<\/li>\n\n\n\n<li>1998 &#8211; S\u00e3o Paulo SP &#8211; Teoria dos Valores, no MAM\/SP<\/li>\n\n\n\n<li>1999 &#8211; Niter\u00f3i RJ &#8211; Mostra Rio Gravura: Acervo Banerj, no Museu do Ing\u00e1<\/li>\n\n\n\n<li>1999 &#8211; Rio de Janeiro RJ &#8211; Arte Construtiva no Brasil: Cole\u00e7\u00e3o Adolpho Leirner, no MAM\/RJ<\/li>\n\n\n\n<li>1999 &#8211; Rio de Janeiro RJ &#8211; Volpi e Sued, na Galeria de Arte Ipanema<\/li>\n\n\n\n<li>1999 &#8211; Salvador BA &#8211; 60 Anos de Arte Brasileira, no Espa\u00e7o Cultural da Caixa Econ\u00f4mica Federal<\/li>\n\n\n\n<li>1999 &#8211; S\u00e3o Paulo SP &#8211; 26\u00ba Panorama de Arte Brasileira, no MAM\/SP<\/li>\n\n\n\n<li>1999 &#8211; S\u00e3o Paulo SP &#8211; A Figura Feminina no Acervo do MAB, no MAB\/Faap<\/li>\n\n\n\n<li>1999 &#8211; S\u00e3o Paulo SP &#8211; Arte Brasileira, S\u00e9culo XX: di\u00e1logos com Dufy, no MAM\/SP&#8217;<\/li>\n\n\n\n<li>1999 &#8211; S\u00e3o Paulo SP &#8211; Brasileiro que nem Eu, que nem Quem?, no MAB\/Faap<\/li>\n\n\n\n<li>1999 &#8211; S\u00e3o Paulo SP &#8211; Cotidiano\/Arte. O Consumo, no Ita\u00fa Cultural<\/li>\n\n\n\n<li>1999 &#8211; S\u00e3o Paulo SP &#8211; O Brasil no S\u00e9culo da Arte, na Galeria de Arte do Sesi<\/li>\n\n\n\n<li>1999 &#8211; S\u00e3o Paulo SP &#8211; Os \u00cdtalos e os Brasileiros na Arte do Entre Guerras, na Pinacoteca do Estado<\/li>\n\n\n\n<li>1999 &#8211; S\u00e3o Paulo SP &#8211; Volpi: obras selecionadas, d\u00e9cadas de 40\/50\/60\/70\/80, no Escrit\u00f3rio de Arte Sylvio Nery da Fonseca<\/li>\n\n\n\n<li>2000 &#8211; Belo Horizonte MG &#8211; Ars Brasilis, no Minas T\u00eanis Clube. Galeria de Arte<\/li>\n\n\n\n<li>2000 &#8211; Bras\u00edlia DF &#8211; Exposi\u00e7\u00e3o Brasil Europa: encontros no s\u00e9culo XX, no Conjunto Cultural da Caixa<\/li>\n\n\n\n<li>2000 &#8211; Fortaleza CE &#8211; 26\u00ba Panorama de Arte Brasileira, no Centro Drag\u00e3o do Mar de Arte e Cultura<\/li>\n\n\n\n<li>2000 &#8211; Lisboa (Portugal) &#8211; S\u00e9culo 20: arte do Brasil, no Centro de Arte Moderna Jos\u00e9 de Azeredo Perdig\u00e3o<\/li>\n\n\n\n<li>2000 &#8211; Niter\u00f3i RJ &#8211; 26\u00ba Panorama de Arte Brasileira, no MAC\/Niter\u00f3i<\/li>\n\n\n\n<li>2000 &#8211; S\u00e3o Paulo &#8211; A Figura Feminina no Acervo do MAB, no MAB\/Faap<\/li>\n\n\n\n<li>2000 &#8211; S\u00e3o Paulo SP &#8211; 7\u00ba Sal\u00e3o de Arte e Antiguidades, na Galeria A Hebraica<\/li>\n\n\n\n<li>2000 &#8211; S\u00e3o Paulo SP &#8211; Brasil + 500 Mostra do Redescobrimento, na Funda\u00e7\u00e3o Biena<\/li>\n\n\n\n<li>2000 &#8211; S\u00e3o Paulo SP &#8211; Brasil Sobre Papel: matizes e viv\u00eancias, no Espa\u00e7o de Artes Unicid<\/li>\n\n\n\n<li>2000 &#8211; S\u00e3o Paulo SP &#8211; Grupo Santa Helena, na Jo Slaviero Galeria de Arte<\/li>\n\n\n\n<li>2000 &#8211; S\u00e3o Paulo SP &#8211; Os Anjos Est\u00e3o de Volta, na Pinacoteca do Estado<\/li>\n\n\n\n<li>2000 &#8211; Val\u00eancia (Espanha) &#8211; De la Antropofagia a Brasil\u00eda: Brasil 1920-1950, no IVAM. Centre Julio Gonz\u00e1les<\/li>\n\n\n\n<li>2001 &#8211; Nova York (Estados Unidos) &#8211; Brazil: body and soul, no Solomon R. Guggenheim Museum<\/li>\n\n\n\n<li>2001 &#8211; Porto Alegre RS &#8211; Cole\u00e7\u00e3o Liba e Rubem Knijnik: arte brasileira contempor\u00e2nea, no Margs<\/li>\n\n\n\n<li>2001 &#8211; Rio de Janeiro RJ &#8211; Acervo da Arte Carioca, na Galeria de Arte Ipanema<\/li>\n\n\n\n<li>2001 &#8211; S\u00e3o Paulo SP &#8211; 4 D\u00e9cadas, na Nova Andr\u00e9 Galeria<\/li>\n\n\n\n<li>2001 &#8211; S\u00e3o Paulo SP &#8211; A Cor na Arte Brasileira, no MAM\/SP<\/li>\n\n\n\n<li>2001 &#8211; S\u00e3o Paulo SP &#8211; Cole\u00e7\u00e3o Aldo Franco, na Pinacoteca do Estado<\/li>\n\n\n\n<li>2001 &#8211; S\u00e3o Paulo SP &#8211; Museu de Arte Brasileira: 40 anos, no MAB\/Faap<\/li>\n\n\n\n<li>2001 &#8211; S\u00e3o Paulo SP &#8211; Trajet\u00f3ria da Luz na Arte Brasileira, no Ita\u00fa Cultural<\/li>\n\n\n\n<li>2001 &#8211; Uberl\u00e2ndia MG &#8211; Gravuras Brasileiras do Acervo do MUnA: anos 60, 70, e 80, no Museu Universit\u00e1rio de Arte<\/li>\n\n\n\n<li>2002 &#8211; Bras\u00edlia DF &#8211; JK &#8211; Uma Aventura Est\u00e9tica, no Conjunto Cultural da Caixa<\/li>\n\n\n\n<li>2002 &#8211; Porto Alegre RS &#8211; Desenhos, Gravuras, Esculturas e Aquarelas, na Garagem de Arte<\/li>\n\n\n\n<li>2002 &#8211; Rio de Janeiro RJ &#8211; Arte Brasileira na Cole\u00e7\u00e3o Fadel: da inquieta\u00e7\u00e3o do moderno \u00e0 autonomia da linguagem, no CCBB<\/li>\n\n\n\n<li>2002 &#8211; Rio de Janeiro RJ &#8211; Caminhos do Contempor\u00e2neo 1952-2002, no Pa\u00e7o Imperial<\/li>\n\n\n\n<li>2002 &#8211; Rio de Janeiro RJ &#8211; Paralelos: arte brasileira da segunda metade do s\u00e9culo XX em contexto, Collecci\u00f3n Cisneros, no MAM\/RJ<\/li>\n\n\n\n<li>2002 &#8211; S\u00e3o Paulo SP &#8211; 28 (+) Pintura, no Espa\u00e7o Virg\u00edlio<\/li>\n\n\n\n<li>2002 &#8211; S\u00e3o Paulo SP &#8211; Arte Brasileira na Cole\u00e7\u00e3o Fadel: da inquieta\u00e7\u00e3o do moderno \u00e0 autonomia da linguagem, no CCBB<\/li>\n\n\n\n<li>2002 &#8211; S\u00e3o Paulo SP &#8211; Arte e Pol\u00edtica, no MAM\/SP<\/li>\n\n\n\n<li>2002 &#8211; S\u00e3o Paulo SP &#8211; Da Antropofagia a Bras\u00edlia: Brasil 1920-1950, no MAB\/Faap<\/li>\n\n\n\n<li>2002 &#8211; S\u00e3o Paulo SP &#8211; Espelho Selvagem: arte moderna no Brasil da primeira metade do s\u00e9culo XX, Cole\u00e7\u00e3o Nemirovsky, no MAM\/SP<\/li>\n\n\n\n<li>2002 &#8211; S\u00e3o Paulo SP &#8211; Geom\u00e9tricos e Cin\u00e9ticos, no Gabinete de Arte Raquel Arnaud<\/li>\n\n\n\n<li>2002 &#8211; S\u00e3o Paulo SP &#8211; Modernismo: da Semana de 22 \u00e0 se\u00e7\u00e3o de arte de S\u00e9rgio Milliet, no CCSP<\/li>\n\n\n\n<li>2002 &#8211; S\u00e3o Paulo SP &#8211; Oper\u00e1rios na Paulista: MAC-USP e os artistas artes\u00e3os, na Galeria de Arte do Sesi<\/li>\n\n\n\n<li>2002 &#8211; S\u00e3o Paulo SP &#8211; Paralelos: arte brasileira da segunda metade do s\u00e9culo XX em contexto, Colecci\u00f3n Cisneros, no MAM\/SP<\/li>\n\n\n\n<li>2003 &#8211; Bel\u00e9m PA &#8211; 22\u00ba Sal\u00e3o Arte Par\u00e1, no Museu de Arte do Par\u00e1<\/li>\n\n\n\n<li>2003 &#8211; Bras\u00edlia DF &#8211; Arte Brasileira na Cole\u00e7\u00e3o Fadel: da inquieta\u00e7\u00e3o do moderno \u00e0 autonomia da linguagem, no CCBB<\/li>\n\n\n\n<li>2003 &#8211; Buenos Aires (Argentina) &#8211; Geo-Metrias: abastracci\u00f3n geom\u00e9trica latinoamericana en la Colecci\u00f3n Cisneros, no Malba<\/li>\n\n\n\n<li>2003 &#8211; Cidade do M\u00e9xico (M\u00e9xico) &#8211; Cuasi Corpus: arte concreto y neoconcreto de Brasil: una selecci\u00f3n del acervo del Museo de Arte Moderna de S\u00e3o Paulo y la Colecci\u00f3n Adolpho Leirner, no Museo Rufino Tamayo<\/li>\n\n\n\n<li>2003 &#8211; Rio de Janeiro RJ &#8211; Ordem x Liberdade, no MAM\/RJ<\/li>\n\n\n\n<li>2003 &#8211; Rio de Janeiro RJ &#8211; Tesouros da Caixa: arte moderna brasileira no acervo da Caixa, no Conjunto Cultural da Caixa<\/li>\n\n\n\n<li>2003 &#8211; S\u00e3o Paulo SP &#8211; A Arte Atr\u00e1s da Arte: onde ficam e como viajam as obras de arte, no MAM\/SP<\/li>\n\n\n\n<li>2003 &#8211; S\u00e3o Paulo SP &#8211; Arte e Sociedade: uma rela\u00e7\u00e3o pol\u00eamica, no Ita\u00fa Cultural<\/li>\n\n\n\n<li>2003 &#8211; S\u00e3o Paulo SP &#8211; MAC USP 40 Anos: interfaces contempor\u00e2neas, no MAC\/USP<\/li>\n\n\n\n<li>2003 &#8211; S\u00e3o Paulo SP &#8211; Tomie Ohtake na Trama Espiritual da Arte Brasileira, no Instituto Tomie Ohtake<\/li>\n\n\n\n<li>2003 &#8211; S\u00e3o Paulo SP &#8211; Um S\u00f3 Cora\u00e7\u00e3o, no MAM\/SP<\/li>\n\n\n\n<li>2003 &#8211; Rio de Janeiro &#8211; Volpi Retrospectiva &#8211; Galeria de Arte Ipanema<\/li>\n\n\n\n<li>2004 &#8211; Rio de Janeiro RJ &#8211; Tomie Ohtake na Trama Espiritual da Arte Brasileira, no MNBA<\/li>\n\n\n\n<li>2004 &#8211; S\u00e3o Paulo SP &#8211; Gabinete de Papel, no CCSP<\/li>\n\n\n\n<li>2004 &#8211; S\u00e3o Paulo SP &#8211; Mestres do Modernismo, na Esta\u00e7\u00e3o Pinacotec<\/li>\n\n\n\n<li>2005 &#8211; Rio de Janeiro RJ &#8211; Soto: a constru\u00e7\u00e3o da imaterialidade, no CCBB<\/li>\n\n\n\n<li>2006 &#8211; S\u00e3o Paulo &#8211; SP &#8211; Volpi &#8211; A M\u00fasica da cor &#8211; MAM SP<\/li>\n\n\n\n<li>2006 &#8211; Aracaju \u2013 SE \u2013 \u201cAlfredo Volpi: M\u00faltiplas Faces\u201d \u2013 Mostra Itinerante \u2013 Galeria de Arte do Sesc &#8211; Centro &#8211; 17 de Novembro a 15 de dezembro<\/li>\n\n\n\n<li>2007 &#8211; Buenos Aires &#8211; Argentina &#8211; Museu de Arte Latino-americana de Buenos Aires (Malba)<\/li>\n\n\n\n<li>2007 &#8211; Curitiba \u2013 PR &#8211; Museu Oscar Niemeyer &#8211; \u201cVolpi \u2014 O mestre de sua \u00e9poca\u201d \u2013 28 de Junho a 30 de Setembro. (Individual)<\/li>\n\n\n\n<li>2007 &#8211; S\u00e3o Paulo \u2013 SP \u2013 MASP &#8211; &#8220;Arte e Ousadia &#8211; o Brasil na Cole\u00e7\u00e3o Sattamini&#8221; &#8211; 29 de agosto a 28 de outubro. (Coletiva)<\/li>\n\n\n\n<li>2007 &#8211; Joinville \u2013 SC \u2013 Museu de Arte de Joinville \u2013 \u201cAlfredo Volpi: M\u00faltiplas Faces\u201d<\/li>\n\n\n\n<li>2008 &#8211; S\u00e3o Paulo \u2013 SP \u2013 IAC &#8211; Instituto de Arte Contempor\u00e2nea \u2013 \u201cAbsor\u00e7\u00e3o e Intimismo em Volpi\u201d \u2013 15 de outubro de 2008 a 25 de janeiro de 2009.<\/li>\n\n\n\n<li>2009 &#8211; Teresina \u2013 PI &#8211; Galeria da Casa de Cultura \/ SESC &#8211; \u201cAlfredo Volpi: M\u00faltiplas Faces\u201d \u2013 Mostra Itinerante \u2013 13 a 30 de Abril.<\/li>\n\n\n\n<li>2009 &#8211; Rio de Janeiro \u2013 RJ \u2013 Instituto Moreira Salles (IMS) \u2013 \u201cVolpi: dimens\u00f5es da cor\u201d \u2013 28 de abril a 05 de julho de 2009<\/li>\n<\/ul>","protected":false},"excerpt":{"rendered":"<p>BIOGRAFIA Alfredo Volpi (Lucca It\u00e1lia 1896 &#8211; S\u00e3o Paulo SP 1988). Pintor. Muda-se com os pais para S\u00e3o Paulo em 1897 e, ainda crian\u00e7a, estuda na Escola Profissional Masculina do Br\u00e1s. Mais tarde trabalha como marceneiro, entalhador e encadernador. Em 1911, torna-se pintor decorador e come\u00e7a a pintar sobre madeiras e telas. Na d\u00e9cada de &hellip; <\/p>\n<p class=\"link-more\"><a href=\"https:\/\/galeria-ipanema.com\/en\/alfredo-volpi\/\" class=\"more-link\">Continue reading<span class=\"screen-reader-text\"> &#8220;Alfredo Volpi&#8221;<\/span><\/a><\/p>","protected":false},"author":178370742,"featured_media":0,"parent":0,"menu_order":0,"comment_status":"closed","ping_status":"closed","template":"","meta":{"_coblocks_attr":"","_coblocks_dimensions":"","_coblocks_responsive_height":"","_coblocks_accordion_ie_support":"","_crdt_document":"","advanced_seo_description":"","jetpack_seo_html_title":"","jetpack_seo_noindex":false,"footnotes":""},"class_list":["post-1877","page","type-page","status-publish","hentry"],"jetpack_likes_enabled":false,"jetpack_sharing_enabled":false,"jetpack_shortlink":"https:\/\/wp.me\/PbBA92-uh","amp_enabled":true,"_links":{"self":[{"href":"https:\/\/galeria-ipanema.com\/en\/wp-json\/wp\/v2\/pages\/1877","targetHints":{"allow":["GET"]}}],"collection":[{"href":"https:\/\/galeria-ipanema.com\/en\/wp-json\/wp\/v2\/pages"}],"about":[{"href":"https:\/\/galeria-ipanema.com\/en\/wp-json\/wp\/v2\/types\/page"}],"author":[{"embeddable":true,"href":"https:\/\/galeria-ipanema.com\/en\/wp-json\/wp\/v2\/users\/178370742"}],"replies":[{"embeddable":true,"href":"https:\/\/galeria-ipanema.com\/en\/wp-json\/wp\/v2\/comments?post=1877"}],"version-history":[{"count":4,"href":"https:\/\/galeria-ipanema.com\/en\/wp-json\/wp\/v2\/pages\/1877\/revisions"}],"predecessor-version":[{"id":4824,"href":"https:\/\/galeria-ipanema.com\/en\/wp-json\/wp\/v2\/pages\/1877\/revisions\/4824"}],"wp:attachment":[{"href":"https:\/\/galeria-ipanema.com\/en\/wp-json\/wp\/v2\/media?parent=1877"}],"curies":[{"name":"wp","href":"https:\/\/api.w.org\/{rel}","templated":true}]}}